{"id":9761,"date":"2025-10-16T05:27:39","date_gmt":"2025-10-16T05:27:39","guid":{"rendered":"https:\/\/dihse.es\/?page_id=9761"},"modified":"2025-12-17T11:39:19","modified_gmt":"2025-12-17T11:39:19","slug":"latidos-de-la-silver-economy","status":"publish","type":"page","link":"https:\/\/dihse.es\/es\/latidos-de-la-silver-economy\/","title":{"rendered":"12 latidos de la Silver Economy"},"content":{"rendered":"\t\t<div data-elementor-type=\"wp-page\" data-elementor-id=\"9761\" class=\"elementor elementor-9761 elementor-9749\" data-elementor-post-type=\"page\">\n\t\t\t\t\t\t\t<div class=\"elementor-element elementor-element-bc3d0ec e-flex e-con-boxed e-con e-parent\" data-id=\"bc3d0ec\" data-element_type=\"container\" data-settings=\"{&quot;content_width&quot;:&quot;boxed&quot;}\" data-core-v316-plus=\"true\">\n\t\t\t\t\t<div class=\"e-con-inner\">\n\t\t\t\t<div class=\"elementor-element elementor-element-4ff6c31 elementor-skin-carousel elementor-arrows-yes elementor-pagination-type-bullets elementor-pagination-position-outside elementor-widget elementor-widget-media-carousel\" data-id=\"4ff6c31\" data-element_type=\"widget\" data-settings=\"{&quot;skin&quot;:&quot;carousel&quot;,&quot;effect&quot;:&quot;slide&quot;,&quot;show_arrows&quot;:&quot;yes&quot;,&quot;pagination&quot;:&quot;bullets&quot;,&quot;speed&quot;:500,&quot;autoplay&quot;:&quot;yes&quot;,&quot;autoplay_speed&quot;:5000,&quot;loop&quot;:&quot;yes&quot;,&quot;pause_on_hover&quot;:&quot;yes&quot;,&quot;pause_on_interaction&quot;:&quot;yes&quot;,&quot;space_between&quot;:{&quot;unit&quot;:&quot;px&quot;,&quot;size&quot;:10,&quot;sizes&quot;:[]},&quot;space_between_tablet&quot;:{&quot;unit&quot;:&quot;px&quot;,&quot;size&quot;:10,&quot;sizes&quot;:[]},&quot;space_between_mobile&quot;:{&quot;unit&quot;:&quot;px&quot;,&quot;size&quot;:10,&quot;sizes&quot;:[]}}\" data-widget_type=\"media-carousel.default\">\n\t\t\t\t<div class=\"elementor-widget-container\">\n\t\t\t<link rel=\"stylesheet\" href=\"https:\/\/dihse.es\/wp-content\/plugins\/elementor-pro\/assets\/css\/widget-carousel.min.css\">\t\t<div class=\"elementor-swiper\">\n\t\t\t<div class=\"elementor-main-swiper swiper\">\n\t\t\t\t<div class=\"swiper-wrapper\">\n\t\t\t\t\t\t\t\t\t\t\t<div class=\"swiper-slide\">\n\t\t\t\t\t\t\t<a href=\"https:\/\/www.youtube.com\/watch?v=D6DMolAwxuA\">\t\t<div class=\"elementor-carousel-image\" role=\"img\" aria-label=\"LIBRO BLANCO. ANA S\u00c1NCHEZ\" style=\"background-image: url(&#039;https:\/\/dihse.es\/wp-content\/uploads\/2025\/12\/Captura-de-pantalla-2025-12-02-a-las-11.31.39.png&#039;)\">\n\n\t\t\t\n\t\t\t\t\t<\/div>\n\t\t<\/a>\t\t\t\t\t\t<\/div>\n\t\t\t\t\t\t\t\t\t\t\t<div class=\"swiper-slide\">\n\t\t\t\t\t\t\t<a href=\"https:\/\/www.youtube.com\/watch?v=pm873ov-kDo\">\t\t<div class=\"elementor-carousel-image\" role=\"img\" aria-label=\"LIBRO BLANCO. ANA GALVAO\" style=\"background-image: url(&#039;https:\/\/dihse.es\/wp-content\/uploads\/2025\/12\/Captura-de-pantalla-2025-12-02-a-las-11.33.17.png&#039;)\">\n\n\t\t\t\n\t\t\t\t\t<\/div>\n\t\t<\/a>\t\t\t\t\t\t<\/div>\n\t\t\t\t\t\t\t\t\t\t\t<div class=\"swiper-slide\">\n\t\t\t\t\t\t\t<a href=\"https:\/\/www.youtube.com\/watch?v=poEswnR354Q\">\t\t<div class=\"elementor-carousel-image\" role=\"img\" aria-label=\"LIBRO BLANCO. INMA HOME DOCTOR\" style=\"background-image: url(&#039;https:\/\/dihse.es\/wp-content\/uploads\/2025\/12\/Captura-de-pantalla-2025-12-02-a-las-11.34.40.png&#039;)\">\n\n\t\t\t\n\t\t\t\t\t<\/div>\n\t\t<\/a>\t\t\t\t\t\t<\/div>\n\t\t\t\t\t\t\t\t\t\t\t<div class=\"swiper-slide\">\n\t\t\t\t\t\t\t<a href=\"https:\/\/www.youtube.com\/watch?v=CgwyeOwc3yA\">\t\t<div class=\"elementor-carousel-image\" role=\"img\" aria-label=\"LIBRO BLANCO. Sonia Fertuzinhos\" style=\"background-image: url(&#039;https:\/\/dihse.es\/wp-content\/uploads\/2025\/12\/Captura-de-pantalla-2025-12-02-a-las-11.36.20.png&#039;)\">\n\n\t\t\t\n\t\t\t\t\t<\/div>\n\t\t<\/a>\t\t\t\t\t\t<\/div>\n\t\t\t\t\t\t\t\t\t\t\t<div class=\"swiper-slide\">\n\t\t\t\t\t\t\t<a href=\"https:\/\/www.youtube.com\/watch?v=3Zp6Gng2haQ\">\t\t<div class=\"elementor-carousel-image\" role=\"img\" aria-label=\"LIBRO BLANCO. KWIDO\" style=\"background-image: url(&#039;https:\/\/dihse.es\/wp-content\/uploads\/2025\/12\/Captura-de-pantalla-2025-12-02-a-las-11.41.28.png&#039;)\">\n\n\t\t\t\n\t\t\t\t\t<\/div>\n\t\t<\/a>\t\t\t\t\t\t<\/div>\n\t\t\t\t\t\t\t\t\t\t\t<div class=\"swiper-slide\">\n\t\t\t\t\t\t\t<a href=\"https:\/\/www.youtube.com\/watch?v=M4qthMO_LoY\">\t\t<div class=\"elementor-carousel-image\" role=\"img\" aria-label=\"LIBRO BLANCO. EXRCISER\" style=\"background-image: url(&#039;https:\/\/dihse.es\/wp-content\/uploads\/2025\/12\/Captura-de-pantalla-2025-12-02-a-las-11.42.54.png&#039;)\">\n\n\t\t\t\n\t\t\t\t\t<\/div>\n\t\t<\/a>\t\t\t\t\t\t<\/div>\n\t\t\t\t\t\t\t\t\t\t\t<div class=\"swiper-slide\">\n\t\t\t\t\t\t\t<a href=\"https:\/\/www.youtube.com\/watch?v=fIjrpnzIZ78\">\t\t<div class=\"elementor-carousel-image\" role=\"img\" aria-label=\"LIBRO BLANCO. HOME DOCTOR\" style=\"background-image: url(&#039;https:\/\/dihse.es\/wp-content\/uploads\/2025\/12\/Captura-de-pantalla-2025-12-02-a-las-11.45.25.png&#039;)\">\n\n\t\t\t\n\t\t\t\t\t<\/div>\n\t\t<\/a>\t\t\t\t\t\t<\/div>\n\t\t\t\t\t\t\t\t\t<\/div>\n\t\t\t\t\t\t\t\t\t\t\t\t\t\t\t<div class=\"swiper-pagination\"><\/div>\n\t\t\t\t\t\t\t\t\t\t\t\t\t\t\t\t<div class=\"elementor-swiper-button elementor-swiper-button-prev\" role=\"button\" tabindex=\"0\">\n\t\t\t\t\t\t\t<svg aria-hidden=\"true\" class=\"e-font-icon-svg e-eicon-chevron-left\" viewBox=\"0 0 1000 1000\" xmlns=\"http:\/\/www.w3.org\/2000\/svg\"><path d=\"M646 125C629 125 613 133 604 142L308 442C296 454 292 471 292 487 292 504 296 521 308 533L604 854C617 867 629 875 646 875 663 875 679 871 692 858 704 846 713 829 713 812 713 796 708 779 692 767L438 487 692 225C700 217 708 204 708 187 708 171 704 154 692 142 675 129 663 125 646 125Z\"><\/path><\/svg>\t\t\t\t\t\t\t<span class=\"elementor-screen-only\">Previous<\/span>\n\t\t\t\t\t\t<\/div>\n\t\t\t\t\t\t<div class=\"elementor-swiper-button elementor-swiper-button-next\" role=\"button\" tabindex=\"0\">\n\t\t\t\t\t\t\t<svg aria-hidden=\"true\" class=\"e-font-icon-svg e-eicon-chevron-right\" viewBox=\"0 0 1000 1000\" xmlns=\"http:\/\/www.w3.org\/2000\/svg\"><path d=\"M696 533C708 521 713 504 713 487 713 471 708 454 696 446L400 146C388 133 375 125 354 125 338 125 325 129 313 142 300 154 292 171 292 187 292 204 296 221 308 233L563 492 304 771C292 783 288 800 288 817 288 833 296 850 308 863 321 871 338 875 354 875 371 875 388 867 400 854L696 533Z\"><\/path><\/svg>\t\t\t\t\t\t\t<span class=\"elementor-screen-only\">Next<\/span>\n\t\t\t\t\t\t<\/div>\n\t\t\t\t\t\t\t\t\t\t\t\t<\/div>\n\t\t<\/div>\n\t\t\t\t<\/div>\n\t\t\t\t<\/div>\n\t\t\t\t\t<\/div>\n\t\t\t\t<\/div>\n\t\t<div class=\"elementor-element elementor-element-172139c e-flex e-con-boxed e-con e-parent\" data-id=\"172139c\" data-element_type=\"container\" data-settings=\"{&quot;content_width&quot;:&quot;boxed&quot;}\" data-core-v316-plus=\"true\">\n\t\t\t\t\t<div class=\"e-con-inner\">\n\t\t\t\t<div class=\"elementor-element elementor-element-7e70b68 elementor-widget elementor-widget-accordion\" data-id=\"7e70b68\" data-element_type=\"widget\" data-widget_type=\"accordion.default\">\n\t\t\t\t<div class=\"elementor-widget-container\">\n\t\t\t<style>\/*! elementor - v3.18.0 - 20-12-2023 *\/\n.elementor-accordion{text-align:left}.elementor-accordion .elementor-accordion-item{border:1px solid #d5d8dc}.elementor-accordion .elementor-accordion-item+.elementor-accordion-item{border-top:none}.elementor-accordion .elementor-tab-title{margin:0;padding:15px 20px;font-weight:700;line-height:1;cursor:pointer;outline:none}.elementor-accordion .elementor-tab-title .elementor-accordion-icon{display:inline-block;width:1.5em}.elementor-accordion .elementor-tab-title .elementor-accordion-icon svg{width:1em;height:1em}.elementor-accordion .elementor-tab-title .elementor-accordion-icon.elementor-accordion-icon-right{float:right;text-align:right}.elementor-accordion .elementor-tab-title .elementor-accordion-icon.elementor-accordion-icon-left{float:left;text-align:left}.elementor-accordion .elementor-tab-title .elementor-accordion-icon .elementor-accordion-icon-closed{display:block}.elementor-accordion .elementor-tab-title .elementor-accordion-icon .elementor-accordion-icon-opened,.elementor-accordion .elementor-tab-title.elementor-active .elementor-accordion-icon-closed{display:none}.elementor-accordion .elementor-tab-title.elementor-active .elementor-accordion-icon-opened{display:block}.elementor-accordion .elementor-tab-content{display:none;padding:15px 20px;border-top:1px solid #d5d8dc}@media (max-width:767px){.elementor-accordion .elementor-tab-title{padding:12px 15px}.elementor-accordion .elementor-tab-title .elementor-accordion-icon{width:1.2em}.elementor-accordion .elementor-tab-content{padding:7px 15px}}.e-con-inner>.elementor-widget-accordion,.e-con>.elementor-widget-accordion{width:var(--container-widget-width);--flex-grow:var(--container-widget-flex-grow)}<\/style>\t\t<div class=\"elementor-accordion\">\n\t\t\t\t\t\t\t<div class=\"elementor-accordion-item\">\n\t\t\t\t\t<div id=\"elementor-tab-title-1321\" class=\"elementor-tab-title\" data-tab=\"1\" role=\"button\" aria-controls=\"elementor-tab-content-1321\" aria-expanded=\"false\">\n\t\t\t\t\t\t\t\t\t\t\t\t\t<span class=\"elementor-accordion-icon elementor-accordion-icon-left\" aria-hidden=\"true\">\n\t\t\t\t\t\t\t\t\t\t\t\t\t\t\t<span class=\"elementor-accordion-icon-closed\"><svg class=\"e-font-icon-svg e-fas-chevron-down\" viewBox=\"0 0 448 512\" xmlns=\"http:\/\/www.w3.org\/2000\/svg\"><path d=\"M207.029 381.476L12.686 187.132c-9.373-9.373-9.373-24.569 0-33.941l22.667-22.667c9.357-9.357 24.522-9.375 33.901-.04L224 284.505l154.745-154.021c9.379-9.335 24.544-9.317 33.901.04l22.667 22.667c9.373 9.373 9.373 24.569 0 33.941L240.971 381.476c-9.373 9.372-24.569 9.372-33.942 0z\"><\/path><\/svg><\/span>\n\t\t\t\t\t\t\t\t<span class=\"elementor-accordion-icon-opened\"><svg class=\"e-font-icon-svg e-fas-minus\" viewBox=\"0 0 448 512\" xmlns=\"http:\/\/www.w3.org\/2000\/svg\"><path d=\"M416 208H32c-17.67 0-32 14.33-32 32v32c0 17.67 14.33 32 32 32h384c17.67 0 32-14.33 32-32v-32c0-17.67-14.33-32-32-32z\"><\/path><\/svg><\/span>\n\t\t\t\t\t\t\t\t\t\t\t\t\t\t<\/span>\n\t\t\t\t\t\t\t\t\t\t\t\t<a class=\"elementor-accordion-title\" tabindex=\"0\">Envejecimiento y Nueva Demograf\u00eda: Un Cambio de Paradigma<\/a>\n\t\t\t\t\t<\/div>\n\t\t\t\t\t<div id=\"elementor-tab-content-1321\" class=\"elementor-tab-content elementor-clearfix\" data-tab=\"1\" role=\"region\" aria-labelledby=\"elementor-tab-title-1321\"><p><strong>An\u00e1lisis del impacto del envejecimiento en las estructuras econ\u00f3micas, sociales y territoriales. Enfoque en c\u00f3mo la longevidad redefine las pol\u00edticas p\u00fablicas y los modelos de desarrollo.<\/strong><\/p><p><b>Introducci\u00f3n: De la Transici\u00f3n Demogr\u00e1fica al Nuevo Contrato Social<\/b><\/p><p><span style=\"font-weight: 300;\">El siglo XXI est\u00e1 marcado por una de las transiciones demogr\u00e1ficas m\u00e1s profundas y aceleradas que haya experimentado la humanidad. El envejecimiento poblacional, una consecuencia directa de los avances en salud p\u00fablica, educaci\u00f3n y desarrollo socioecon\u00f3mico, ya no es un fen\u00f3meno marginal ni exclusivo de pa\u00edses desarrollados. Hoy es una realidad estructural que afecta a todos los territorios, incluidos aquellos tradicionalmente perif\u00e9ricos o rurales como los que integran el \u00e1rea de cooperaci\u00f3n transfronteriza POCTEP entre Castilla y Le\u00f3n y el Norte de Portugal. Este cambio demogr\u00e1fico no solo plantea desaf\u00edos, sino que tambi\u00e9n abre oportunidades para reimaginar los modelos productivos, sociales y territoriales desde la perspectiva de la Silver Economy.<\/span><\/p><p><span style=\"font-weight: 300;\">La tradicional visi\u00f3n del envejecimiento como un factor de dependencia y coste para el Estado est\u00e1 siendo sustituida por un enfoque basado en el valor, el potencial y la diversidad del colectivo s\u00e9nior. Hablamos de una poblaci\u00f3n que vive m\u00e1s, con mejores condiciones de salud, con m\u00e1s tiempo libre, m\u00e1s experiencia acumulada y mayor capacidad de consumo. Redefinir el envejecimiento en t\u00e9rminos de oportunidad requiere cambios en las pol\u00edticas p\u00fablicas, en la organizaci\u00f3n de los servicios y en la cultura empresarial. Pero sobre todo, exige un nuevo contrato social intergeneracional que supere la segmentaci\u00f3n por edad y ponga en el centro la calidad de vida, la participaci\u00f3n y la dignidad a lo largo de todo el ciclo vital.<\/span><span style=\"font-weight: 300;\"><br \/><\/span><\/p><p><b>La Nueva Realidad Demogr\u00e1fica en el \u00c1rea POCTEP<\/b><\/p><p><span style=\"font-weight: 300;\">El \u00e1rea de cooperaci\u00f3n POCTEP entre Castilla y Le\u00f3n y la regi\u00f3n Norte de Portugal est\u00e1 particularmente afectada por el envejecimiento poblacional. La baja natalidad, la emigraci\u00f3n juvenil y la concentraci\u00f3n urbana han vaciado progresivamente las zonas rurales, generando territorios con un alto porcentaje de personas mayores, baja densidad poblacional y desequilibrios estructurales en el acceso a servicios esenciales. Estos factores no solo tienen implicaciones sociales, sino que tambi\u00e9n condicionan la viabilidad econ\u00f3mica, la planificaci\u00f3n territorial y la sostenibilidad de los sistemas de bienestar.<\/span><\/p><p><span style=\"font-weight: 300;\">En este contexto, la Silver Economy no es solo una respuesta sectorial, sino una estrategia transversal para revitalizar el territorio. El enfoque debe pasar de ver a las personas mayores como receptoras pasivas de atenci\u00f3n a reconocerlas como protagonistas activas del desarrollo local, como consumidores con demandas espec\u00edficas, como agentes de conocimiento y como emprendedores potenciales. Esto implica nuevas formas de gobernanza, planificaci\u00f3n urbana adaptada, pol\u00edticas de atracci\u00f3n y retenci\u00f3n de talento s\u00e9nior, as\u00ed como un marco fiscal, laboral y de cuidados que favorezca la integraci\u00f3n generacional.<\/span><\/p><p><b>De la Demograf\u00eda a la Innovaci\u00f3n Social: Una Perspectiva Transformadora<\/b><span style=\"font-weight: 300;\">Hablar de envejecimiento ya no puede limitarse a las cifras. El verdadero desaf\u00edo es de naturaleza cualitativa. \u00bfQu\u00e9 tipo de vida queremos para las personas mayores? \u00bfQu\u00e9 papel les asignamos en la sociedad? \u00bfC\u00f3mo redise\u00f1amos nuestros sistemas para que sean m\u00e1s longevos, inclusivos y resilientes?<\/span><\/p><p><span style=\"font-weight: 300;\">En este sentido, el envejecimiento se convierte en un motor de innovaci\u00f3n social. Por ejemplo:<\/span><\/p><ul><li style=\"font-weight: 300;\" aria-level=\"1\"><span style=\"font-weight: 300;\">Nuevos modelos de vivienda colaborativa (cohousing, coliving s\u00e9nior).<\/span><span style=\"font-weight: 300;\"><br \/><\/span><\/li><li style=\"font-weight: 300;\" aria-level=\"1\"><span style=\"font-weight: 300;\">Servicios de movilidad adaptada e inclusiva en entornos rurales.<\/span><\/li><li style=\"font-weight: 300;\" aria-level=\"1\">Formaci\u00f3n continua y digitalizaci\u00f3n para la autonom\u00eda.<\/li><\/ul><ul><li style=\"font-weight: 300;\" aria-level=\"1\"><span style=\"font-weight: 300;\">Programas intergeneracionales que conecten a j\u00f3venes y mayores para resolver retos comunes.<\/span><span style=\"font-weight: 300;\"><br \/><\/span><\/li><\/ul><p><span style=\"font-weight: 300;\">Adem\u00e1s, la transici\u00f3n digital y la revoluci\u00f3n tecnol\u00f3gica ofrecen herramientas para personalizar los servicios, facilitar la vida aut\u00f3noma, anticipar necesidades y mejorar la calidad de los cuidados. En vez de construir soluciones por separado para distintos grupos de edad, el paradigma debe ser la inclusi\u00f3n universal, que no solo respete, sino que se nutra de la diversidad generacional.<br \/><\/span><\/p><p><strong>Un Cambio de Narrativa: De la Dependencia al Valor<\/strong><\/p><p><span style=\"font-weight: 300;\">La narrativa dominante sobre el envejecimiento ha estado marcada durante d\u00e9cadas por la idea de carga: carga sobre el sistema sanitario, sobre las pensiones, sobre las familias. Sin embargo, la realidad actual exige otro enfoque. El envejecimiento no es una anomal\u00eda ni una amenaza. Es el resultado del \u00e9xito del desarrollo humano. La cuesti\u00f3n no es si las sociedades van a envejecer, sino c\u00f3mo van a aprovechar ese proceso.<\/span><\/p><p><span style=\"font-weight: 300;\">En este marco, la Silver Economy ofrece una alternativa estrat\u00e9gica. Se trata de identificar las oportunidades econ\u00f3micas, sociales y tecnol\u00f3gicas vinculadas al envejecimiento. Algunos datos clave lo reflejan:<\/span><\/p><ul><li style=\"font-weight: 300;\" aria-level=\"1\"><span style=\"font-weight: 300;\">En Europa, el 60% del consumo total est\u00e1 ya en manos de personas mayores de 50 a\u00f1os.<\/span><p>\u00a0<\/p><\/li><li style=\"font-weight: 300;\" aria-level=\"1\"><span style=\"font-weight: 300;\">En 2025, se estima que el mercado europeo de la Silver Economy alcanzar\u00e1 los 5,7 billones de euros.<\/span><p>\u00a0<\/p><\/li><li style=\"font-weight: 300;\" aria-level=\"1\"><span style=\"font-weight: 300;\">La poblaci\u00f3n s\u00e9nior impulsa sectores como salud, alimentaci\u00f3n, turismo, vivienda, tecnolog\u00eda, educaci\u00f3n y bienestar, con una creciente demanda de productos y servicios personalizados.<\/span><span style=\"font-weight: 300;\"><br \/><\/span><\/li><\/ul><p><span style=\"font-weight: 300;\">Pero para convertir este potencial en motor real de desarrollo, es necesario un enfoque coordinado que combine planificaci\u00f3n estrat\u00e9gica, inversi\u00f3n p\u00fablica y privada, reformas normativas y, sobre todo, una visi\u00f3n a largo plazo.<br \/><\/span><\/p><p><b>Implicaciones para las Pol\u00edticas P\u00fablicas<\/b><\/p><p><span style=\"font-weight: 300;\">Redefinir el envejecimiento como oportunidad conlleva una transformaci\u00f3n profunda en las pol\u00edticas p\u00fablicas:<\/span><\/p><ol><li><span style=\"font-weight: 300;\">Planificaci\u00f3n territorial inteligente, que adapte infraestructuras, servicios y espacios p\u00fablicos a las necesidades de una poblaci\u00f3n cada vez m\u00e1s longeva y diversa.<\/span><p>\u00a0<\/p><\/li><li><span style=\"font-weight: 300;\">Reformas laborales y fiscales que permitan nuevas formas de participaci\u00f3n s\u00e9nior en el mercado laboral, incluyendo el emprendimiento de personas mayores.<\/span><p>\u00a0<\/p><\/li><li><span style=\"font-weight: 300;\">Modelos de cuidados integrados y sostenibles, con apoyo a los cuidadores informales, profesionalizaci\u00f3n del sector y utilizaci\u00f3n de tecnolog\u00edas para la atenci\u00f3n personalizada.<\/span><p>\u00a0<\/p><\/li><li><span style=\"font-weight: 300;\">Estrategias de gobernanza participativa, en las que las personas mayores sean parte activa de la toma de decisiones sobre su entorno y sus necesidades.<\/span><p>\u00a0<\/p><\/li><li><span style=\"font-weight: 300;\">Innovaci\u00f3n abierta en los servicios sociales y sanitarios, que priorice la prevenci\u00f3n, el bienestar y la calidad de vida sobre el enfoque puramente asistencial.<\/span><p>\u00a0<\/p><\/li><\/ol><p><b>Una Silver Economy de Base Territorial: Oportunidades para las Zonas Rurales<\/b><\/p><p><span style=\"font-weight: 300;\">El envejecimiento del medio rural no tiene por qu\u00e9 significar su declive. Al contrario, puede ser la base para nuevos modelos de desarrollo territorial, si se aprovechan las oportunidades que brinda la Silver Economy. Por ejemplo:<\/span><\/p><ul><li style=\"font-weight: 300;\" aria-level=\"1\"><span style=\"font-weight: 300;\">Vivienda asequible y adaptada, con soluciones cooperativas y multigeneracionales.<\/span><\/li><li style=\"font-weight: 300;\" aria-level=\"1\">Proximidad y personalizaci\u00f3n de los cuidados, mediante servicios de cercan\u00eda, econom\u00eda colaborativa y digitalizaci\u00f3n.<\/li><li aria-level=\"1\"><ul><li style=\"font-weight: 300;\" aria-level=\"1\"><span style=\"font-weight: 300;\">Turismo s\u00e9nior y de bienestar, con una oferta diferenciada ligada al entorno natural, la cultura local y la salud.<\/span><p>\u00a0<\/p><\/li><li style=\"font-weight: 300;\" aria-level=\"1\"><span style=\"font-weight: 300;\">Agricultura adaptada y circuitos cortos, con productos dise\u00f1ados para las necesidades nutricionales de las personas mayores.<\/span><p>\u00a0<\/p><\/li><li style=\"font-weight: 300;\" aria-level=\"1\"><span style=\"font-weight: 300;\">Redes de emprendimiento silver, que conecten a personas mayores activas con j\u00f3venes emprendedores, aceleradoras e instituciones locales.<\/span><p>\u00a0<\/p><\/li><\/ul><p><span style=\"font-weight: 300;\">Esta visi\u00f3n no es solo un anhelo te\u00f3rico. En el \u00e1rea POCTEP ya existen experiencias exitosas que demuestran que es posible un envejecimiento activo, saludable y generador de riqueza.<\/span><\/p><\/li><\/ul><\/div>\n\t\t\t\t<\/div>\n\t\t\t\t\t\t\t<div class=\"elementor-accordion-item\">\n\t\t\t\t\t<div id=\"elementor-tab-title-1322\" class=\"elementor-tab-title\" data-tab=\"2\" role=\"button\" aria-controls=\"elementor-tab-content-1322\" aria-expanded=\"false\">\n\t\t\t\t\t\t\t\t\t\t\t\t\t<span class=\"elementor-accordion-icon elementor-accordion-icon-left\" aria-hidden=\"true\">\n\t\t\t\t\t\t\t\t\t\t\t\t\t\t\t<span class=\"elementor-accordion-icon-closed\"><svg class=\"e-font-icon-svg e-fas-chevron-down\" viewBox=\"0 0 448 512\" xmlns=\"http:\/\/www.w3.org\/2000\/svg\"><path d=\"M207.029 381.476L12.686 187.132c-9.373-9.373-9.373-24.569 0-33.941l22.667-22.667c9.357-9.357 24.522-9.375 33.901-.04L224 284.505l154.745-154.021c9.379-9.335 24.544-9.317 33.901.04l22.667 22.667c9.373 9.373 9.373 24.569 0 33.941L240.971 381.476c-9.373 9.372-24.569 9.372-33.942 0z\"><\/path><\/svg><\/span>\n\t\t\t\t\t\t\t\t<span class=\"elementor-accordion-icon-opened\"><svg class=\"e-font-icon-svg e-fas-minus\" viewBox=\"0 0 448 512\" xmlns=\"http:\/\/www.w3.org\/2000\/svg\"><path d=\"M416 208H32c-17.67 0-32 14.33-32 32v32c0 17.67 14.33 32 32 32h384c17.67 0 32-14.33 32-32v-32c0-17.67-14.33-32-32-32z\"><\/path><\/svg><\/span>\n\t\t\t\t\t\t\t\t\t\t\t\t\t\t<\/span>\n\t\t\t\t\t\t\t\t\t\t\t\t<a class=\"elementor-accordion-title\" tabindex=\"0\">Salud Integral y Bienestar Activo: M\u00e1s All\u00e1 de la Asistencia<\/a>\n\t\t\t\t\t<\/div>\n\t\t\t\t\t<div id=\"elementor-tab-content-1322\" class=\"elementor-tab-content elementor-clearfix\" data-tab=\"2\" role=\"region\" aria-labelledby=\"elementor-tab-title-1322\"><p><strong>Del modelo asistencial al modelo preventivo. Promoci\u00f3n de h\u00e1bitos saludables, salud mental, autonom\u00eda funcional y nuevos servicios sanitarios personalizados.<\/strong><\/p><p><span style=\"font-weight: 300;\">El envejecimiento de la poblaci\u00f3n europea, lejos de ser una anomal\u00eda temporal, constituye una transformaci\u00f3n estructural que interpela de manera directa a nuestros sistemas de salud y bienestar. En el contexto de la Silver Economy, y especialmente en los territorios transfronterizos del espacio POCTEP entre Espa\u00f1a y Portugal, urge revisar de manera profunda el enfoque tradicional basado en la atenci\u00f3n sanitaria asistencial, reactiva y fragmentada. La longevidad, entendida como un logro colectivo, exige una reorganizaci\u00f3n de recursos, pol\u00edticas e infraestructuras que pongan en el centro no solo el cuidado de las enfermedades, sino el mantenimiento de la salud, la promoci\u00f3n del bienestar y la prevenci\u00f3n de la dependencia.<\/span><\/p><p><span style=\"font-weight: 300;\">El modelo actual, heredero de un enfoque hospitaloc\u00e9ntrico y curativo, no se adapta a los nuevos perfiles de salud de la poblaci\u00f3n mayor, caracterizados por la pluripatolog\u00eda, la fragilidad, la cronicidad y la necesidad de atenci\u00f3n continuada. Tampoco responde a las necesidades de un territorio rural, disperso y en proceso de despoblaci\u00f3n, donde el acceso f\u00edsico a los servicios puede estar limitado y donde las redes de apoyo tradicionales \u2014familia, comunidad, vecindario\u2014 han sido erosionadas por la migraci\u00f3n y el envejecimiento simult\u00e1neo de generaciones. Frente a este escenario, la Silver Economy plantea una reconversi\u00f3n: de un sistema centrado en el tratamiento puntual a uno basado en la prevenci\u00f3n, la educaci\u00f3n para la salud, el cuidado emocional y el uso inteligente de la tecnolog\u00eda al servicio de la autonom\u00eda personal.<\/span><\/p><p><span style=\"font-weight: 300;\">Hablar de salud integral y bienestar activo implica tambi\u00e9n un cambio de valores. Supone superar la imagen de la persona mayor como sujeto pasivo y dependiente, para reconocerla como protagonista de su propio proceso de envejecimiento, con capacidad para tomar decisiones, para cuidarse y para contribuir social y econ\u00f3micamente al entorno. Este cambio no es solo deseable; es necesario. No <\/span><span style=\"font-weight: 300;\">hay sostenibilidad posible para los sistemas de salud si no se logra aumentar el n\u00famero de a\u00f1os vividos con buena salud, reducir la dependencia evitable y fomentar estilos de vida activos desde edades tempranas. La salud, en el marco de la Silver Economy, se convierte as\u00ed en una inversi\u00f3n estrat\u00e9gica y no en un coste.<\/span><\/p><p><b>Del modelo asistencial al enfoque preventivo y personalizado.<\/b><\/p><p><span style=\"font-weight: 300;\">El paso de un modelo puramente asistencial a un modelo preventivo requiere una transformaci\u00f3n sist\u00e9mica. Significa actuar antes de que aparezcan los s\u00edntomas, identificar riesgos antes de que se conviertan en enfermedades, y desarrollar entornos sociales, culturales y f\u00edsicos que promuevan la salud en sentido amplio. Este cambio no puede recaer \u00fanicamente en el sistema sanitario. Requiere una coordinaci\u00f3n intersectorial: pol\u00edticas urbanas que fomenten la actividad f\u00edsica; servicios sociales que reduzcan la soledad; educaci\u00f3n para la salud desde la escuela hasta la jubilaci\u00f3n; y entornos laborales que favorezcan el envejecimiento saludable de las personas trabajadoras mayores.<\/span><\/p><p><span style=\"font-weight: 300;\">En este nuevo enfoque, las pol\u00edticas de promoci\u00f3n de la salud y prevenci\u00f3n de la enfermedad ocupan un lugar central. Es fundamental apostar por programas de ejercicio f\u00edsico adaptado, educaci\u00f3n nutricional espec\u00edfica para personas mayores, acceso a alimentos saludables, prevenci\u00f3n del tabaquismo y del consumo de alcohol, y estrategias para combatir el sedentarismo. Todo ello requiere campa\u00f1as de sensibilizaci\u00f3n culturalmente contextualizadas, con especial \u00e9nfasis en las zonas rurales, donde la oferta de recursos es menor y los h\u00e1bitos no siempre est\u00e1n alineados con las recomendaciones sanitarias.<\/span><\/p><p><span style=\"font-weight: 300;\">La salud mental, hist\u00f3ricamente relegada a un segundo plano, debe ocupar un lugar prioritario. La soledad no deseada, la depresi\u00f3n, la ansiedad y los trastornos cognitivos son problemas cada vez m\u00e1s comunes entre la poblaci\u00f3n mayor. Sin una estrategia p\u00fablica decidida para abordarlos, los costes sociales y econ\u00f3micos ser\u00e1n insostenibles. Es urgente desarrollar redes comunitarias de apoyo emocional, formar a profesionales de atenci\u00f3n primaria en detecci\u00f3n precoz, y desplegar tecnolog\u00edas que ofrezcan compa\u00f1\u00eda y asistencia emocional, como asistentes virtuales, plataformas de interacci\u00f3n social y sistemas de monitorizaci\u00f3n del estado de \u00e1nimo.<\/span><\/p><p><span style=\"font-weight: 300;\">La autonom\u00eda funcional es otro eje clave. La prolongaci\u00f3n de la independencia en las actividades de la vida diaria no solo mejora la calidad de vida, sino que reduce los costes asociados a la<\/span><\/p><p><span style=\"font-weight: 300;\">institucionalizaci\u00f3n o la hospitalizaci\u00f3n innecesaria. La Silver Economy puede ofrecer soluciones eficaces mediante tecnolog\u00edas asistenciales (sensores, dom\u00f3tica, telemonitorizaci\u00f3n), redise\u00f1o de viviendas, programas de fisioterapia preventiva y herramientas digitales de autocuidado. La clave es que estas soluciones sean accesibles, asequibles y culturalmente adaptadas al entorno en el que se implementan.<\/span><\/p><p><span style=\"font-weight: 300;\">Un factor fundamental para el \u00e9xito de este modelo preventivo es la participaci\u00f3n activa de las personas mayores en la toma de decisiones sobre su propia salud. Esto implica una reorganizaci\u00f3n de la relaci\u00f3n profesional-paciente hacia modelos m\u00e1s horizontales, donde se reconozca la experiencia de vida de la persona, su autonom\u00eda para decidir y su derecho a ser informada de manera clara y respetuosa. Supone tambi\u00e9n el desarrollo de itinerarios personalizados de salud, donde el historial cl\u00ednico, las preferencias personales y el entorno social se integran para ofrecer soluciones individualizadas. La digitalizaci\u00f3n del sistema sanitario puede facilitar este cambio, siempre que se garantice la accesibilidad digital de la poblaci\u00f3n s\u00e9nior y se combata la brecha tecnol\u00f3gica.<\/span><\/p><p><span style=\"font-weight: 300;\">La coordinaci\u00f3n sociosanitaria representa otro de los grandes desaf\u00edos y oportunidades del cambio de modelo. Las personas mayores no viven sus problemas de salud y de dependencia como compartimentos estancos, sino como un todo. Por tanto, es imprescindible que los sistemas de salud, servicios sociales y redes comunitarias trabajen de manera conjunta. Esto requiere modelos de gobernanza local, planes de intervenci\u00f3n unificados, historias compartidas y una l\u00f3gica de atenci\u00f3n centrada en la persona, m\u00e1s all\u00e1 de las competencias administrativas tradicionales.<\/span><\/p><p><b>Nuevos ecosistemas de salud para una Silver Economy territorial<\/b><\/p><p><span style=\"font-weight: 300;\">En el marco de la cooperaci\u00f3n transfronteriza POCTEP, la construcci\u00f3n de nuevos ecosistemas de salud integrados representa una gran oportunidad. En un territorio con alta dispersi\u00f3n poblacional, envejecimiento avanzado y recursos limitados, la innovaci\u00f3n social y tecnol\u00f3gica puede convertirse en el motor para garantizar el derecho a la salud de forma equitativa y sostenible. Esto pasa, en primer lugar, por la revalorizaci\u00f3n de los cuidados de proximidad. La atenci\u00f3n domiciliaria, bien dotada y profesionalizada, permite mantener a las personas en sus entornos habituales, evitar desplazamientos innecesarios y favorecer el control de las condiciones de vida.<\/span><\/p><p><span style=\"font-weight: 300;\">Los cuidados informales, en especial los prestados por mujeres en el entorno familiar, siguen siendo la base del sistema de cuidados en muchas regiones. La Silver Economy no puede ignorar esta realidad, pero debe transformarla: visibilizar, profesionalizar, remunerar y apoyar al cuidador informal. Al mismo tiempo, es necesario fortalecer los servicios de respiro, formaci\u00f3n y acompa\u00f1amiento emocional, y promover nuevas f\u00f3rmulas como los bancos de tiempo, las redes de cuidados colaborativos y las microempresas de atenci\u00f3n a domicilio.<\/span><\/p><p><span style=\"font-weight: 300;\">La digitalizaci\u00f3n de los servicios de salud es otro componente fundamental del nuevo modelo. La telemedicina, los dispositivos port\u00e1tiles de monitorizaci\u00f3n, los sistemas de alerta ante ca\u00eddas o descompensaciones, y las plataformas de gesti\u00f3n de cuidados ya est\u00e1n disponibles y demostrando eficacia. El reto es su escalado y territorializaci\u00f3n: adaptar la tecnolog\u00eda al contexto rural, asegurar la conectividad y formar tanto a usuarios como a profesionales para que la innovaci\u00f3n sea realmente inclusiva.<\/span><\/p><p><span style=\"font-weight: 300;\">Un campo emergente y de gran potencial es la salud predictiva basada en inteligencia artificial y an\u00e1lisis de datos. Gracias a la interoperabilidad de los sistemas, el an\u00e1lisis longitudinal del estado de salud de una persona puede anticipar riesgos, recomendar acciones preventivas y mejorar la asignaci\u00f3n de recursos. Esto puede transformar la atenci\u00f3n a personas mayores, reduciendo ingresos hospitalarios, mejorando adherencia a tratamientos y facilitando intervenciones precoces.<\/span><\/p><p><span style=\"font-weight: 300;\">El \u00e1mbito de la salud mental y emocional tambi\u00e9n puede beneficiarse de las tecnolog\u00edas inmersivas. Experiencias piloto con realidad virtual han demostrado su eficacia en el tratamiento del aislamiento, la estimulaci\u00f3n cognitiva y la mejora del estado de \u00e1nimo. Del mismo modo, las plataformas digitales de interacci\u00f3n social y las comunidades virtuales tem\u00e1ticas permiten reconstruir redes afectivas en contextos donde la soledad es una amenaza silenciosa.<\/span><\/p><p><span style=\"font-weight: 300;\">El dise\u00f1o del entorno f\u00edsico es igualmente determinante para la salud. El urbanismo amigable con las personas mayores, la accesibilidad universal, la disponibilidad de espacios verdes, la movilidad sin barreras y la presencia de equipamientos p\u00fablicos saludables (bibliotecas, gimnasios, centros sociales) constituyen factores protectores de salud y bienestar. La planificaci\u00f3n territorial debe asumir estos elementos como centrales, no como a\u00f1adidos opcionales.<\/span><\/p><p><span style=\"font-weight: 300;\">La cooperaci\u00f3n transfronteriza puede ser un laboratorio ideal para la innovaci\u00f3n en salud s\u00e9nior. Los territorios POCTEP comparten retos similares, pero tambi\u00e9n cuentan con activos complementarios. La colaboraci\u00f3n entre sistemas de salud, universidades, centros tecnol\u00f3gicos y autoridades locales puede generar soluciones adaptadas, replicables y escalables. De hecho, iniciativas como el proyecto DIH_SE ya han comenzado a testear modelos de atenci\u00f3n inteligente, plataformas de autogesti\u00f3n de salud y servicios m\u00f3viles de atenci\u00f3n preventiva con resultados muy prometedores.<\/span><\/p><p><span style=\"font-weight: 300;\">La capacitaci\u00f3n de profesionales es otra pieza clave. El personal sanitario, social y comunitario debe adquirir nuevas competencias: conocimiento gerontol\u00f3gico, habilidades digitales, trabajo interdisciplinar y enfoque centrado en la persona. Es necesario articular itinerarios de formaci\u00f3n continua, acreditaci\u00f3n de competencias y pr\u00e1cticas innovadoras que permitan a los profesionales afrontar los desaf\u00edos del envejecimiento desde una perspectiva integrada.<\/span><\/p><p><span style=\"font-weight: 300;\">La salud integral y el bienestar activo, como motores de la Silver Economy, exigen una reorganizaci\u00f3n de prioridades. No se trata solo de gastar m\u00e1s, sino de gastar mejor. Invertir en prevenci\u00f3n, en calidad de vida, en autonom\u00eda y en tecnolog\u00edas al servicio de las personas. La buena salud no es solo un derecho; es una condici\u00f3n imprescindible para el desarrollo econ\u00f3mico, la cohesi\u00f3n social y la sostenibilidad del sistema. Si queremos sociedades m\u00e1s longevas, necesitamos tambi\u00e9n que sean m\u00e1s saludables, m\u00e1s justas y m\u00e1s humanas.<\/span><\/p><\/div>\n\t\t\t\t<\/div>\n\t\t\t\t\t\t\t<div class=\"elementor-accordion-item\">\n\t\t\t\t\t<div id=\"elementor-tab-title-1323\" class=\"elementor-tab-title\" data-tab=\"3\" role=\"button\" aria-controls=\"elementor-tab-content-1323\" aria-expanded=\"false\">\n\t\t\t\t\t\t\t\t\t\t\t\t\t<span class=\"elementor-accordion-icon elementor-accordion-icon-left\" aria-hidden=\"true\">\n\t\t\t\t\t\t\t\t\t\t\t\t\t\t\t<span class=\"elementor-accordion-icon-closed\"><svg class=\"e-font-icon-svg e-fas-chevron-down\" viewBox=\"0 0 448 512\" xmlns=\"http:\/\/www.w3.org\/2000\/svg\"><path d=\"M207.029 381.476L12.686 187.132c-9.373-9.373-9.373-24.569 0-33.941l22.667-22.667c9.357-9.357 24.522-9.375 33.901-.04L224 284.505l154.745-154.021c9.379-9.335 24.544-9.317 33.901.04l22.667 22.667c9.373 9.373 9.373 24.569 0 33.941L240.971 381.476c-9.373 9.372-24.569 9.372-33.942 0z\"><\/path><\/svg><\/span>\n\t\t\t\t\t\t\t\t<span class=\"elementor-accordion-icon-opened\"><svg class=\"e-font-icon-svg e-fas-minus\" viewBox=\"0 0 448 512\" xmlns=\"http:\/\/www.w3.org\/2000\/svg\"><path d=\"M416 208H32c-17.67 0-32 14.33-32 32v32c0 17.67 14.33 32 32 32h384c17.67 0 32-14.33 32-32v-32c0-17.67-14.33-32-32-32z\"><\/path><\/svg><\/span>\n\t\t\t\t\t\t\t\t\t\t\t\t\t\t<\/span>\n\t\t\t\t\t\t\t\t\t\t\t\t<a class=\"elementor-accordion-title\" tabindex=\"0\">Vivienda y Entornos Adaptados: Hogares para Todas las Edades<\/a>\n\t\t\t\t\t<\/div>\n\t\t\t\t\t<div id=\"elementor-tab-content-1323\" class=\"elementor-tab-content elementor-clearfix\" data-tab=\"3\" role=\"region\" aria-labelledby=\"elementor-tab-title-1323\"><p><strong>Nuevos modelos residenciales, cohousing, vivienda inteligente, accesibilidad y urbanismo adaptado a entornos amigables con las personas mayores.<\/strong><\/p><p><span style=\"font-weight: 300;\">La vivienda es mucho m\u00e1s que un espacio f\u00edsico. Es el centro de la vida cotidiana, el lugar donde se desarrollan los v\u00ednculos afectivos, donde se construye la identidad y donde se proyecta la autonom\u00eda personal. En el contexto de una sociedad que envejece r\u00e1pidamente, la vivienda se convierte tambi\u00e9n en un factor decisivo para garantizar la salud, la seguridad y el bienestar de las personas mayores. Sin embargo, el modelo residencial dominante en la actualidad no responde ni a las necesidades, ni a los deseos, ni a las oportunidades que ofrece una poblaci\u00f3n cada vez m\u00e1s longeva, diversa y activa.<\/span><\/p><p><span style=\"font-weight: 300;\">En muchos pa\u00edses europeos, especialmente en las zonas rurales como las del \u00e1rea POCTEP, la mayor parte del parque de viviendas fue construido en un momento hist\u00f3rico en el que no se contemplaban criterios de accesibilidad, eficiencia energ\u00e9tica o adaptabilidad funcional. A ello se suma la falta de alternativas residenciales para personas mayores que desean mantener su independencia sin renunciar a la seguridad y la vida en comunidad. El resultado es un paisaje residencial que envejece a la par que sus habitantes, con un n\u00famero creciente de viviendas infrautilizadas, mal adaptadas o directamente incompatibles con un envejecimiento digno y activo.<\/span><\/p><p><span style=\"font-weight: 300;\">La Silver Economy plantea un cambio profundo en la forma de concebir la vivienda: de un bien patrimonial a un derecho social intergeneracional; de un espacio est\u00e1tico a un entorno vivo y conectado; de un gasto asistencial a una inversi\u00f3n estrat\u00e9gica. No se trata solo de adaptar las viviendas existentes, sino de promover nuevos modelos residenciales que respondan a los cambios demogr\u00e1ficos, sociales y culturales en curso. Esto incluye desde el cohousing y la vivienda colaborativa hasta la dom\u00f3tica y los hogares inteligentes, pasando por la rehabilitaci\u00f3n energ\u00e9tica, el dise\u00f1o universal y el urbanismo amigable.<\/span><\/p><p><span style=\"font-weight: 300;\">La dimensi\u00f3n territorial es clave en esta transformaci\u00f3n. En entornos rurales con alta dispersi\u00f3n poblacional y escasez de servicios, como los de muchas comarcas fronterizas entre Espa\u00f1a y Portugal, la vivienda adaptada puede ser la condici\u00f3n necesaria para garantizar la permanencia de las personas mayores en su comunidad, evitando traslados innecesarios y contribuyendo a la cohesi\u00f3n social. De ah\u00ed que la pol\u00edtica de vivienda deba ser entendida como una pol\u00edtica de cuidados, de salud, de sostenibilidad y de desarrollo local.<\/span><\/p><p><b>Nuevos modelos residenciales: del cohousing a los hogares inteligentes<\/b><\/p><p><span style=\"font-weight: 300;\">Una de las grandes transformaciones impulsadas por la Silver Economy es la diversificaci\u00f3n de las formas de habitar. El modelo tradicional de residencia geri\u00e1trica, basado en la institucionalizaci\u00f3n y la atenci\u00f3n masiva, est\u00e1 cada vez m\u00e1s cuestionado. Las nuevas generaciones de personas mayores demandan entornos residenciales que les permitan mantener su autonom\u00eda, su intimidad y su capacidad de decisi\u00f3n, al tiempo que ofrecen seguridad, apoyo mutuo y vida en comunidad.<\/span><\/p><p><span style=\"font-weight: 300;\">El cohousing s\u00e9nior es una de las respuestas m\u00e1s innovadoras y prometedoras. Se trata de comunidades autogestionadas por personas mayores que deciden vivir juntas en viviendas privadas, compartiendo algunos servicios comunes (comedor, lavander\u00eda, zonas verdes, biblioteca, etc.) y creando una red de apoyo mutuo. Este modelo combina lo mejor de la vivienda independiente con lo mejor de la vida comunitaria, y permite retrasar o incluso evitar el ingreso en centros residenciales convencionales. Adem\u00e1s, fomenta el envejecimiento activo, la participaci\u00f3n y la corresponsabilidad en los cuidados.<\/span><\/p><p><span style=\"font-weight: 300;\">La vivienda colaborativa, en sus m\u00faltiples variantes, se ha convertido en un laboratorio de innovaci\u00f3n social y arquitect\u00f3nica. Existen modelos intergeneracionales que mezclan j\u00f3venes y mayores en un mismo complejo habitacional, facilitando el intercambio de saberes, la solidaridad y la revitalizaci\u00f3n de barrios. Otros proyectos se orientan a colectivos espec\u00edficos (mujeres mayores, personas con diversidad funcional, jubilados activos) y promueven una vida comunitaria basada en valores compartidos.<\/span><\/p><p><span style=\"font-weight: 300;\">Otro campo en expansi\u00f3n es el de la vivienda inteligente o smart home, que incorpora soluciones tecnol\u00f3gicas para facilitar la vida diaria, mejorar la seguridad y monitorizar el estado de salud. Desde<\/span><\/p><p><span style=\"font-weight: 300;\">sensores de movimiento que detectan ca\u00eddas hasta sistemas de control por voz, pasando por dispositivos que recuerdan la medicaci\u00f3n o ajustan autom\u00e1ticamente la temperatura, la tecnolog\u00eda puede ser una gran aliada del envejecimiento en el hogar. El reto es que estas soluciones sean accesibles, usables y asequibles, evitando la brecha digital.<\/span><\/p><p><span style=\"font-weight: 300;\">\u00a0<\/span><\/p><p><span style=\"font-weight: 300;\">La rehabilitaci\u00f3n y adaptaci\u00f3n del parque de viviendas existente es igualmente prioritaria. Muchas personas mayores viven solas en viviendas antiguas, con barreras arquitect\u00f3nicas, instalaciones deficientes y elevados costes energ\u00e9ticos. Programas p\u00fablicos de rehabilitaci\u00f3n, accesibilidad y eficiencia energ\u00e9tica, combinados con financiaci\u00f3n flexible y asesoramiento t\u00e9cnico, pueden transformar estas viviendas en espacios seguros, confortables y sostenibles. La colaboraci\u00f3n entre administraciones, sector privado y entidades del tercer sector es clave para impulsar este proceso a gran escala.<\/span><\/p><p><span style=\"font-weight: 300;\">\u00a0<\/span><\/p><p><span style=\"font-weight: 300;\">El dise\u00f1o universal, que implica pensar desde el inicio en espacios accesibles para todas las personas, independientemente de su edad o condici\u00f3n f\u00edsica, debe convertirse en el est\u00e1ndar en toda nueva promoci\u00f3n de vivienda. Esto incluye pasillos amplios, ba\u00f1os adaptados, cocinas funcionales, iluminaci\u00f3n natural, ausencia de escalones y materiales antideslizantes. Un entorno bien dise\u00f1ado no solo previene accidentes, sino que promueve la autonom\u00eda y la autoestima.<\/span><\/p><p><span style=\"font-weight: 300;\">\u00a0<\/span><\/p><p><span style=\"font-weight: 300;\">Adem\u00e1s del espacio f\u00edsico, la vivienda debe conectarse con una red de servicios de proximidad que permitan la vida independiente: cuidados a domicilio, teleasistencia, transporte adaptado, atenci\u00f3n m\u00e9dica, actividades culturales, redes vecinales y acceso digital. La vivienda, en este sentido, deja de ser un elemento aislado para integrarse en un ecosistema de cuidados que pone a la persona en el centro.<\/span><\/p><p><span style=\"font-weight: 300;\">\u00a0<\/span><\/p><p><span style=\"font-weight: 300;\">Las nuevas tecnolog\u00edas permiten tambi\u00e9n crear sistemas de gesti\u00f3n residencial m\u00e1s eficientes y participativos. Plataformas digitales de coordinaci\u00f3n de servicios, comunidades de vecinos conectadas, aplicaciones de mantenimiento predictivo o herramientas de comunicaci\u00f3n con familiares y profesionales son solo algunos ejemplos. La clave est\u00e1 en utilizar la tecnolog\u00eda no como un fin en s\u00ed mismo, sino como un medio para mejorar la calidad de vida, la autonom\u00eda y la seguridad.<\/span><\/p><p><span style=\"font-weight: 300;\">En el \u00e1mbito de la Silver Economy, estas soluciones no son solo una respuesta a una necesidad, sino una oportunidad de desarrollo econ\u00f3mico, innovaci\u00f3n y empleo. El dise\u00f1o, construcci\u00f3n, adaptaci\u00f3n y gesti\u00f3n de viviendas amigables con las personas mayores abre un amplio campo de actividad para arquitectos, ingenieros, empresas tecnol\u00f3gicas, servicios sociales, profesionales de la salud y emprendedores del \u00e1mbito social.<\/span><\/p><p><b>Urbanismo adaptado y entornos amigables: la ciudad y el pueblo que cuidan<\/b><\/p><p><span style=\"font-weight: 300;\">La relaci\u00f3n entre envejecimiento y territorio va mucho m\u00e1s all\u00e1 de la vivienda. El entorno urbano o rural en el que vive una persona mayor influye de manera directa en su salud, su movilidad, su participaci\u00f3n social y su percepci\u00f3n de seguridad. Por ello, es imprescindible que las pol\u00edticas urban\u00edsticas incorporen el enfoque de edad como un criterio transversal, y que las ciudades y pueblos se dise\u00f1en desde la perspectiva de la accesibilidad, la proximidad y la inclusi\u00f3n.<\/span><\/p><p><span style=\"font-weight: 300;\">Un entorno amigable con las personas mayores es aquel que permite caminar con seguridad, acceder a servicios b\u00e1sicos sin depender de un veh\u00edculo, disfrutar de espacios p\u00fablicos de calidad y participar en la vida comunitaria sin obst\u00e1culos f\u00edsicos o simb\u00f3licos. Esto requiere aceras anchas, iluminaci\u00f3n adecuada, bancos para descansar, ba\u00f1os p\u00fablicos accesibles, se\u00f1al\u00e9tica clara, transporte p\u00fablico adaptado y una red de equipamientos de barrio. Tambi\u00e9n implica la eliminaci\u00f3n de barreras arquitect\u00f3nicas y la integraci\u00f3n de soluciones digitales en el espacio p\u00fablico.<\/span><\/p><p><span style=\"font-weight: 300;\">Las zonas rurales enfrentan retos espec\u00edficos en este \u00e1mbito. La dispersi\u00f3n, la p\u00e9rdida de poblaci\u00f3n y la debilidad de las infraestructuras hacen m\u00e1s dif\u00edcil garantizar un urbanismo adaptado. Sin embargo, tambi\u00e9n existen oportunidades: el menor coste del suelo, la posibilidad de dise\u00f1ar intervenciones a escala humana, la recuperaci\u00f3n de patrimonio construido y la activaci\u00f3n de redes comunitarias. En muchos pueblos del espacio POCTEP, por ejemplo, se est\u00e1n desarrollando iniciativas de microcohousing, adaptaci\u00f3n de viviendas vac\u00edas, rutas accesibles y servicios m\u00f3viles de apoyo a la autonom\u00eda.<\/span><\/p><p><span style=\"font-weight: 300;\">Los entornos naturales tambi\u00e9n pueden desempe\u00f1ar un papel crucial en la salud y el bienestar de las personas mayores. Pasear por un bosque, cuidar un huerto, participar en actividades al aire libre o simplemente contemplar un paisaje tiene efectos positivos sobre la salud mental, la movilidad y la <\/span><span style=\"font-weight: 300;\">conexi\u00f3n emocional con el entorno. Por eso es importante integrar la naturaleza en el dise\u00f1o de los entornos, fomentar la biofilia y preservar los paisajes como parte del ecosistema del cuidado.<\/span><\/p><p><span style=\"font-weight: 300;\">La gobernanza local es determinante para el \u00e9xito de estas estrategias. Los municipios deben contar con planes de accesibilidad, mapas de servicios, estrategias de envejecimiento activo y mecanismos de participaci\u00f3n ciudadana. La voz de las personas mayores debe ser escuchada en los procesos de planificaci\u00f3n urbana, dise\u00f1o de servicios y toma de decisiones. Solo as\u00ed se pueden construir entornos verdaderamente inclusivos y sostenibles.<\/span><\/p><p><span style=\"font-weight: 300;\">Las ciudades y pueblos amigables con las personas mayores no solo benefician a este grupo etario. Son entornos mejores para toda la ciudadan\u00eda: para las personas con movilidad reducida, para quienes empujan un carrito, para quienes van en bicicleta, para quienes disfrutan de caminar o simplemente para quienes quieren vivir en un lugar m\u00e1s humano. La edad, en este caso, se convierte en una lente que mejora el dise\u00f1o general del espacio.<\/span><\/p><p><span style=\"font-weight: 300;\">Adem\u00e1s, el urbanismo adaptado puede ser una herramienta poderosa de desarrollo econ\u00f3mico. Las inversiones en accesibilidad generan empleo, dinamizan el sector de la construcci\u00f3n y promueven la innovaci\u00f3n en dise\u00f1o. Las ciudades inclusivas atraen residentes, turistas y talento. Y la transformaci\u00f3n del entorno f\u00edsico puede ser tambi\u00e9n el catalizador de nuevas din\u00e1micas sociales, econ\u00f3micas y culturales.<\/span><\/p><p><span style=\"font-weight: 300;\">La cooperaci\u00f3n transfronteriza en este \u00e1mbito puede ofrecer aprendizajes muy valiosos. Compartir buenas pr\u00e1cticas entre municipios espa\u00f1oles y portugueses, desarrollar soluciones comunes, coordinar estrategias de adaptaci\u00f3n del entorno y formar redes de colaboraci\u00f3n territorial puede acelerar la transformaci\u00f3n del espacio POCTEP en una regi\u00f3n referente en urbanismo amigable.<\/span><\/p><p><span style=\"font-weight: 300;\">En \u00faltima instancia, la vivienda y el entorno no son factores secundarios en la vida de las personas mayores. Son condiciones fundamentales para la autonom\u00eda, la participaci\u00f3n y la dignidad. Una sociedad que quiere envejecer bien debe comenzar por cuidar sus espacios, sus hogares y sus territorios. La Silver Economy nos ofrece las herramientas, la motivaci\u00f3n y el horizonte para lograrlo.<\/span><\/p><\/div>\n\t\t\t\t<\/div>\n\t\t\t\t\t\t\t<div class=\"elementor-accordion-item\">\n\t\t\t\t\t<div id=\"elementor-tab-title-1324\" class=\"elementor-tab-title\" data-tab=\"4\" role=\"button\" aria-controls=\"elementor-tab-content-1324\" aria-expanded=\"false\">\n\t\t\t\t\t\t\t\t\t\t\t\t\t<span class=\"elementor-accordion-icon elementor-accordion-icon-left\" aria-hidden=\"true\">\n\t\t\t\t\t\t\t\t\t\t\t\t\t\t\t<span class=\"elementor-accordion-icon-closed\"><svg class=\"e-font-icon-svg e-fas-chevron-down\" viewBox=\"0 0 448 512\" xmlns=\"http:\/\/www.w3.org\/2000\/svg\"><path d=\"M207.029 381.476L12.686 187.132c-9.373-9.373-9.373-24.569 0-33.941l22.667-22.667c9.357-9.357 24.522-9.375 33.901-.04L224 284.505l154.745-154.021c9.379-9.335 24.544-9.317 33.901.04l22.667 22.667c9.373 9.373 9.373 24.569 0 33.941L240.971 381.476c-9.373 9.372-24.569 9.372-33.942 0z\"><\/path><\/svg><\/span>\n\t\t\t\t\t\t\t\t<span class=\"elementor-accordion-icon-opened\"><svg class=\"e-font-icon-svg e-fas-minus\" viewBox=\"0 0 448 512\" xmlns=\"http:\/\/www.w3.org\/2000\/svg\"><path d=\"M416 208H32c-17.67 0-32 14.33-32 32v32c0 17.67 14.33 32 32 32h384c17.67 0 32-14.33 32-32v-32c0-17.67-14.33-32-32-32z\"><\/path><\/svg><\/span>\n\t\t\t\t\t\t\t\t\t\t\t\t\t\t<\/span>\n\t\t\t\t\t\t\t\t\t\t\t\t<a class=\"elementor-accordion-title\" tabindex=\"0\">Tecnolog\u00eda y Vida Longeva: La Revoluci\u00f3n Silver Tech<\/a>\n\t\t\t\t\t<\/div>\n\t\t\t\t\t<div id=\"elementor-tab-content-1324\" class=\"elementor-tab-content elementor-clearfix\" data-tab=\"4\" role=\"region\" aria-labelledby=\"elementor-tab-title-1324\"><p><strong>Aplicaciones de la inteligencia artificial, IoT, rob\u00f3tica y plataformas digitales al servicio del envejecimiento activo y la autonom\u00eda personal.<\/strong><\/p><p><span style=\"font-weight: 300;\">La transformaci\u00f3n digital ha alcanzado todos los \u00e1mbitos de la sociedad, pero sus implicaciones en el envejecimiento activo y la autonom\u00eda personal est\u00e1n empezando a cobrar protagonismo en el debate p\u00fablico, econ\u00f3mico y sanitario. La llamada \u201cSilver Tech\u201d \u2014conjunto de soluciones tecnol\u00f3gicas orientadas a mejorar la vida de las personas mayores\u2014 no solo constituye un nuevo sector de oportunidad para la econom\u00eda del siglo XXI, sino que representa tambi\u00e9n una revoluci\u00f3n silenciosa en la forma en que envejecemos, nos cuidamos y participamos en la sociedad.<\/span><\/p><p><span style=\"font-weight: 300;\">En este nuevo paradigma, tecnolog\u00edas como la inteligencia artificial, el Internet de las Cosas (IoT), la rob\u00f3tica, la realidad virtual o las plataformas digitales no son solo herramientas complementarias. Se convierten en pilares fundamentales para garantizar una longevidad con sentido, segura, conectada y plena. La autonom\u00eda personal ya no depende exclusivamente de factores f\u00edsicos, sino tambi\u00e9n de la capacidad del entorno para adaptarse, anticiparse y responder a las necesidades cambiantes de la persona a lo largo del tiempo.<\/span><\/p><p><span style=\"font-weight: 300;\">Esta transformaci\u00f3n es especialmente relevante en los territorios del espacio de cooperaci\u00f3n transfronteriza POCTEP, donde la dispersi\u00f3n geogr\u00e1fica, el envejecimiento acelerado y la escasez de recursos exigen soluciones escalables, sostenibles y personalizadas. La Silver Tech, bien dise\u00f1ada e implementada, puede cerrar brechas de acceso, conectar a las personas con sus redes sociales y familiares, y aliviar la carga sobre los sistemas p\u00fablicos de salud y cuidado.<\/span><\/p><p><span style=\"font-weight: 300;\">Sin embargo, esta revoluci\u00f3n tecnol\u00f3gica tambi\u00e9n plantea retos significativos. La brecha digital intergeneracional, la usabilidad de los dispositivos, la asequibilidad de las soluciones, la protecci\u00f3n de datos personales y la alfabetizaci\u00f3n tecnol\u00f3gica son elementos clave para que la innovaci\u00f3n no se <\/span><span style=\"font-weight: 300;\">convierta en una nueva forma de exclusi\u00f3n. Por eso, la Silver Tech no debe ser solo una apuesta tecnol\u00f3gica, sino una pol\u00edtica p\u00fablica integradora, participativa y orientada a la equidad.<\/span><\/p><p><b>Inteligencia artificial, rob\u00f3tica e IoT: tecnolog\u00edas al servicio de la autonom\u00eda<\/b><\/p><p><span style=\"font-weight: 300;\">La inteligencia artificial (IA) est\u00e1 transformando la forma en que entendemos y gestionamos la salud, el cuidado y la autonom\u00eda. Su capacidad para procesar grandes vol\u00famenes de datos, identificar patrones y ofrecer respuestas personalizadas convierte a la IA en una herramienta clave para la atenci\u00f3n predictiva, la toma de decisiones cl\u00ednicas y la personalizaci\u00f3n de servicios. En el \u00e1mbito de la Silver Economy, esto se traduce en m\u00faltiples aplicaciones concretas que ya est\u00e1n siendo desarrolladas en distintas regiones europeas.<\/span><\/p><p><span style=\"font-weight: 300;\">Una de las aplicaciones m\u00e1s relevantes de la IA es la monitorizaci\u00f3n del estado de salud a trav\u00e9s de dispositivos inteligentes que recogen datos en tiempo real (ritmo card\u00edaco, presi\u00f3n arterial, patrones de sue\u00f1o, actividad f\u00edsica) y los analizan para detectar anomal\u00edas, emitir alertas o recomendar intervenciones. Esto permite anticipar crisis m\u00e9dicas, reducir hospitalizaciones y personalizar los planes de atenci\u00f3n. Combinada con sensores en el hogar, la IA puede adem\u00e1s reconocer patrones de comportamiento, detectar ca\u00eddas o cambios sutiles en la movilidad o el estado de \u00e1nimo, y actuar como un sistema de alerta temprana.<\/span><\/p><p><span style=\"font-weight: 300;\">La rob\u00f3tica tambi\u00e9n est\u00e1 empezando a jugar un papel fundamental en el acompa\u00f1amiento y apoyo funcional de las personas mayores. Robots sociales capaces de mantener conversaciones simples, ofrecer recordatorios, animar a realizar ejercicio o simplemente hacer compa\u00f1\u00eda, est\u00e1n demostrando ser eficaces para reducir la soledad y mejorar el estado emocional de personas en situaci\u00f3n de aislamiento. Robots asistenciales que ayudan en tareas f\u00edsicas como levantarse, caminar o alimentarse est\u00e1n siendo probados en centros de atenci\u00f3n y domicilios, especialmente en Jap\u00f3n, Corea y algunos pa\u00edses del norte de Europa, con resultados prometedores.<\/span><\/p><p><span style=\"font-weight: 300;\">El Internet de las Cosas (IoT) permite crear entornos inteligentes interconectados que aumentan la seguridad, la comodidad y la autonom\u00eda. Desde sensores de movimiento en el suelo que avisan de ca\u00eddas, hasta neveras que alertan de la caducidad de los alimentos, pasando por sistemas de iluminaci\u00f3n autom\u00e1tica, cerraduras digitales o detectores de humo conectados, el hogar se convierte <\/span><span style=\"font-weight: 300;\">en un espacio activo que colabora en el bienestar de su habitante. Todo ello puede ser gestionado a trav\u00e9s de plataformas integradas accesibles para profesionales, familiares y los propios usuarios.<\/span><\/p><p><span style=\"font-weight: 300;\">Otra aplicaci\u00f3n cada vez m\u00e1s com\u00fan es la teleasistencia avanzada. A trav\u00e9s de altavoces inteligentes, videollamadas automatizadas, tablets simplificadas o aplicaciones espec\u00edficas, se puede mantener una comunicaci\u00f3n constante con los servicios de emergencia, con familiares o con profesionales sociosanitarios. Esto resulta especialmente \u00fatil en zonas rurales como las del \u00e1rea POCTEP, donde la distancia f\u00edsica a los centros sanitarios puede ser una barrera importante.<\/span><\/p><p><span style=\"font-weight: 300;\">En el campo de la salud mental y cognitiva, la IA y la realidad virtual se est\u00e1n utilizando para programas de estimulaci\u00f3n cognitiva personalizados. Plataformas con ejercicios adaptativos que se ajustan al nivel y evoluci\u00f3n del usuario permiten mantener y mejorar funciones ejecutivas, memoria, atenci\u00f3n y lenguaje. Algunas aplicaciones incorporan incluso juegos interactivos que combinan actividad f\u00edsica, desaf\u00edo mental y entretenimiento, mejorando la adherencia y la motivaci\u00f3n.<\/span><\/p><p><span style=\"font-weight: 300;\">Las aplicaciones m\u00f3viles son otra v\u00eda de gran potencial. Existen ya apps espec\u00edficas para el control de medicaci\u00f3n, seguimiento de enfermedades cr\u00f3nicas, gesti\u00f3n de citas m\u00e9dicas, programas de actividad f\u00edsica adaptada o incluso redes sociales dise\u00f1adas para personas mayores. Sin embargo, muchas de estas soluciones fracasan por no haber sido dise\u00f1adas desde la experiencia de usuario s\u00e9nior. La participaci\u00f3n directa de las personas mayores en el dise\u00f1o y prueba de estas herramientas es una condici\u00f3n indispensable para su \u00e9xito.<\/span><\/p><p><span style=\"font-weight: 300;\">Un aspecto clave de esta transformaci\u00f3n es la integraci\u00f3n de todas estas soluciones en plataformas interoperables y seguras, que permitan una gesti\u00f3n coordinada de la informaci\u00f3n y los servicios. La fragmentaci\u00f3n tecnol\u00f3gica y la falta de est\u00e1ndares comunes dificultan muchas veces la escalabilidad de las soluciones. Es necesario avanzar hacia un ecosistema digital sociosanitario com\u00fan, donde los datos fluyan de manera \u00e9tica, segura y \u00fatil entre los distintos actores.<\/span><\/p><p><span style=\"font-weight: 300;\">Por \u00faltimo, la inteligencia artificial puede jugar tambi\u00e9n un papel decisivo en la planificaci\u00f3n de pol\u00edticas p\u00fablicas. A trav\u00e9s del an\u00e1lisis de datos demogr\u00e1ficos, sanitarios, econ\u00f3micos y sociales, se pueden identificar necesidades emergentes, segmentar perfiles de riesgo, evaluar la eficacia de programas y dise\u00f1ar intervenciones m\u00e1s precisas y eficaces. La Silver Economy, en este sentido, no <\/span><span style=\"font-weight: 300;\">solo se beneficia de la tecnolog\u00eda, sino que puede convertirse en un campo de experimentaci\u00f3n de nuevas formas de gobernanza basada en el dato.<\/span><\/p><p><b>Plataformas digitales, alfabetizaci\u00f3n tecnol\u00f3gica y \u00e9tica de la innovaci\u00f3n<\/b><\/p><p><span style=\"font-weight: 300;\">La revoluci\u00f3n Silver Tech no puede comprenderse sin el desarrollo de plataformas digitales que conecten personas, servicios, datos y recursos. Estas plataformas permiten crear redes de cuidados distribuidos, facilitar la gesti\u00f3n del d\u00eda a d\u00eda y fortalecer los v\u00ednculos sociales. En territorios como los del espacio POCTEP, donde los recursos est\u00e1n dispersos y las infraestructuras son limitadas, estas plataformas pueden suponer un salto cualitativo en t\u00e9rminos de eficiencia y equidad.<\/span><\/p><p><span style=\"font-weight: 300;\">Una tipolog\u00eda destacada son las plataformas de coordinaci\u00f3n sociosanitaria, que permiten compartir informaci\u00f3n entre profesionales de la salud, servicios sociales, cuidadores y personas usuarias. Esto mejora la continuidad asistencial, evita duplicidades y permite una atenci\u00f3n m\u00e1s personalizada. Tambi\u00e9n existen plataformas centradas en la gesti\u00f3n de cuidados informales, que permiten coordinar turnos entre familiares, gestionar tareas y detectar sobrecarga.<\/span><\/p><p><span style=\"font-weight: 300;\">Otro tipo de plataformas relevantes son aquellas dedicadas al ocio, la cultura y la participaci\u00f3n social. Plataformas interactivas que ofrecen actividades culturales online, clases de gimnasia adaptada, tertulias, talleres de cocina, visitas virtuales o redes de lectura compartida contribuyen al bienestar emocional y a la integraci\u00f3n social de las personas mayores. Muchas de ellas han ganado relevancia durante la pandemia y han demostrado que la participaci\u00f3n virtual puede ser tambi\u00e9n significativa.<\/span><\/p><p><span style=\"font-weight: 300;\">La participaci\u00f3n c\u00edvica tambi\u00e9n puede ser promovida mediante plataformas digitales. Herramientas de democracia participativa adaptadas a personas mayores, encuestas digitales sobre necesidades y preferencias, redes de voluntariado s\u00e9nior y plataformas de mentor\u00eda intergeneracional son ejemplos de c\u00f3mo la tecnolog\u00eda puede empoderar a las personas mayores como agentes de cambio.<\/span><\/p><p><span style=\"font-weight: 300;\">No obstante, la expansi\u00f3n de estas soluciones requiere un esfuerzo decidido en alfabetizaci\u00f3n digital. La brecha digital intergeneracional sigue siendo uno de los principales obst\u00e1culos para la inclusi\u00f3n tecnol\u00f3gica. Muchas personas mayores no se sienten c\u00f3modas usando dispositivos, no tienen acceso a una conexi\u00f3n estable o directamente nunca han recibido una formaci\u00f3n b\u00e1sica. Por eso, la Silver Tech debe ir acompa\u00f1ada de programas de formaci\u00f3n espec\u00edficos, continuos, accesibles y adaptados a las realidades locales.<\/span><\/p><p><span style=\"font-weight: 300;\">Los espacios de aprendizaje digital deben dise\u00f1arse desde la pedagog\u00eda del respeto y la autonom\u00eda. No se trata solo de ense\u00f1ar a usar una tablet, sino de empoderar a las personas mayores para que utilicen la tecnolog\u00eda como una herramienta de autonom\u00eda, comunicaci\u00f3n y aprendizaje. Iniciativas como los telecentros rurales, las aulas digitales m\u00f3viles o las universidades s\u00e9nior pueden jugar un papel clave en este sentido.<\/span><\/p><p><span style=\"font-weight: 300;\">Un enfoque especialmente interesante es el de la mentor\u00eda inversa, donde j\u00f3venes ense\u00f1an a mayores el uso de tecnolog\u00edas digitales, generando no solo transferencia de conocimiento, sino tambi\u00e9n relaciones intergeneracionales. Estas experiencias, adem\u00e1s, refuerzan la autoestima digital de las personas mayores y reducen el aislamiento.<\/span><\/p><p><span style=\"font-weight: 300;\">La \u00e9tica de la innovaci\u00f3n debe ocupar un lugar central en el desarrollo de la Silver Tech. La tecnolog\u00eda aplicada al envejecimiento no puede centrarse exclusivamente en la eficiencia, sino que debe garantizar derechos, autonom\u00eda y dignidad. Es necesario establecer marcos normativos claros sobre protecci\u00f3n de datos, consentimiento informado, transparencia algor\u00edtmica y no discriminaci\u00f3n. Tambi\u00e9n es importante vigilar el riesgo de sustituci\u00f3n del contacto humano por tecnolog\u00edas fr\u00edas, que pueden incrementar la soledad si no se usan adecuadamente.<\/span><\/p><p><span style=\"font-weight: 300;\">La tecnolog\u00eda debe complementar, no reemplazar. Debe ser un medio para fortalecer la relaci\u00f3n entre personas, no para eliminarla. La combinaci\u00f3n de tecnolog\u00eda y calor humano, de innovaci\u00f3n y empat\u00eda, es la f\u00f3rmula que puede hacer de la Silver Tech un verdadero motor de transformaci\u00f3n social.<\/span><\/p><p><span style=\"font-weight: 300;\">La inversi\u00f3n p\u00fablica es clave para impulsar este sector. Los gobiernos deben liderar mediante compras p\u00fablicas innovadoras, programas de apoyo a startups de impacto social, convocatorias espec\u00edficas de I+D orientadas al envejecimiento y esquemas de financiaci\u00f3n que favorezcan la escalabilidad de soluciones demostradas. Tambi\u00e9n es necesario fomentar la colaboraci\u00f3n entre universidades, centros tecnol\u00f3gicos, empresas, entidades sociales y usuarios finales, creando verdaderos ecosistemas de innovaci\u00f3n Silver Tech en cada territorio.<\/span><\/p><p><span style=\"font-weight: 300;\">En el marco de la cooperaci\u00f3n POCTEP, la Silver Tech puede convertirse en una palanca para el desarrollo regional. Proyectos piloto transfronterizos, plataformas digitales conjuntas, redes de conocimiento compartido, formaci\u00f3n cruzada de profesionales y certificaci\u00f3n conjunta de soluciones <\/span><span style=\"font-weight: 300;\">pueden posicionar a esta regi\u00f3n como un referente en innovaci\u00f3n tecnol\u00f3gica aplicada al envejecimiento.<\/span><\/p><p><span style=\"font-weight: 300;\">En definitiva, la revoluci\u00f3n Silver Tech no es solo una cuesti\u00f3n de dispositivos, algoritmos o sensores. Es una transformaci\u00f3n cultural, social y econ\u00f3mica que redefine el significado de envejecer. Una transformaci\u00f3n que exige visi\u00f3n estrat\u00e9gica, compromiso pol\u00edtico, dise\u00f1o centrado en la persona y participaci\u00f3n activa de quienes viven la longevidad. Porque el futuro de la tecnolog\u00eda ser\u00e1 inclusivo, o no ser\u00e1.<\/span><\/p><\/div>\n\t\t\t\t<\/div>\n\t\t\t\t\t\t\t<div class=\"elementor-accordion-item\">\n\t\t\t\t\t<div id=\"elementor-tab-title-1325\" class=\"elementor-tab-title\" data-tab=\"5\" role=\"button\" aria-controls=\"elementor-tab-content-1325\" aria-expanded=\"false\">\n\t\t\t\t\t\t\t\t\t\t\t\t\t<span class=\"elementor-accordion-icon elementor-accordion-icon-left\" aria-hidden=\"true\">\n\t\t\t\t\t\t\t\t\t\t\t\t\t\t\t<span class=\"elementor-accordion-icon-closed\"><svg class=\"e-font-icon-svg e-fas-chevron-down\" viewBox=\"0 0 448 512\" xmlns=\"http:\/\/www.w3.org\/2000\/svg\"><path d=\"M207.029 381.476L12.686 187.132c-9.373-9.373-9.373-24.569 0-33.941l22.667-22.667c9.357-9.357 24.522-9.375 33.901-.04L224 284.505l154.745-154.021c9.379-9.335 24.544-9.317 33.901.04l22.667 22.667c9.373 9.373 9.373 24.569 0 33.941L240.971 381.476c-9.373 9.372-24.569 9.372-33.942 0z\"><\/path><\/svg><\/span>\n\t\t\t\t\t\t\t\t<span class=\"elementor-accordion-icon-opened\"><svg class=\"e-font-icon-svg e-fas-minus\" viewBox=\"0 0 448 512\" xmlns=\"http:\/\/www.w3.org\/2000\/svg\"><path d=\"M416 208H32c-17.67 0-32 14.33-32 32v32c0 17.67 14.33 32 32 32h384c17.67 0 32-14.33 32-32v-32c0-17.67-14.33-32-32-32z\"><\/path><\/svg><\/span>\n\t\t\t\t\t\t\t\t\t\t\t\t\t\t<\/span>\n\t\t\t\t\t\t\t\t\t\t\t\t<a class=\"elementor-accordion-title\" tabindex=\"0\">Educaci\u00f3n y Aprendizaje Permanente: Silver Learning<\/a>\n\t\t\t\t\t<\/div>\n\t\t\t\t\t<div id=\"elementor-tab-content-1325\" class=\"elementor-tab-content elementor-clearfix\" data-tab=\"5\" role=\"region\" aria-labelledby=\"elementor-tab-title-1325\"><p><strong>Formaci\u00f3n continua y reciclaje de competencias para personas mayores. Participaci\u00f3n en la sociedad del conocimiento y brecha digital.<\/strong><\/p><p><span style=\"font-weight: 300;\">La longevidad est\u00e1 transformando no solo la manera en que vivimos, trabajamos y consumimos, sino tambi\u00e9n la forma en que aprendemos. En un mundo que cambia a un ritmo vertiginoso, donde la tecnolog\u00eda redefine constantemente nuestras rutinas y relaciones, el aprendizaje permanente se ha convertido en una necesidad vital. La educaci\u00f3n ya no puede entenderse como una etapa limitada a la infancia o la juventud: debe concebirse como un proceso continuo, intergeneracional y adaptativo que nos acompa\u00f1a a lo largo de toda la vida. En este contexto, la Silver Economy introduce un nuevo enfoque: el Silver Learning.<\/span><\/p><p><span style=\"font-weight: 300;\">Silver Learning es mucho m\u00e1s que ofrecer cursos para mayores. Es una filosof\u00eda educativa que reconoce el valor del aprendizaje en todas las edades, que rompe con los estereotipos sobre la capacidad cognitiva en la vejez y que reivindica el derecho de las personas mayores a seguir creciendo, explorando, compartiendo y adapt\u00e1ndose. Significa crear entornos formativos accesibles, relevantes y flexibles, donde los intereses, experiencias y ritmos de aprendizaje de las personas mayores sean plenamente respetados.<\/span><\/p><p><span style=\"font-weight: 300;\">En las regiones del espacio de cooperaci\u00f3n POCTEP, este desaf\u00edo es especialmente relevante. La combinaci\u00f3n de envejecimiento poblacional, dispersi\u00f3n territorial y brecha digital exige nuevas soluciones formativas que integren lo presencial y lo virtual, lo formal y lo informal, lo individual y lo comunitario. La educaci\u00f3n permanente para mayores no solo es una herramienta de inclusi\u00f3n social, sino tambi\u00e9n una palanca para el desarrollo econ\u00f3mico, la innovaci\u00f3n social y la construcci\u00f3n de una ciudadan\u00eda activa y cohesionada.<\/span><\/p><p><span style=\"font-weight: 300;\">Silver Learning no es un complemento: es un componente estructural de la Silver Economy. Supone revalorizar el capital humano s\u00e9nior, actualizar competencias, activar talentos dormidos y generar espacios de transmisi\u00f3n intergeneracional de conocimientos. Es tambi\u00e9n una estrategia frente a la soledad, el aislamiento y el edadismo, ya que el aprendizaje conecta, estimula y empodera. Apostar por el aprendizaje a lo largo de la vida es apostar por una sociedad m\u00e1s justa, din\u00e1mica y resiliente ante los retos del envejecimiento.<\/span><\/p><p><b>Formaci\u00f3n continua, reciclaje de competencias y participaci\u00f3n activa<\/b><\/p><p><span style=\"font-weight: 300;\">La prolongaci\u00f3n de la vida activa, ya sea en el \u00e1mbito laboral, voluntario o comunitario, exige un enfoque estructurado de la formaci\u00f3n continua. Muchas personas mayores desean seguir aprendiendo, actualizarse en competencias digitales, participar en actividades culturales o simplemente explorar nuevas \u00e1reas de inter\u00e9s personal. Sin embargo, los sistemas formativos tradicionales raramente est\u00e1n preparados para acoger esta demanda de manera inclusiva.<\/span><\/p><p><span style=\"font-weight: 300;\">En el \u00e1mbito profesional, el reciclaje de competencias es una necesidad acuciante. En sectores como el comercio, la agricultura, la hosteler\u00eda o los servicios sociales, muchas personas mayores de 55 a\u00f1os siguen trabajando o desean reincorporarse al mercado laboral, pero enfrentan barreras importantes para acceder a formaci\u00f3n pertinente. La transici\u00f3n digital y ecol\u00f3gica requiere nuevas capacidades, pero tambi\u00e9n una pedagog\u00eda adaptada a diferentes trayectorias vitales y laborales. Los programas de formaci\u00f3n deben reconocer la experiencia previa, ofrecer itinerarios personalizados y garantizar una atenci\u00f3n accesible tanto en lo geogr\u00e1fico como en lo cognitivo y emocional.<\/span><\/p><p><span style=\"font-weight: 300;\">En este sentido, las microcredenciales, el aprendizaje modular y los certificados de competencias adquiridas por experiencia representan herramientas clave para la inclusi\u00f3n formativa de las personas mayores. Estos formatos flexibles permiten acreditar saberes espec\u00edficos sin necesidad de seguir programas largos o estandarizados, y pueden ser especialmente \u00fatiles en zonas rurales donde la oferta educativa es limitada.<\/span><\/p><p><span style=\"font-weight: 300;\">M\u00e1s all\u00e1 del \u00e1mbito profesional, el Silver Learning debe fomentar tambi\u00e9n el aprendizaje por placer, por bienestar, por curiosidad. Las universidades s\u00e9nior, los talleres culturales, los programas de alfabetizaci\u00f3n digital o los cursos de idiomas adaptados son ejemplos de c\u00f3mo el aprendizaje puede ser una fuente de autoestima, motivaci\u00f3n y conexi\u00f3n social. Es fundamental que estas iniciativas se <\/span><span style=\"font-weight: 300;\">dise\u00f1an con criterios de accesibilidad universal, atenci\u00f3n personalizada y respeto por los intereses de los participantes.<\/span><\/p><p><span style=\"font-weight: 300;\">La dimensi\u00f3n intergeneracional del aprendizaje es otro aspecto fundamental. Los programas que conectan a personas mayores con j\u00f3venes \u2014ya sea en el \u00e1mbito educativo, profesional o comunitario\u2014 permiten construir puentes, desmontar prejuicios y generar ecosistemas de innovaci\u00f3n compartida. La mentor\u00eda inversa, por ejemplo, en la que j\u00f3venes ense\u00f1an habilidades digitales a mayores mientras reciben a cambio conocimientos vitales, es una de las f\u00f3rmulas m\u00e1s eficaces para promover el aprendizaje mutuo y el respeto intergeneracional.<\/span><\/p><p><span style=\"font-weight: 300;\">En el contexto de la Silver Economy, el aprendizaje permanente se convierte tambi\u00e9n en una estrategia de participaci\u00f3n activa. Las personas mayores que aprenden est\u00e1n m\u00e1s informadas, m\u00e1s conectadas, m\u00e1s cr\u00edticas y m\u00e1s comprometidas con su entorno. Esto les permite participar en procesos de deliberaci\u00f3n p\u00fablica, contribuir a iniciativas comunitarias, emprender proyectos propios o actuar como referentes culturales. La formaci\u00f3n c\u00edvica, la educaci\u00f3n ambiental o los programas de liderazgo s\u00e9nior son ejemplos de c\u00f3mo el aprendizaje puede traducirse en acci\u00f3n social.<\/span><\/p><p><span style=\"font-weight: 300;\">Es importante destacar que la formaci\u00f3n continua no debe limitarse a las grandes ciudades. En las zonas rurales del espacio POCTEP, donde la oferta educativa es escasa y las condiciones de acceso m\u00e1s dif\u00edciles, es imprescindible dise\u00f1ar modelos de formaci\u00f3n descentralizados, m\u00f3viles y apoyados en la tecnolog\u00eda. Las aulas digitales rurales, los programas de formaci\u00f3n en centros sociales, las bibliotecas como espacios de aprendizaje o los sistemas de formaci\u00f3n online adaptados son claves para garantizar el derecho a aprender en cualquier territorio.<\/span><\/p><p><span style=\"font-weight: 300;\">Tambi\u00e9n el voluntariado educativo tiene un papel destacado. Personas mayores pueden ense\u00f1ar, acompa\u00f1ar o dinamizar actividades formativas para otras personas mayores, en un modelo de aprendizaje horizontal basado en la confianza y la experiencia compartida. Este enfoque no solo democratiza el conocimiento, sino que refuerza la autoestima de los participantes y fortalece los v\u00ednculos comunitarios.<\/span><\/p><p><span style=\"font-weight: 300;\">La participaci\u00f3n activa de las personas mayores en la sociedad del conocimiento no es solo una cuesti\u00f3n de justicia social. Es tambi\u00e9n una fuente de innovaci\u00f3n, creatividad y sabidur\u00eda. Cada<\/span><\/p><p><span style=\"font-weight: 300;\">persona mayor representa una biograf\u00eda \u00fanica, un archivo viviente de saberes que pueden contribuir al desarrollo local, la memoria colectiva y la cohesi\u00f3n territorial. El Silver Learning no trata solo de ense\u00f1ar: trata tambi\u00e9n de escuchar, reconocer y activar estos saberes.<\/span><\/p><p><b>Brecha digital, acceso al conocimiento y nuevas pedagog\u00edas inclusivas<\/b><\/p><p><span style=\"font-weight: 300;\">La digitalizaci\u00f3n de la sociedad est\u00e1 transformando profundamente la manera en que accedemos al conocimiento, nos comunicamos, trabajamos y nos relacionamos. Sin embargo, este proceso no ha sido igual para todos. Muchas personas mayores se encuentran en situaci\u00f3n de desventaja digital, ya sea por falta de acceso a dispositivos o conexi\u00f3n, por carencia de habilidades tecnol\u00f3gicas o por barreras culturales y emocionales. Esta brecha digital limita su participaci\u00f3n en la sociedad, su acceso a servicios esenciales y su derecho a la informaci\u00f3n y la educaci\u00f3n.<\/span><\/p><p><span style=\"font-weight: 300;\">Cerrar esta brecha digital no es solo una cuesti\u00f3n t\u00e9cnica. Requiere pol\u00edticas integrales que aborden las causas estructurales de la exclusi\u00f3n digital y que promuevan un modelo de alfabetizaci\u00f3n tecnol\u00f3gica centrado en la persona. Esto incluye desde campa\u00f1as de sensibilizaci\u00f3n hasta programas de formaci\u00f3n espec\u00edficos, pasando por la adaptaci\u00f3n de las interfaces, el desarrollo de contenidos relevantes y la creaci\u00f3n de redes de apoyo.<\/span><\/p><p><span style=\"font-weight: 300;\">Los espacios f\u00edsicos de acceso p\u00fablico a la tecnolog\u00eda, como los telecentros, bibliotecas, centros c\u00edvicos o aulas m\u00f3viles, son esenciales para democratizar el acceso al conocimiento. En el \u00e1mbito rural, donde muchas veces no hay cobertura suficiente o los hogares no disponen de conexi\u00f3n, estos espacios se convierten en nodos de inclusi\u00f3n digital. Deben estar dotados de personal cualificado, materiales pedag\u00f3gicos adecuados y una programaci\u00f3n regular adaptada a las necesidades de las personas mayores.<\/span><\/p><p><span style=\"font-weight: 300;\">Las nuevas pedagog\u00edas inclusivas son tambi\u00e9n fundamentales. Ense\u00f1ar a personas mayores no puede hacerse desde una l\u00f3gica infantilizadora ni desde un enfoque utilitarista. Se requiere una pedagog\u00eda del respeto, que reconozca los ritmos, miedos, experiencias y deseos de los aprendices. La empat\u00eda, la paciencia, el acompa\u00f1amiento personalizado y la creaci\u00f3n de grupos de aprendizaje seguros son elementos esenciales para que el aprendizaje sea efectivo y transformador.<\/span><\/p><p><span style=\"font-weight: 300;\">Los dispositivos y plataformas tecnol\u00f3gicas deben dise\u00f1arse tambi\u00e9n desde una perspectiva de accesibilidad cognitiva, sensorial y motriz. Botones grandes, men\u00fas simples, contrastes adecuados, lenguaje claro y sistemas de asistencia integrados son elementos que facilitan el uso de la tecnolog\u00eda por parte de personas con diversas capacidades. La tecnolog\u00eda debe adaptarse a las personas, no al rev\u00e9s.<\/span><\/p><p><span style=\"font-weight: 300;\">Una tendencia emergente es la del aprendizaje digital personalizado a trav\u00e9s de inteligencia artificial. Plataformas educativas que adaptan los contenidos al perfil del usuario, que detectan \u00e1reas de mejora, que ofrecen refuerzo personalizado y que permiten avanzar a ritmo propio pueden ser especialmente \u00fatiles para personas mayores con trayectorias educativas dispares. Estas herramientas deben, sin embargo, ser transparentes, \u00e9ticas y dise\u00f1adas con participaci\u00f3n de sus usuarios potenciales.<\/span><\/p><p><span style=\"font-weight: 300;\">El papel de las instituciones educativas tambi\u00e9n debe repensarse. Las universidades, centros de formaci\u00f3n profesional y escuelas de adultos tienen la responsabilidad de abrirse a la diversidad etaria, de ofrecer programas intergeneracionales, de incorporar metodolog\u00edas participativas y de reconocer los saberes previos de las personas mayores. Las alianzas entre instituciones educativas y entidades sociales pueden ser un motor potente de innovaci\u00f3n educativa.<\/span><\/p><p><span style=\"font-weight: 300;\">En el \u00e1mbito de la cooperaci\u00f3n transfronteriza, existen oportunidades significativas para el desarrollo de programas formativos conjuntos, intercambios educativos s\u00e9nior, plataformas de aprendizaje compartido y redes de conocimiento que integren a personas mayores de ambos lados de la frontera. La lengua, la cultura y la historia com\u00fan son activos que pueden ser aprovechados para generar experiencias de aprendizaje ricas, inclusivas y cohesionadoras.<\/span><\/p><p><span style=\"font-weight: 300;\">El aprendizaje a lo largo de la vida es, en definitiva, un derecho. Un derecho que debe ser garantizado en todas las etapas, en todos los territorios y para todas las personas. En el contexto de la Silver Economy, este derecho se convierte tambi\u00e9n en una estrategia de desarrollo territorial, cohesi\u00f3n social y activaci\u00f3n del talento s\u00e9nior. No hay innovaci\u00f3n sin conocimiento, ni participaci\u00f3n sin acceso a la formaci\u00f3n. Apostar por el Silver Learning es apostar por una sociedad que envejece aprendiendo, y que aprende a envejecer mejor.<\/span><\/p><\/div>\n\t\t\t\t<\/div>\n\t\t\t\t\t\t\t<div class=\"elementor-accordion-item\">\n\t\t\t\t\t<div id=\"elementor-tab-title-1326\" class=\"elementor-tab-title\" data-tab=\"6\" role=\"button\" aria-controls=\"elementor-tab-content-1326\" aria-expanded=\"false\">\n\t\t\t\t\t\t\t\t\t\t\t\t\t<span class=\"elementor-accordion-icon elementor-accordion-icon-left\" aria-hidden=\"true\">\n\t\t\t\t\t\t\t\t\t\t\t\t\t\t\t<span class=\"elementor-accordion-icon-closed\"><svg class=\"e-font-icon-svg e-fas-chevron-down\" viewBox=\"0 0 448 512\" xmlns=\"http:\/\/www.w3.org\/2000\/svg\"><path d=\"M207.029 381.476L12.686 187.132c-9.373-9.373-9.373-24.569 0-33.941l22.667-22.667c9.357-9.357 24.522-9.375 33.901-.04L224 284.505l154.745-154.021c9.379-9.335 24.544-9.317 33.901.04l22.667 22.667c9.373 9.373 9.373 24.569 0 33.941L240.971 381.476c-9.373 9.372-24.569 9.372-33.942 0z\"><\/path><\/svg><\/span>\n\t\t\t\t\t\t\t\t<span class=\"elementor-accordion-icon-opened\"><svg class=\"e-font-icon-svg e-fas-minus\" viewBox=\"0 0 448 512\" xmlns=\"http:\/\/www.w3.org\/2000\/svg\"><path d=\"M416 208H32c-17.67 0-32 14.33-32 32v32c0 17.67 14.33 32 32 32h384c17.67 0 32-14.33 32-32v-32c0-17.67-14.33-32-32-32z\"><\/path><\/svg><\/span>\n\t\t\t\t\t\t\t\t\t\t\t\t\t\t<\/span>\n\t\t\t\t\t\t\t\t\t\t\t\t<a class=\"elementor-accordion-title\" tabindex=\"0\">Movilidad y Accesibilidad: Conectando Generaciones y Territorios<\/a>\n\t\t\t\t\t<\/div>\n\t\t\t\t\t<div id=\"elementor-tab-content-1326\" class=\"elementor-tab-content elementor-clearfix\" data-tab=\"6\" role=\"region\" aria-labelledby=\"elementor-tab-title-1326\"><p><strong>Soluciones de transporte adaptado, movilidad sostenible y accesibilidad universal en territorios urbanos y rurales.<\/strong><\/p><p><span style=\"font-weight: 300;\">La movilidad es mucho m\u00e1s que desplazarse de un punto a otro. Es una condici\u00f3n esencial para la autonom\u00eda personal, la participaci\u00f3n social, el acceso a derechos b\u00e1sicos y la conexi\u00f3n con el entorno. En sociedades que envejecen, la movilidad se convierte en un factor cr\u00edtico para garantizar la calidad de vida de las personas mayores. Poder ir al m\u00e9dico, visitar a familiares, hacer la compra, participar en actividades culturales o simplemente pasear por el barrio depende de que existan entornos y sistemas de transporte accesibles, seguros y adaptados.<\/span><\/p><p><span style=\"font-weight: 300;\">Sin embargo, los actuales modelos de movilidad, dise\u00f1ados hist\u00f3ricamente en funci\u00f3n de la poblaci\u00f3n activa y motorizada, no responden adecuadamente a las necesidades de una poblaci\u00f3n diversa en edades, capacidades y condiciones sociales. Las personas mayores, especialmente en contextos rurales y semiurbanos como los del espacio de cooperaci\u00f3n POCTEP, enfrentan m\u00faltiples barreras: escasez o inexistencia de transporte p\u00fablico, urbanismo disperso, infraestructuras deterioradas, aceras inadecuadas, falta de informaci\u00f3n comprensible y ausencia de soluciones personalizadas. Esto no solo limita su autonom\u00eda, sino que puede provocar aislamiento, dependencia y deterioro acelerado de la salud f\u00edsica y mental.<\/span><\/p><p><span style=\"font-weight: 300;\">La Silver Economy aporta un enfoque diferente: no se trata solo de adaptar el transporte, sino de repensar la movilidad desde la inclusi\u00f3n, la sostenibilidad y la participaci\u00f3n. Es necesario dise\u00f1ar territorios que conecten generaciones, reduzcan las desigualdades y promuevan una movilidad centrada en las personas. Desde soluciones tecnol\u00f3gicas hasta servicios colaborativos, desde redise\u00f1os urbanos hasta pol\u00edticas de gobernanza integradora, el desaf\u00edo es construir un nuevo ecosistema de movilidad y accesibilidad que acompa\u00f1e a las personas en todas las etapas de su vida.<\/span><\/p><p><b>Transporte adaptado, movilidad sostenible y entornos accesibles<\/b><\/p><p><span style=\"font-weight: 300;\">Una de las prioridades fundamentales en la movilidad s\u00e9nior es garantizar el acceso efectivo a medios de transporte adaptados. En muchas zonas del espacio POCTEP, el transporte p\u00fablico convencional es escaso, ineficiente o inexistente. Las personas mayores que no conducen, que han perdido agilidad f\u00edsica o que simplemente no se sienten seguras caminando largas distancias, quedan desconectadas de los servicios b\u00e1sicos y de la vida social.<\/span><\/p><p><span style=\"font-weight: 300;\">Frente a esta realidad, surgen modelos innovadores como el transporte a demanda, que permite ajustar rutas y horarios en funci\u00f3n de la demanda real de usuarios. Este tipo de soluciones, gestionadas mediante plataformas digitales o a trav\u00e9s de agentes locales, pueden ser particularmente \u00fatiles en \u00e1reas rurales, donde la baja densidad de poblaci\u00f3n impide mantener l\u00edneas regulares. Adem\u00e1s, permiten optimizar costes y recursos, al mismo tiempo que ofrecen un servicio personalizado.<\/span><\/p><p><span style=\"font-weight: 300;\">Otra f\u00f3rmula prometedora es la del transporte comunitario, en el que asociaciones locales, cooperativas o entidades sociales gestionan veh\u00edculos adaptados con el apoyo de voluntarios, subvenciones o financiaci\u00f3n h\u00edbrida. Este enfoque no solo resuelve una necesidad pr\u00e1ctica, sino que fortalece los v\u00ednculos comunitarios y genera empleo local. Para que estos modelos sean sostenibles, es necesario que las administraciones p\u00fablicas los reconozcan, regulen y financien adecuadamente.<\/span><\/p><p><span style=\"font-weight: 300;\">El taxi adaptado, el uso compartido de veh\u00edculos (car sharing) y las flotas el\u00e9ctricas municipales tambi\u00e9n pueden jugar un papel relevante, siempre que se garantice su accesibilidad, asequibilidad y disponibilidad. Las bicicletas el\u00e9ctricas de tres ruedas, los scooters de movilidad personal y otros veh\u00edculos ligeros adaptados tambi\u00e9n deben considerarse como parte del ecosistema de movilidad s\u00e9nior, especialmente en peque\u00f1as localidades.<\/span><\/p><p><span style=\"font-weight: 300;\">La tecnolog\u00eda ofrece herramientas clave para la planificaci\u00f3n y gesti\u00f3n de una movilidad inclusiva. Las apps de transporte accesibles, los sistemas de reserva digital simplificados, los mapas de accesibilidad urbana, las plataformas de seguimiento en tiempo real y las soluciones de inteligencia artificial para optimizar rutas pueden mejorar radicalmente la experiencia de movilidad de las personas <\/span><span style=\"font-weight: 300;\">mayores. Es crucial, sin embargo, que estas herramientas est\u00e9n dise\u00f1adas teniendo en cuenta las capacidades digitales del colectivo s\u00e9nior, evitando complejidad innecesaria o interfaces no intuitivas.<\/span><\/p><p><span style=\"font-weight: 300;\">El dise\u00f1o del espacio urbano y rural influye de forma directa en la movilidad. Calles estrechas, mal iluminadas, con obst\u00e1culos o sin zonas de descanso dificultan el desplazamiento y generan inseguridad. Por eso, la accesibilidad universal debe ser un principio rector en el urbanismo. Esto incluye aceras amplias y continuas, rampas, pasos de peatones bien se\u00f1alizados, mobiliario urbano adecuado, ba\u00f1os p\u00fablicos accesibles y sistemas de orientaci\u00f3n t\u00e1ctil y visual. Una ciudad o un pueblo accesible es tambi\u00e9n m\u00e1s amable para ni\u00f1os, personas con discapacidad, mujeres embarazadas o cualquier persona en situaci\u00f3n de vulnerabilidad temporal.<\/span><\/p><p><span style=\"font-weight: 300;\">La movilidad peatonal merece una atenci\u00f3n especial. Caminar no es solo un modo de transporte, sino una fuente de salud, autonom\u00eda y bienestar. Fomentar entornos caminables, seguros y estimulantes es una estrategia de salud p\u00fablica que beneficia a toda la sociedad. En este sentido, las pol\u00edticas de \u201cciudades de los 15 minutos\u201d \u2014que buscan que todos los servicios esenciales est\u00e9n al alcance caminando\u2014 pueden ser muy eficaces para garantizar la inclusi\u00f3n de las personas mayores.<\/span><\/p><p><span style=\"font-weight: 300;\">En zonas rurales, donde las distancias son mayores y los servicios est\u00e1n m\u00e1s dispersos, la accesibilidad debe pensarse de manera m\u00e1s compleja. No basta con adaptar el transporte: es necesario acercar los servicios a las personas. Esto implica desarrollar unidades m\u00f3viles de atenci\u00f3n, digitalizar gestiones administrativas, fomentar la atenci\u00f3n domiciliaria, habilitar espacios comunitarios multifuncionales y promover modelos de proximidad que reduzcan la necesidad de desplazamientos.<\/span><\/p><p><span style=\"font-weight: 300;\">La conexi\u00f3n entre municipios, centros de salud, oficinas administrativas, farmacias y espacios de socializaci\u00f3n debe ser una prioridad en la planificaci\u00f3n del transporte regional. La falta de conexi\u00f3n territorial no solo afecta a las personas mayores, sino tambi\u00e9n a quienes las cuidan, limitando su capacidad de actuar con eficacia.<\/span><\/p><p><span style=\"font-weight: 300;\">En todos los casos, la participaci\u00f3n de las personas mayores en la planificaci\u00f3n y evaluaci\u00f3n de las pol\u00edticas de movilidad es clave. Solo desde su experiencia cotidiana se pueden detectar las barreras reales, las prioridades sentidas y las soluciones viables. La movilidad no puede dise\u00f1arse desde un despacho: debe construirse con quienes la viven.<\/span><\/p><p><span style=\"font-weight: 300;\">La sostenibilidad ambiental tambi\u00e9n debe integrarse como criterio b\u00e1sico. La promoci\u00f3n de veh\u00edculos el\u00e9ctricos, la electrificaci\u00f3n del transporte p\u00fablico, la gesti\u00f3n eficiente de las rutas y el fomento del transporte activo (caminar, bicicleta) no son solo medidas ecol\u00f3gicas, sino tambi\u00e9n formas de garantizar un entorno m\u00e1s saludable, silencioso y seguro para las personas mayores.<\/span><\/p><p><span style=\"font-weight: 300;\">Por \u00faltimo, es fundamental trabajar en la percepci\u00f3n subjetiva de la movilidad. Sentirse capaz de moverse, de orientarse, de resolver imprevistos o de pedir ayuda cuando sea necesario es tan importante como las infraestructuras en s\u00ed mismas. Por ello, deben dise\u00f1arse campa\u00f1as de sensibilizaci\u00f3n, talleres de autonom\u00eda urbana, redes de apoyo en tr\u00e1nsito y estrategias de empoderamiento que refuercen la confianza de las personas mayores en sus desplazamientos.<\/span><\/p><p><span style=\"font-weight: 300;\">Una movilidad adecuada no es solo un derecho. Es un componente esencial de la dignidad, la libertad y la participaci\u00f3n. En una sociedad que envejece, invertir en movilidad inclusiva es invertir en cohesi\u00f3n social, justicia territorial y calidad democr\u00e1tica.<\/span><\/p><\/div>\n\t\t\t\t<\/div>\n\t\t\t\t\t\t\t<div class=\"elementor-accordion-item\">\n\t\t\t\t\t<div id=\"elementor-tab-title-1327\" class=\"elementor-tab-title\" data-tab=\"7\" role=\"button\" aria-controls=\"elementor-tab-content-1327\" aria-expanded=\"false\">\n\t\t\t\t\t\t\t\t\t\t\t\t\t<span class=\"elementor-accordion-icon elementor-accordion-icon-left\" aria-hidden=\"true\">\n\t\t\t\t\t\t\t\t\t\t\t\t\t\t\t<span class=\"elementor-accordion-icon-closed\"><svg class=\"e-font-icon-svg e-fas-chevron-down\" viewBox=\"0 0 448 512\" xmlns=\"http:\/\/www.w3.org\/2000\/svg\"><path d=\"M207.029 381.476L12.686 187.132c-9.373-9.373-9.373-24.569 0-33.941l22.667-22.667c9.357-9.357 24.522-9.375 33.901-.04L224 284.505l154.745-154.021c9.379-9.335 24.544-9.317 33.901.04l22.667 22.667c9.373 9.373 9.373 24.569 0 33.941L240.971 381.476c-9.373 9.372-24.569 9.372-33.942 0z\"><\/path><\/svg><\/span>\n\t\t\t\t\t\t\t\t<span class=\"elementor-accordion-icon-opened\"><svg class=\"e-font-icon-svg e-fas-minus\" viewBox=\"0 0 448 512\" xmlns=\"http:\/\/www.w3.org\/2000\/svg\"><path d=\"M416 208H32c-17.67 0-32 14.33-32 32v32c0 17.67 14.33 32 32 32h384c17.67 0 32-14.33 32-32v-32c0-17.67-14.33-32-32-32z\"><\/path><\/svg><\/span>\n\t\t\t\t\t\t\t\t\t\t\t\t\t\t<\/span>\n\t\t\t\t\t\t\t\t\t\t\t\t<a class=\"elementor-accordion-title\" tabindex=\"0\">Turismo y Cultura Silver: Nuevos Modelos de Ocio<\/a>\n\t\t\t\t\t<\/div>\n\t\t\t\t\t<div id=\"elementor-tab-content-1327\" class=\"elementor-tab-content elementor-clearfix\" data-tab=\"7\" role=\"region\" aria-labelledby=\"elementor-tab-title-1327\"><p><strong>Dise\u00f1o de experiencias tur\u00edsticas, culturales y de ocio intergeneracional adaptadas a los intereses y capacidades del p\u00fablico senior.<\/strong><\/p><p><span style=\"font-weight: 300;\">El aumento de la esperanza de vida y la mejora en las condiciones de salud y bienestar de las personas mayores ha generado un fen\u00f3meno sociocultural sin precedentes: la consolidaci\u00f3n de un p\u00fablico s\u00e9nior activo, aut\u00f3nomo, diverso y con capacidad de consumo, que demanda experiencias de ocio, turismo y cultura adaptadas a sus intereses y ritmos vitales. Esta transformaci\u00f3n no solo representa un cambio en los h\u00e1bitos de consumo, sino tambi\u00e9n una gran oportunidad para redise\u00f1ar las industrias del ocio desde una perspectiva intergeneracional, accesible y territorialmente inclusiva.<\/span><\/p><p><span style=\"font-weight: 300;\">El turismo y la cultura han sido tradicionalmente concebidos como actividades asociadas a la juventud, la aventura o el consumo intensivo. Sin embargo, en el contexto de la Silver Economy, estos sectores se reconfiguran como espacios de encuentro, bienestar, aprendizaje y participaci\u00f3n. Las personas mayores ya no son visitantes pasivos ni consumidores homog\u00e9neos: son protagonistas que buscan experiencias con sentido, contacto con el patrimonio natural y cultural, opciones saludables y entornos seguros. La longevidad no reduce el deseo de viajar, explorar o disfrutar, sino que redefine sus formas.<\/span><\/p><p><span style=\"font-weight: 300;\">En los territorios del espacio de cooperaci\u00f3n POCTEP, donde la riqueza patrimonial, paisaj\u00edstica y cultural es extraordinaria, pero la poblaci\u00f3n est\u00e1 envejecida y dispersa, el turismo y la cultura silver se presentan como motores estrat\u00e9gicos de desarrollo local. Aprovechar esta oportunidad implica dise\u00f1ar productos tur\u00edsticos y culturales que tengan en cuenta las capacidades f\u00edsicas, los intereses tem\u00e1ticos y las expectativas emocionales del p\u00fablico s\u00e9nior, al tiempo que se fomenta la inclusi\u00f3n intergeneracional y la sostenibilidad del modelo.<\/span><\/p><p><span style=\"font-weight: 300;\">La Silver Economy aplicada al ocio no es un segmento de nicho: es una estrategia transversal que impulsa la innovaci\u00f3n, fortalece la cohesi\u00f3n social y revitaliza los territorios. Para ello, es necesario romper con los estereotipos sobre el envejecimiento, profesionalizar la oferta cultural y tur\u00edstica para mayores y generar un ecosistema de servicios, contenidos y tecnolog\u00edas que conviertan a las personas mayores en agentes activos de la vida cultural y tur\u00edstica de sus regiones.<\/span><\/p><p><b>Dise\u00f1o de experiencias inclusivas y accesibles<\/b><\/p><p><span style=\"font-weight: 300;\">El turismo s\u00e9nior ha experimentado un crecimiento sostenido. Personas mayores de 60 a\u00f1os viajan m\u00e1s, eligen mejor y demandan propuestas ajustadas a sus capacidades e intereses. Para responder a esta realidad, los destinos deben adaptar su oferta en m\u00faltiples niveles. La accesibilidad f\u00edsica es el primer eslab\u00f3n: se\u00f1alizaci\u00f3n clara, rutas sin barreras, transporte adaptado, hoteles accesibles, servicios m\u00e9dicos cercanos y espacios de descanso deben ser la norma. A esto se suma la accesibilidad cognitiva, que implica el uso de lenguaje claro, informaci\u00f3n visual adecuada, gu\u00edas adaptadas y personal formado en atenci\u00f3n inclusiva.<\/span><\/p><p><span style=\"font-weight: 300;\">Adem\u00e1s, el ritmo, el tiempo y la sensibilidad deben guiar la programaci\u00f3n. Las personas mayores valoran la comodidad, los horarios flexibles, los grupos reducidos y la cercan\u00eda emocional en el trato. Las visitas culturales deben evitar recorridos excesivamente largos, ofrecer asientos, pausas y permitir la interacci\u00f3n desde la experiencia. Tambi\u00e9n se valoran los servicios que facilitan la planificaci\u00f3n previa, como la reserva anticipada, la informaci\u00f3n completa en papel y digital, y la posibilidad de contactar con un punto de referencia.<\/span><\/p><p><span style=\"font-weight: 300;\">En cuanto al contenido, debe romperse con la visi\u00f3n homog\u00e9nea del turismo s\u00e9nior. No todas las personas mayores buscan lo mismo. Algunas quieren relajarse, otras buscan aventura, cultura o espiritualidad. Por eso es clave segmentar la oferta y construir experiencias diferenciadas: rutas literarias, talleres de gastronom\u00eda tradicional, visitas a bodegas, senderismo suave, termalismo, patrimonio inmaterial o fotograf\u00eda de naturaleza, entre otras. La clave est\u00e1 en ofrecer opciones que combinen emoci\u00f3n, conocimiento y bienestar.<\/span><\/p><p><span style=\"font-weight: 300;\">El turismo de cercan\u00eda y de baja intensidad puede ser una gran oportunidad para los territorios POCTEP. Evita las aglomeraciones, favorece el contacto con la comunidad local, reduce la huella <\/span><span style=\"font-weight: 300;\">ecol\u00f3gica y responde al deseo de muchas personas mayores de reconectar con la naturaleza, la memoria y las ra\u00edces culturales. Adem\u00e1s, puede complementarse con estancias de larga duraci\u00f3n, turismo de temporada baja y experiencias personalizadas.<\/span><\/p><p><b>Cultura activa, participaci\u00f3n y transmisi\u00f3n intergeneracional<\/b><\/p><p><span style=\"font-weight: 300;\">La cultura no solo se consume: se vive, se crea y se comparte. Las personas mayores tienen mucho que aportar al ecosistema cultural de sus territorios. Su experiencia vital, su memoria, su creatividad y su tiempo disponible son activos fundamentales para enriquecer la vida cultural local. Sin embargo, para que puedan hacerlo, es necesario crear entornos accesibles, seguros y emocionalmente acogedores donde puedan participar con plena dignidad.<\/span><\/p><p><span style=\"font-weight: 300;\">Las bibliotecas, centros culturales, museos, teatros, asociaciones vecinales y universidades populares deben incluir a las personas mayores como protagonistas. Esto implica programar actividades orientadas a sus intereses, ofrecer talleres creativos, habilitar espacios de aprendizaje y facilitar su participaci\u00f3n como voluntarios, mediadores, formadores o creadores. Las personas mayores pueden dirigir grupos de teatro, documentar historias locales, organizar exposiciones, coordinar clubes de lectura o dise\u00f1ar rutas culturales desde su propia vivencia del territorio.<\/span><\/p><p><span style=\"font-weight: 300;\">Adem\u00e1s, la cultura puede ser un puente intergeneracional de enorme valor. Programas que conectan generaciones mediante el arte, la m\u00fasica, la gastronom\u00eda, el cine o la narrativa permiten desmontar estereotipos, generar v\u00ednculos y fomentar el respeto mutuo. La cultura compartida es una herramienta poderosa de inclusi\u00f3n. Proyectos como talleres en los que mayores ense\u00f1an a j\u00f3venes oficios tradicionales, concursos de relatos intergeneracionales, bancos de memoria o documentales colaborativos son f\u00f3rmulas que est\u00e1n dando excelentes resultados en m\u00faltiples territorios.<\/span><\/p><p><span style=\"font-weight: 300;\">Los dispositivos digitales y las redes sociales tambi\u00e9n pueden contribuir. Las personas mayores pueden compartir sus conocimientos, creaciones y vivencias a trav\u00e9s de blogs, p\u00f3dcast, canales de <\/span><\/p><p><span style=\"font-weight: 300;\">v\u00eddeo o plataformas culturales online. Si se les apoya en el acceso y uso de estas herramientas, se convierten en emisores activos de cultura, no solo en consumidores. La digitalizaci\u00f3n puede ser una aliada, siempre que se combinen interfaces intuitivas con formaci\u00f3n accesible y acompa\u00f1amiento.<\/span><\/p><p><span style=\"font-weight: 300;\">Por otro lado, la programaci\u00f3n cultural para mayores debe superar el enfoque asistencialista. No se trata solo de \u201centretener\u201d o \u201cacompa\u00f1ar\u201d, sino de abrir espacios de expresi\u00f3n, creaci\u00f3n y reflexi\u00f3n. Las personas mayores desean participar con sentido, ser escuchadas y reconocidas. La cultura puede ser el veh\u00edculo para abordar temas como la soledad, la identidad, el paso del tiempo, la espiritualidad o la historia local. Una buena pol\u00edtica cultural s\u00e9nior debe estar basada en la escucha, el respeto y la colaboraci\u00f3n.<\/span><\/p><p><b>Ocio con identidad territorial y oportunidades para el desarrollo local<\/b><\/p><p><span style=\"font-weight: 300;\">El ocio s\u00e9nior tambi\u00e9n es una palanca econ\u00f3mica. Las personas mayores viajan m\u00e1s fuera de temporada alta, pernoctan m\u00e1s tiempo, gastan en servicios complementarios y valoran la autenticidad, lo local y la atenci\u00f3n personalizada. Esto supone una gran oportunidad para los peque\u00f1os municipios, comarcas rurales y destinos poco masificados del espacio POCTEP, que pueden especializarse en productos tur\u00edsticos y culturales para este p\u00fablico creciente.<\/span><\/p><p><span style=\"font-weight: 300;\">El turismo gastron\u00f3mico, por ejemplo, puede integrar visitas a productores locales, talleres de cocina tradicional, catas de productos aut\u00f3ctonos, mercados de proximidad y experiencias sensoriales. El turismo cultural puede girar en torno a fiestas populares, patrimonio inmaterial, romer\u00edas, danzas y saberes tradicionales. El turismo de salud y bienestar puede basarse en balnearios, caminatas conscientes, ba\u00f1os de bosque o yoga en la naturaleza. Todo esto, si se dise\u00f1a con el enfoque adecuado, puede atraer a personas mayores activas en busca de experiencias aut\u00e9nticas.<\/span><\/p><p><span style=\"font-weight: 300;\">El desarrollo de estas iniciativas puede generar empleo local, dinamizar negocios rurales, poner en valor productos del territorio y fortalecer el tejido asociativo. Las personas mayores no son solo consumidoras: tambi\u00e9n pueden ser gu\u00edas, anfitrionas, productoras culturales o impulsoras de proyectos de emprendimiento s\u00e9nior. La creaci\u00f3n de microempresas culturales y tur\u00edsticas lideradas por mayores, en alianza con j\u00f3venes, es una f\u00f3rmula potente para reactivar el territorio desde una l\u00f3gica intergeneracional.<\/span><\/p><p><span style=\"font-weight: 300;\">La cooperaci\u00f3n transfronteriza puede ser clave para generar productos conjuntos, visibilizar destinos poco conocidos, compartir buenas pr\u00e1cticas y formar redes de agentes culturales y tur\u00edsticos que trabajen con perspectiva Silver. Una ruta cultural hispano-portuguesa dise\u00f1ada para mayores, un <\/span><span style=\"font-weight: 300;\">festival art\u00edstico intergeneracional, una red de alojamientos adaptados o un programa de intercambio cultural s\u00e9nior son ejemplos viables que pueden tener gran impacto en el territorio POCTEP.<\/span><\/p><p><span style=\"font-weight: 300;\">Una estrategia de turismo y cultura Silver no debe improvisarse. Debe formar parte de una pol\u00edtica p\u00fablica integral que involucre a municipios, asociaciones culturales, empresas, centros de formaci\u00f3n, universidades y ciudadan\u00eda. Requiere formaci\u00f3n especializada, innovaci\u00f3n metodol\u00f3gica, financiaci\u00f3n estable y una narrativa que rompa con el edadismo. Pero sobre todo, requiere escuchar a las personas mayores, contar con ellas desde el dise\u00f1o hasta la evaluaci\u00f3n, y entender que el ocio no es un lujo, sino un derecho ligado a la dignidad y la calidad de vida.<\/span><\/p><\/div>\n\t\t\t\t<\/div>\n\t\t\t\t\t\t\t<div class=\"elementor-accordion-item\">\n\t\t\t\t\t<div id=\"elementor-tab-title-1328\" class=\"elementor-tab-title\" data-tab=\"8\" role=\"button\" aria-controls=\"elementor-tab-content-1328\" aria-expanded=\"false\">\n\t\t\t\t\t\t\t\t\t\t\t\t\t<span class=\"elementor-accordion-icon elementor-accordion-icon-left\" aria-hidden=\"true\">\n\t\t\t\t\t\t\t\t\t\t\t\t\t\t\t<span class=\"elementor-accordion-icon-closed\"><svg class=\"e-font-icon-svg e-fas-chevron-down\" viewBox=\"0 0 448 512\" xmlns=\"http:\/\/www.w3.org\/2000\/svg\"><path d=\"M207.029 381.476L12.686 187.132c-9.373-9.373-9.373-24.569 0-33.941l22.667-22.667c9.357-9.357 24.522-9.375 33.901-.04L224 284.505l154.745-154.021c9.379-9.335 24.544-9.317 33.901.04l22.667 22.667c9.373 9.373 9.373 24.569 0 33.941L240.971 381.476c-9.373 9.372-24.569 9.372-33.942 0z\"><\/path><\/svg><\/span>\n\t\t\t\t\t\t\t\t<span class=\"elementor-accordion-icon-opened\"><svg class=\"e-font-icon-svg e-fas-minus\" viewBox=\"0 0 448 512\" xmlns=\"http:\/\/www.w3.org\/2000\/svg\"><path d=\"M416 208H32c-17.67 0-32 14.33-32 32v32c0 17.67 14.33 32 32 32h384c17.67 0 32-14.33 32-32v-32c0-17.67-14.33-32-32-32z\"><\/path><\/svg><\/span>\n\t\t\t\t\t\t\t\t\t\t\t\t\t\t<\/span>\n\t\t\t\t\t\t\t\t\t\t\t\t<a class=\"elementor-accordion-title\" tabindex=\"0\">Emprendimiento y Econom\u00eda Plateada: Generar Valor en Todas las Edades<\/a>\n\t\t\t\t\t<\/div>\n\t\t\t\t\t<div id=\"elementor-tab-content-1328\" class=\"elementor-tab-content elementor-clearfix\" data-tab=\"8\" role=\"region\" aria-labelledby=\"elementor-tab-title-1328\"><p><strong>Fomento del emprendimiento senior, intraemprendimiento en el sector de los cuidados y creaci\u00f3n de nuevos modelos de negocio ligados a la longevidad.<\/strong><\/p><p><span style=\"font-weight: 300;\">La prolongaci\u00f3n de la vida, lejos de representar una carga para las econom\u00edas contempor\u00e1neas, constituye una oportunidad extraordinaria para reinventar los modelos productivos, redefinir los perfiles emprendedores y activar nuevos nichos de mercado. El envejecimiento de la poblaci\u00f3n no debe entenderse como un desaf\u00edo pasivo, sino como un activo que impulsa la innovaci\u00f3n, el emprendimiento y el desarrollo econ\u00f3mico sostenible. La Silver Economy nos invita a mirar a las personas mayores no como un colectivo vulnerable, sino como generadoras de valor, creadoras de conocimiento y protagonistas de nuevas formas de hacer empresa.<\/span><\/p><p><span style=\"font-weight: 300;\">Tradicionalmente, el emprendimiento ha sido asociado con la juventud, la energ\u00eda disruptiva y la exploraci\u00f3n de nuevas fronteras tecnol\u00f3gicas. Sin embargo, cada vez m\u00e1s estudios y experiencias demuestran que el emprendimiento s\u00e9nior posee caracter\u00edsticas diferenciales de alto valor: madurez emocional, redes sociales consolidadas, conocimiento sectorial acumulado, enfoque realista, compromiso social y capacidad para generar confianza. Adem\u00e1s, en muchos casos, las personas mayores emprenden no por necesidad econ\u00f3mica, sino por vocaci\u00f3n, prop\u00f3sito o deseo de contribuir a su entorno.<\/span><\/p><p><span style=\"font-weight: 300;\">En los territorios del espacio POCTEP, marcados por la despoblaci\u00f3n, el envejecimiento demogr\u00e1fico y la falta de oportunidades laborales, el emprendimiento s\u00e9nior puede desempe\u00f1ar un papel decisivo en la reactivaci\u00f3n econ\u00f3mica y social. Las personas mayores pueden poner en marcha iniciativas productivas ligadas a los cuidados, la cultura, el turismo, la artesan\u00eda, la agroalimentaci\u00f3n o la econom\u00eda circular, aportando experiencia, arraigo territorial y modelos de negocio sostenibles. Si se <\/span><span style=\"font-weight: 300;\">crean las condiciones adecuadas, la econom\u00eda plateada puede ser una v\u00eda para fijar poblaci\u00f3n, recuperar saberes locales y fortalecer el tejido econ\u00f3mico de base.<\/span><\/p><p><span style=\"font-weight: 300;\">La econom\u00eda plateada no es solo un conjunto de servicios para personas mayores. Es una econom\u00eda en la que las personas mayores participan, producen, consumen, innovan y lideran. Esto implica pol\u00edticas p\u00fablicas espec\u00edficas, programas de apoyo financiero y t\u00e9cnico, redes de colaboraci\u00f3n intergeneracional y marcos fiscales y laborales que reconozcan el valor del emprendimiento en todas las etapas de la vida. Emprender a los 60, a los 70 o incluso a los 80 no solo es posible, sino que puede ser altamente rentable para el conjunto de la sociedad.<\/span><\/p><p><b>Nuevos perfiles emprendedores y motivaciones s\u00e9nior<\/b><\/p><p><span style=\"font-weight: 300;\">Las personas mayores emprendedoras no responden a un \u00fanico perfil. Existen quienes, tras una larga carrera profesional, desean emprender para aplicar su experiencia a un nuevo proyecto personal o social. Otros buscan completar su pensi\u00f3n con una actividad flexible y significativa. Algunos se ven forzados a reinventarse tras perder su empleo en edades avanzadas. Y hay quienes, simplemente, descubren una pasi\u00f3n tard\u00eda que desean convertir en un modo de vida. Esta diversidad de trayectorias debe ser reconocida y valorada en el dise\u00f1o de pol\u00edticas de apoyo.<\/span><\/p><p><span style=\"font-weight: 300;\">Una caracter\u00edstica com\u00fan del emprendimiento s\u00e9nior es la orientaci\u00f3n a proyectos con sentido, impacto social o vinculaci\u00f3n territorial. Frente a los modelos de negocio escalables y tecnol\u00f3gicos m\u00e1s t\u00edpicos de la juventud emprendedora, los mayores suelen apostar por iniciativas m\u00e1s s\u00f3lidas, de desarrollo lento, pero sostenibles en el tiempo. En muchos casos, priorizan la utilidad sobre el beneficio, el legado sobre la velocidad y la calidad de vida sobre el crecimiento a toda costa.<\/span><\/p><p><span style=\"font-weight: 300;\">Este enfoque no debe ser visto como una limitaci\u00f3n, sino como una ventaja competitiva. En un contexto donde se valoran cada vez m\u00e1s los negocios con prop\u00f3sito, los proyectos conectados con el territorio y las econom\u00edas circulares, los emprendimientos s\u00e9nior pueden aportar autenticidad, fiabilidad y profundidad. Adem\u00e1s, tienen menor aversi\u00f3n al fracaso, mejor tolerancia a la incertidumbre y gran capacidad para gestionar relaciones humanas complejas.<\/span><\/p><p><span style=\"font-weight: 300;\">Otro rasgo diferenciador es la experiencia sectorial acumulada. Muchas personas mayores que emprenden lo hacen en \u00e1mbitos que conocen bien: cuidados, hosteler\u00eda, formaci\u00f3n, agricultura, <\/span><span style=\"font-weight: 300;\">comercio local, salud, cultura o turismo. Esto reduce los riesgos, mejora la calidad del servicio y facilita la creaci\u00f3n de redes de confianza. El conocimiento t\u00e1cito que acumulan es un activo clave que puede marcar la diferencia.<\/span><\/p><p><span style=\"font-weight: 300;\">Sin embargo, estas fortalezas conviven con barreras importantes: desconocimiento de las nuevas formas de financiaci\u00f3n, falta de competencias digitales, escasa adaptaci\u00f3n de las pol\u00edticas de emprendimiento a este colectivo, estereotipos edadistas y limitada visibilidad de referentes s\u00e9nior en el ecosistema emprendedor. Por ello, se requieren programas espec\u00edficos que acompa\u00f1en al emprendedor s\u00e9nior desde sus propias necesidades, con metodolog\u00edas adaptadas, mentores con perfiles afines y circuitos de validaci\u00f3n m\u00e1s flexibles.<\/span><\/p><p><span style=\"font-weight: 300;\">El intraemprendimiento s\u00e9nior tambi\u00e9n merece atenci\u00f3n. Muchas personas mayores siguen trabajando en empresas o entidades, y tienen ideas, propuestas y capacidades para liderar mejoras, nuevos servicios o l\u00edneas de negocio. Crear espacios que reconozcan y canalicen este talento puede generar innovaci\u00f3n interna y aumentar la productividad y la motivaci\u00f3n del equipo.<\/span><\/p><p>\u00a0<\/p><p><b>Sectores estrat\u00e9gicos y modelos de negocio vinculados a la Silver Economy<\/b><\/p><p><span style=\"font-weight: 300;\">La econom\u00eda plateada abarca una gran variedad de sectores econ\u00f3micos donde el p\u00fablico s\u00e9nior es consumidor, pero tambi\u00e9n productor. Identificar estas \u00e1reas es clave para canalizar el emprendimiento y orientar las pol\u00edticas de apoyo. Entre los sectores m\u00e1s estrat\u00e9gicos destacan los siguientes:<\/span><\/p><ol><li style=\"font-weight: 300;\" aria-level=\"1\"><span style=\"font-weight: 300;\"><strong>Servicios de cuidado y atenci\u00f3n<\/strong>: iniciativas que ofrecen atenci\u00f3n domiciliaria, asistencia personalizada, acompa\u00f1amiento en movilidad, estimulaci\u00f3n cognitiva, cuidado emocional o coordinaci\u00f3n sociosanitaria. Aqu\u00ed, las personas mayores pueden participar como emprendedoras, cuidadoras, mentoras o gestoras.<\/span><span style=\"font-weight: 300;\"><br \/><\/span><\/li><li style=\"font-weight: 300;\" aria-level=\"1\"><span style=\"font-weight: 300;\"><strong>Turismo s\u00e9nior:<\/strong> desarrollo de alojamientos adaptados, rutas tem\u00e1ticas, experiencias culturales o viajes de temporada baja orientados a personas mayores activas. Muchas veces impulsados por personas mayores que conocen el territorio y entienden las necesidades de este perfil.<\/span><\/li><li style=\"font-weight: 300;\" aria-level=\"1\"><span style=\"font-weight: 300;\"><strong>Formaci\u00f3n y mentor\u00eda:<\/strong> programas de alfabetizaci\u00f3n digital, orientaci\u00f3n vocacional, educaci\u00f3n intergeneracional, recuperaci\u00f3n de oficios tradicionales o transmisi\u00f3n de conocimientos t\u00e9cnicos. El capital intelectual de las personas mayores es una fuente inagotable de valor formativo.<\/span><\/li><li style=\"font-weight: 300;\" aria-level=\"1\"><span style=\"font-weight: 300;\"><strong>Econom\u00eda circular y agroalimentaci\u00f3n:<\/strong> proyectos ligados al cultivo ecol\u00f3gico, transformaci\u00f3n artesanal, mercados de proximidad o reutilizaci\u00f3n de recursos locales. El saber hacer acumulado y la conexi\u00f3n con el territorio hacen del emprendimiento s\u00e9nior un motor en esta \u00e1rea.<\/span><\/li><li style=\"font-weight: 300;\" aria-level=\"1\"><span style=\"font-weight: 300;\"><strong>Cultura, patrimonio y creatividad:<\/strong> generaci\u00f3n de contenidos culturales, archivo de memoria oral, rutas hist\u00f3ricas, producci\u00f3n art\u00edstica o divulgaci\u00f3n del patrimonio. Las personas mayores pueden ser protagonistas de una oferta cultural con ra\u00edz y proyecci\u00f3n.<\/span><\/li><li style=\"font-weight: 300;\" aria-level=\"1\"><span style=\"font-weight: 300;\"><strong>Innovaci\u00f3n en productos y servicios para mayores:<\/strong> desarrollo de soluciones tecnol\u00f3gicas accesibles, dise\u00f1o de mobiliario ergon\u00f3mico, moda adaptada, nutrici\u00f3n funcional o herramientas digitales orientadas al envejecimiento activo. Qui\u00e9n mejor para dise\u00f1ar estos productos que quienes los usar\u00e1n.<\/span><\/li><\/ol><p>Estos sectores, lejos de ser marginales, representan una parte creciente del PIB y del empleo en las econom\u00edas avanzadas. Invertir en su profesionalizaci\u00f3n, escalabilidad y visibilidad es una apuesta por una econom\u00eda m\u00e1s humana, resiliente y alineada con los retos demogr\u00e1ficos.<\/p><p><span style=\"font-weight: 300;\">Adem\u00e1s, el emprendimiento s\u00e9nior puede estructurarse en formatos diversos: microempresas individuales, cooperativas, empresas sociales, asociaciones con actividad econ\u00f3mica o alianzas intergeneracionales. La diversidad organizativa es una fortaleza que permite adaptarse a contextos rurales, a trayectorias vitales distintas y a modelos de negocio no convencionales.<\/span><\/p><p><span style=\"font-weight: 300;\">En el espacio POCTEP, muchos de estos sectores est\u00e1n vinculados a la identidad local, la econom\u00eda rural y los saberes tradicionales. Promover el emprendimiento s\u00e9nior en estas \u00e1reas puede ayudar a preservar el patrimonio inmaterial, revitalizar pueblos envejecidos y construir cadenas de valor de\u00a0 <\/span><span style=\"font-weight: 300;\">proximidad. Adem\u00e1s, las sinergias entre Espa\u00f1a y Portugal permiten crear productos tur\u00edsticos, culturales o agroalimentarios transfronterizos que aprovechen la complementariedad de los territorios.<\/span><\/p><p><b>Ecosistemas de apoyo, financiaci\u00f3n y pol\u00edticas p\u00fablicas inclusivas<\/b><\/p><p><span style=\"font-weight: 300;\">Para que el emprendimiento s\u00e9nior despliegue todo su potencial, es necesario construir ecosistemas de apoyo espec\u00edficos, sensibles a las caracter\u00edsticas y necesidades de este colectivo. Esto implica, en primer lugar, la visibilidad: mostrar referentes, compartir historias inspiradoras, combatir el edadismo y legitimar p\u00fablicamente que emprender a cualquier edad es posible y deseable.<\/span><\/p><p><span style=\"font-weight: 300;\">En segundo lugar, se requiere una oferta formativa adaptada. No basta con replicar los programas de emprendimiento juvenil. Hay que dise\u00f1ar itinerarios formativos que valoren la experiencia previa, que integren contenidos pr\u00e1cticos, que incluyan acompa\u00f1amiento individualizado y que contemplen aspectos emocionales y vitales del proceso emprendedor. Tambi\u00e9n es fundamental incorporar competencias digitales y conocimientos sobre modelos de negocio orientados al impacto social.<\/span><\/p><p><span style=\"font-weight: 300;\">En tercer lugar, el acceso a la financiaci\u00f3n debe flexibilizarse. Muchas personas mayores no quieren asumir riesgos elevados ni hipotecar su patrimonio. Por eso, son necesarias f\u00f3rmulas como microcr\u00e9ditos, fondos rotatorios, financiaci\u00f3n colaborativa, capital semilla p\u00fablico o instrumentos de inversi\u00f3n de impacto. Las entidades financieras deben adaptar sus productos a este perfil y generar confianza en proyectos que, aunque peque\u00f1os, pueden ser muy sostenibles.<\/span><\/p><p><span style=\"font-weight: 300;\">Las incubadoras y aceleradoras de emprendimiento deben abrir espacios para la diversidad etaria. Un ecosistema emprendedor realmente innovador es aquel que integra talentos de distintas generaciones. Crear programas intergeneracionales, mentores s\u00e9nior, comunidades de pr\u00e1ctica y redes de apoyo entre pares puede enriquecer enormemente el proceso emprendedor y generar innovaci\u00f3n h\u00edbrida.<\/span><\/p><p><span style=\"font-weight: 300;\">Las administraciones p\u00fablicas tienen un papel decisivo. Deben dise\u00f1ar pol\u00edticas activas de fomento del emprendimiento s\u00e9nior, incorporar esta perspectiva en sus planes de desarrollo econ\u00f3mico, coordinar con los servicios sociales y laborales, y promover convocatorias espec\u00edficas. Tambi\u00e9n pueden actuar como clientes, mediante compras p\u00fablicas responsables que favorezcan la <\/span><span style=\"font-weight: 300;\">contrataci\u00f3n de servicios de emprendimientos s\u00e9nior, especialmente en \u00e1mbitos como los cuidados, el turismo local o la formaci\u00f3n.<\/span><\/p><p><span style=\"font-weight: 300;\">La cooperaci\u00f3n transfronteriza es un terreno f\u00e9rtil para la creaci\u00f3n de ecosistemas de emprendimiento s\u00e9nior. Compartir buenas pr\u00e1cticas, desarrollar formaci\u00f3n conjunta, impulsar redes de mentores, dise\u00f1ar productos conjuntos y fomentar proyectos piloto puede posicionar al espacio POCTEP como referente europeo en emprendimiento vinculado a la longevidad.<\/span><\/p><p><span style=\"font-weight: 300;\">En definitiva, la econom\u00eda plateada no es un fen\u00f3meno pasivo que debe ser gestionado desde la protecci\u00f3n o la dependencia. Es un campo din\u00e1mico de innovaci\u00f3n, generaci\u00f3n de valor y transformaci\u00f3n social. Reconocer, impulsar y acompa\u00f1ar el emprendimiento s\u00e9nior es una tarea urgente para construir territorios m\u00e1s vivos, econom\u00edas m\u00e1s diversas y sociedades m\u00e1s inclusivas. Porque envejecer tambi\u00e9n es crear.<\/span><\/p><\/div>\n\t\t\t\t<\/div>\n\t\t\t\t\t\t\t<div class=\"elementor-accordion-item\">\n\t\t\t\t\t<div id=\"elementor-tab-title-1329\" class=\"elementor-tab-title\" data-tab=\"9\" role=\"button\" aria-controls=\"elementor-tab-content-1329\" aria-expanded=\"false\">\n\t\t\t\t\t\t\t\t\t\t\t\t\t<span class=\"elementor-accordion-icon elementor-accordion-icon-left\" aria-hidden=\"true\">\n\t\t\t\t\t\t\t\t\t\t\t\t\t\t\t<span class=\"elementor-accordion-icon-closed\"><svg class=\"e-font-icon-svg e-fas-chevron-down\" viewBox=\"0 0 448 512\" xmlns=\"http:\/\/www.w3.org\/2000\/svg\"><path d=\"M207.029 381.476L12.686 187.132c-9.373-9.373-9.373-24.569 0-33.941l22.667-22.667c9.357-9.357 24.522-9.375 33.901-.04L224 284.505l154.745-154.021c9.379-9.335 24.544-9.317 33.901.04l22.667 22.667c9.373 9.373 9.373 24.569 0 33.941L240.971 381.476c-9.373 9.372-24.569 9.372-33.942 0z\"><\/path><\/svg><\/span>\n\t\t\t\t\t\t\t\t<span class=\"elementor-accordion-icon-opened\"><svg class=\"e-font-icon-svg e-fas-minus\" viewBox=\"0 0 448 512\" xmlns=\"http:\/\/www.w3.org\/2000\/svg\"><path d=\"M416 208H32c-17.67 0-32 14.33-32 32v32c0 17.67 14.33 32 32 32h384c17.67 0 32-14.33 32-32v-32c0-17.67-14.33-32-32-32z\"><\/path><\/svg><\/span>\n\t\t\t\t\t\t\t\t\t\t\t\t\t\t<\/span>\n\t\t\t\t\t\t\t\t\t\t\t\t<a class=\"elementor-accordion-title\" tabindex=\"0\">Econom\u00eda de los Cuidados: Hacia un Modelo Profesional, Digno y Sostenible<\/a>\n\t\t\t\t\t<\/div>\n\t\t\t\t\t<div id=\"elementor-tab-content-1329\" class=\"elementor-tab-content elementor-clearfix\" data-tab=\"9\" role=\"region\" aria-labelledby=\"elementor-tab-title-1329\"><p><strong>Profesionalizaci\u00f3n del sector, condiciones laborales, digitalizaci\u00f3n del cuidado y nuevas econom\u00edas colaborativas centradas en la persona.<\/strong><\/p><p><span style=\"font-weight: 300;\">Los cuidados son la infraestructura invisible sobre la que se sostiene la vida. Desde el acompa\u00f1amiento cotidiano hasta la atenci\u00f3n especializada, desde el hogar hasta las residencias, los cuidados son un componente esencial para garantizar la dignidad, la autonom\u00eda y el bienestar de las personas mayores. Sin embargo, durante demasiado tiempo, han sido tratados como una cuesti\u00f3n dom\u00e9stica, femenina, marginal o asistencial, y no como lo que son: una actividad econ\u00f3mica con enorme impacto social y laboral, que exige reconocimiento, profesionalizaci\u00f3n y sostenibilidad.<\/span><\/p><p><span style=\"font-weight: 300;\">En un contexto de envejecimiento acelerado, con una poblaci\u00f3n mayor creciente y una menor disponibilidad de cuidadores informales, la econom\u00eda de los cuidados se ha convertido en uno de los principales desaf\u00edos estructurales de nuestras sociedades. Las necesidades de atenci\u00f3n aumentan en volumen y complejidad, mientras que los sistemas p\u00fablicos se enfrentan a limitaciones presupuestarias, fragmentaci\u00f3n competencial y dificultades para captar y retener profesionales. A ello se suma la precariedad de muchas personas cuidadoras, la feminizaci\u00f3n del trabajo, la falta de formaci\u00f3n especializada y la escasa innovaci\u00f3n en modelos organizativos.<\/span><\/p><p><span style=\"font-weight: 300;\">La Silver Economy plantea un cambio profundo en esta l\u00f3gica. Reivindica los cuidados como un sector estrat\u00e9gico, generador de empleo, innovaci\u00f3n y cohesi\u00f3n social. Propone dejar atr\u00e1s el enfoque exclusivamente asistencial para construir un nuevo ecosistema de cuidados centrado en la persona, basado en la calidad, la proximidad, la corresponsabilidad y la digitalizaci\u00f3n. Un sistema donde cuidar no sea sin\u00f3nimo de sobrecarga o pobreza, sino de valor, profesionalidad y compromiso colectivo.<\/span><\/p><p><span style=\"font-weight: 300;\">En los territorios del espacio de cooperaci\u00f3n POCTEP, donde la dispersi\u00f3n geogr\u00e1fica, el envejecimiento y la escasez de servicios se cruzan, repensar la econom\u00eda de los cuidados no es una opci\u00f3n, sino una urgencia. El reto no es solo garantizar la atenci\u00f3n, sino transformar el modelo: del cuidado como parche al cuidado como pol\u00edtica de desarrollo local, equidad de g\u00e9nero y sostenibilidad demogr\u00e1fica. Para lograrlo, es imprescindible conectar la innovaci\u00f3n tecnol\u00f3gica con la empat\u00eda humana, la inversi\u00f3n p\u00fablica con el emprendimiento social, y la estrategia territorial con la participaci\u00f3n comunitaria.<\/span><\/p><p>\u00a0<\/p><p><b>Profesionalizaci\u00f3n, digitalizaci\u00f3n y econom\u00eda de proximidad<\/b><\/p><p><span style=\"font-weight: 300;\">El primer paso para construir una econom\u00eda de los cuidados digna es reconocer su dimensi\u00f3n profesional. Cuidar no es un acto espont\u00e1neo, ni un destino biol\u00f3gico. Es un trabajo que exige competencias espec\u00edficas, formaci\u00f3n continua, condiciones laborales justas y desarrollo de carrera. Sin embargo, en la pr\u00e1ctica, muchas personas cuidadoras \u2014especialmente mujeres migrantes en situaci\u00f3n irregular o familiares sin apoyo\u2014 trabajan en condiciones de informalidad, precariedad y soledad institucional.<\/span><\/p><p><span style=\"font-weight: 300;\">Profesionalizar los cuidados implica crear itinerarios formativos accesibles, con acreditaci\u00f3n oficial, contenidos adaptados y reconocimiento de competencias previas. Tambi\u00e9n significa integrar a los profesionales del cuidado en los sistemas p\u00fablicos, garantizar su acceso a derechos laborales, promover su estabilidad y ofrecer incentivos para su desarrollo. En zonas rurales, donde la demanda es alta pero la oferta escasa, esto requiere dise\u00f1ar planes espec\u00edficos de captaci\u00f3n y retenci\u00f3n de talento, con medidas como vivienda gratuita, apoyo a la conciliaci\u00f3n o formaci\u00f3n dual vinculada al territorio.<\/span><\/p><p><span style=\"font-weight: 300;\">La digitalizaci\u00f3n es una palanca clave para transformar la econom\u00eda de los cuidados. La tecnolog\u00eda no sustituye a las personas, pero puede mejorar la eficiencia, la calidad y la personalizaci\u00f3n de la atenci\u00f3n. Herramientas como la teleasistencia avanzada, los sistemas de monitorizaci\u00f3n en el hogar, las plataformas de coordinaci\u00f3n sociosanitaria, la historia social compartida o los dispositivos m\u00f3viles para el seguimiento de cuidados permiten optimizar los recursos y reducir la carga sobre las personas cuidadoras.<\/span><\/p><p><span style=\"font-weight: 300;\">Adem\u00e1s, la inteligencia artificial aplicada a los cuidados puede ayudar a anticipar necesidades, detectar riesgos, organizar turnos, evaluar resultados y dise\u00f1ar planes individualizados de atenci\u00f3n. La clave est\u00e1 en que estas soluciones sean interoperables, accesibles y \u00e9ticamente dise\u00f1adas, con participaci\u00f3n activa de quienes cuidan y son cuidados. La formaci\u00f3n digital de los profesionales del sector es una condici\u00f3n indispensable para la incorporaci\u00f3n efectiva de estas tecnolog\u00edas.<\/span><\/p><p><span style=\"font-weight: 300;\">La econom\u00eda de los cuidados tambi\u00e9n puede ser una v\u00eda potente de desarrollo econ\u00f3mico en clave de proximidad. Los servicios domiciliarios, las microempresas de atenci\u00f3n, los bancos de tiempo, las cooperativas de cuidados, las plataformas colaborativas o los modelos de cuidados comunitarios son formas de generar empleo, activar redes sociales y mejorar la calidad de vida. En los territorios POCTEP, donde la l\u00f3gica de cercan\u00eda y confianza sigue siendo fundamental, estos modelos pueden arraigar con fuerza si cuentan con apoyo institucional y visibilidad p\u00fablica.<\/span><\/p><p><span style=\"font-weight: 300;\">Las pol\u00edticas p\u00fablicas deben reorientarse para financiar no solo la atenci\u00f3n institucional, sino tambi\u00e9n los servicios personalizados, flexibles y domiciliarios. Esto supone repensar la cartera de servicios, simplificar la burocracia, fomentar la colaboraci\u00f3n p\u00fablico-comunitaria y poner a las personas en el centro. Tambi\u00e9n implica medir los resultados no solo en t\u00e9rminos de coste, sino de impacto en la calidad de vida, la autonom\u00eda, la salud mental y la cohesi\u00f3n familiar y comunitaria.<\/span><\/p><p><span style=\"font-weight: 300;\">Es esencial avanzar hacia un modelo de cuidados basado en la corresponsabilidad. El cuidado no puede recaer exclusivamente en las mujeres ni en las familias. Debe ser compartido entre el Estado, el mercado, las comunidades y los propios individuos. Esto exige una nueva cultura del cuidado, que lo valore, lo distribuya y lo priorice como elemento central del contrato social.<\/span><\/p><p><span style=\"font-weight: 300;\">Por \u00faltimo, la cooperaci\u00f3n transfronteriza ofrece una oportunidad \u00fanica para ensayar nuevos modelos de cuidados adaptados a contextos rurales y envejecidos. Compartir soluciones, formar redes profesionales, dise\u00f1ar est\u00e1ndares conjuntos, desarrollar plataformas digitales interoperables y crear centros de innovaci\u00f3n social en cuidados puede posicionar al espacio POCTEP como laboratorio europeo de la econom\u00eda de los cuidados.<\/span><\/p><p><span style=\"font-weight: 300;\">En definitiva, la transici\u00f3n hacia un modelo de cuidados profesional, digno y sostenible es uno de los pilares estrat\u00e9gicos de la Silver Economy. Es una apuesta por el bienestar presente y futuro, por la j<\/span><span style=\"font-weight: 300;\">usticia social y por la vitalidad de nuestros territorios. Porque cuidar bien es vivir mejor. Y cuidar con dignidad es una forma de construir futuro.<\/span><\/p><p>\u00a0<\/p><\/div>\n\t\t\t\t<\/div>\n\t\t\t\t\t\t\t<div class=\"elementor-accordion-item\">\n\t\t\t\t\t<div id=\"elementor-tab-title-13210\" class=\"elementor-tab-title\" data-tab=\"10\" role=\"button\" aria-controls=\"elementor-tab-content-13210\" aria-expanded=\"false\">\n\t\t\t\t\t\t\t\t\t\t\t\t\t<span class=\"elementor-accordion-icon elementor-accordion-icon-left\" aria-hidden=\"true\">\n\t\t\t\t\t\t\t\t\t\t\t\t\t\t\t<span class=\"elementor-accordion-icon-closed\"><svg class=\"e-font-icon-svg e-fas-chevron-down\" viewBox=\"0 0 448 512\" xmlns=\"http:\/\/www.w3.org\/2000\/svg\"><path d=\"M207.029 381.476L12.686 187.132c-9.373-9.373-9.373-24.569 0-33.941l22.667-22.667c9.357-9.357 24.522-9.375 33.901-.04L224 284.505l154.745-154.021c9.379-9.335 24.544-9.317 33.901.04l22.667 22.667c9.373 9.373 9.373 24.569 0 33.941L240.971 381.476c-9.373 9.372-24.569 9.372-33.942 0z\"><\/path><\/svg><\/span>\n\t\t\t\t\t\t\t\t<span class=\"elementor-accordion-icon-opened\"><svg class=\"e-font-icon-svg e-fas-minus\" viewBox=\"0 0 448 512\" xmlns=\"http:\/\/www.w3.org\/2000\/svg\"><path d=\"M416 208H32c-17.67 0-32 14.33-32 32v32c0 17.67 14.33 32 32 32h384c17.67 0 32-14.33 32-32v-32c0-17.67-14.33-32-32-32z\"><\/path><\/svg><\/span>\n\t\t\t\t\t\t\t\t\t\t\t\t\t\t<\/span>\n\t\t\t\t\t\t\t\t\t\t\t\t<a class=\"elementor-accordion-title\" tabindex=\"0\">Territorio Silver: Reto Demogr\u00e1fico, Cohesi\u00f3n y Oportunidades Rurales<\/a>\n\t\t\t\t\t<\/div>\n\t\t\t\t\t<div id=\"elementor-tab-content-13210\" class=\"elementor-tab-content elementor-clearfix\" data-tab=\"10\" role=\"region\" aria-labelledby=\"elementor-tab-title-13210\"><p><strong>C\u00f3mo la Silver Economy puede revitalizar zonas rurales, fijar poblaci\u00f3n y activar nuevas cadenas de valor econ\u00f3mico-social.<\/strong><\/p><p><span style=\"font-weight: 300;\">El envejecimiento poblacional y la despoblaci\u00f3n del medio rural no son procesos separados, sino fen\u00f3menos interconectados que est\u00e1n redibujando la geograf\u00eda humana de Europa. En muchas regiones, especialmente en el espacio de cooperaci\u00f3n POCTEP, los pueblos se vac\u00edan, las generaciones j\u00f3venes emigran y las personas mayores constituyen el n\u00facleo mayoritario de la poblaci\u00f3n residente. Esta situaci\u00f3n, que a menudo se percibe como una crisis silenciosa, encierra tambi\u00e9n una oportunidad \u00fanica: reorientar las pol\u00edticas de desarrollo rural desde una mirada vinculada a la longevidad activa, al talento s\u00e9nior y a la econom\u00eda de los cuidados. En otras palabras, convertir el envejecimiento en una estrategia territorial.<\/span><\/p><p><span style=\"font-weight: 300;\">El concepto de Territorio Silver parte de una premisa simple pero transformadora: los territorios que mejor se adapten al envejecimiento ser\u00e1n tambi\u00e9n los m\u00e1s resilientes, innovadores y cohesionados. Esto requiere entender a las personas mayores no como una carga a gestionar, sino como un motor de desarrollo, un recurso de conocimiento y un eje vertebrador del tejido social y econ\u00f3mico local. Significa reconfigurar los servicios, la vivienda, la movilidad, la salud, la cultura y el emprendimiento desde una l\u00f3gica de proximidad, personalizaci\u00f3n y sostenibilidad.<\/span><\/p><p><span style=\"font-weight: 300;\">Frente al paradigma urbano-c\u00e9ntrico dominante, que concentra recursos y oportunidades en las grandes ciudades, el enfoque Territorio Silver propone una descentralizaci\u00f3n inteligente y cuidadora. En lugar de expulsar a las personas mayores del entorno rural por falta de servicios, plantea dise\u00f1ar territorios inclusivos, habitables y conectados, capaces de atraer, cuidar y retener poblaci\u00f3n s\u00e9nior. Esta estrategia no s\u00f3lo es m\u00e1s humana, sino tambi\u00e9n m\u00e1s eficiente desde el punto de vista econ\u00f3mico, ambiental y social.<\/span><\/p><p><span style=\"font-weight: 300;\">Los pueblos y comarcas del espacio POCTEP pueden convertirse en referentes de esta nueva visi\u00f3n. Su escala humana, su capital social, su paisaje, su cultura y su historia constituyen un ecosistema ideal para desarrollar proyectos de innovaci\u00f3n social vinculados al envejecimiento. Para ello, es imprescindible una planificaci\u00f3n territorial que integre la dimensi\u00f3n demogr\u00e1fica como variable estrat\u00e9gica, que impulse modelos de gobernanza participativa y que canalice la inversi\u00f3n p\u00fablica y privada hacia proyectos con impacto local.<\/span><\/p><p>\u00a0<\/p><p><b>Servicios, vivienda y empleos que fijan poblaci\u00f3n<\/b><\/p><p><span style=\"font-weight: 300;\">El primer paso para construir un Territorio Silver es garantizar una red b\u00e1sica de servicios p\u00fablicos y comunitarios que permita a las personas mayores vivir donde desean. Esto incluye atenci\u00f3n sanitaria y sociosanitaria de proximidad, transporte adaptado, vivienda accesible, conectividad digital, servicios sociales integrados, oferta cultural y espacios de encuentro. No se trata de replicar el modelo urbano, sino de dise\u00f1ar soluciones adaptadas al contexto rural, con criterios de flexibilidad, escalabilidad y sostenibilidad.<\/span><\/p><p><span style=\"font-weight: 300;\">La atenci\u00f3n domiciliaria juega aqu\u00ed un papel clave. Permite a las personas mayores permanecer en su entorno habitual, evita desplazamientos innecesarios y genera empleo local. Para ser eficaz, debe estar bien dotada, profesionalizada y coordinada con los servicios de salud. Las unidades m\u00f3viles, los equipos comunitarios y las plataformas digitales de gesti\u00f3n compartida son herramientas que pueden fortalecer esta red.<\/span><\/p><p><span style=\"font-weight: 300;\">La vivienda es otro pilar fundamental. Muchas casas rurales est\u00e1n envejecidas, mal adaptadas o infrautilizadas. Programas p\u00fablicos de rehabilitaci\u00f3n, incentivos para la vivienda colaborativa, cohousing s\u00e9nior o cesi\u00f3n de uso pueden activar un parque habitacional adecuado a las nuevas realidades. Asimismo, los modelos de viviendas vinculadas a servicios (senior living, residencias comunitarias, pisos tutelados) deben expandirse m\u00e1s all\u00e1 del \u00e1mbito urbano.<\/span><\/p><p><span style=\"font-weight: 300;\">El desarrollo de servicios y vivienda adaptados no s\u00f3lo mejora la calidad de vida de las personas mayores: tambi\u00e9n genera empleo. Desde cuidadores hasta t\u00e9cnicos de rehabilitaci\u00f3n, desde conductores de transporte adaptado hasta profesionales de dinamizaci\u00f3n cultural, la Silver Economy rural puede convertirse en una fuente estable de ocupaci\u00f3n para mujeres, j\u00f3venes y personas <\/span><span style=\"font-weight: 300;\">desempleadas. Adem\u00e1s, fortalece el tejido econ\u00f3mico local, al activar la demanda de productos y servicios de proximidad.<\/span><\/p><p><span style=\"font-weight: 300;\">Un elemento clave en este proceso es la colaboraci\u00f3n entre niveles de gobierno y agentes del territorio. Los municipios, diputaciones, mancomunidades, asociaciones, cooperativas y emprendedores sociales deben articularse en torno a estrategias compartidas, con metas claras, evaluaci\u00f3n de resultados y mecanismos de financiaci\u00f3n sostenibles. La l\u00f3gica del Territorio Silver no funciona con acciones aisladas: requiere visi\u00f3n sist\u00e9mica y trabajo en red.<\/span><\/p><p><span style=\"font-weight: 300;\">Tambi\u00e9n es esencial incorporar a las propias personas mayores en la planificaci\u00f3n y gesti\u00f3n de estos servicios. Su conocimiento del territorio, su experiencia vital y su compromiso con la comunidad son activos que deben integrarse desde el dise\u00f1o hasta la evaluaci\u00f3n. Un Territorio Silver no se construye para las personas mayores, sino con ellas. La participaci\u00f3n, la escucha activa y la corresponsabilidad son principios innegociables.<\/span><\/p><p><span style=\"font-weight: 300;\">La creaci\u00f3n de empleos dignos, estables y con sentido en el sector de los cuidados, de la atenci\u00f3n y del acompa\u00f1amiento en entornos rurales no s\u00f3lo responde a una necesidad urgente: representa tambi\u00e9n una oportunidad de cohesi\u00f3n social, equidad de g\u00e9nero y sostenibilidad intergeneracional. Si se invierte en formaci\u00f3n, innovaci\u00f3n organizativa y reconocimiento profesional, los cuidados pueden ser la nueva columna vertebral del empleo rural.<\/span><\/p><p><span style=\"font-weight: 300;\">Finalmente, la dimensi\u00f3n ambiental debe incorporarse al dise\u00f1o de los servicios Silver. Desde el uso de energ\u00edas renovables en centros residenciales hasta el dise\u00f1o de viviendas pasivas o el fomento de la movilidad sostenible, los principios de la transici\u00f3n ecol\u00f3gica deben impregnar el desarrollo territorial vinculado al envejecimiento. De este modo, se construyen modelos que no s\u00f3lo responden al presente, sino que anticipan el futuro.<\/span><\/p><\/div>\n\t\t\t\t<\/div>\n\t\t\t\t\t\t\t<div class=\"elementor-accordion-item\">\n\t\t\t\t\t<div id=\"elementor-tab-title-13211\" class=\"elementor-tab-title\" data-tab=\"11\" role=\"button\" aria-controls=\"elementor-tab-content-13211\" aria-expanded=\"false\">\n\t\t\t\t\t\t\t\t\t\t\t\t\t<span class=\"elementor-accordion-icon elementor-accordion-icon-left\" aria-hidden=\"true\">\n\t\t\t\t\t\t\t\t\t\t\t\t\t\t\t<span class=\"elementor-accordion-icon-closed\"><svg class=\"e-font-icon-svg e-fas-chevron-down\" viewBox=\"0 0 448 512\" xmlns=\"http:\/\/www.w3.org\/2000\/svg\"><path d=\"M207.029 381.476L12.686 187.132c-9.373-9.373-9.373-24.569 0-33.941l22.667-22.667c9.357-9.357 24.522-9.375 33.901-.04L224 284.505l154.745-154.021c9.379-9.335 24.544-9.317 33.901.04l22.667 22.667c9.373 9.373 9.373 24.569 0 33.941L240.971 381.476c-9.373 9.372-24.569 9.372-33.942 0z\"><\/path><\/svg><\/span>\n\t\t\t\t\t\t\t\t<span class=\"elementor-accordion-icon-opened\"><svg class=\"e-font-icon-svg e-fas-minus\" viewBox=\"0 0 448 512\" xmlns=\"http:\/\/www.w3.org\/2000\/svg\"><path d=\"M416 208H32c-17.67 0-32 14.33-32 32v32c0 17.67 14.33 32 32 32h384c17.67 0 32-14.33 32-32v-32c0-17.67-14.33-32-32-32z\"><\/path><\/svg><\/span>\n\t\t\t\t\t\t\t\t\t\t\t\t\t\t<\/span>\n\t\t\t\t\t\t\t\t\t\t\t\t<a class=\"elementor-accordion-title\" tabindex=\"0\">Sostenibilidad e Impacto Social: La Silver Economy como Motor de Cambio<\/a>\n\t\t\t\t\t<\/div>\n\t\t\t\t\t<div id=\"elementor-tab-content-13211\" class=\"elementor-tab-content elementor-clearfix\" data-tab=\"11\" role=\"region\" aria-labelledby=\"elementor-tab-title-13211\"><p><strong>Vinculaci\u00f3n de la Silver Economy con los ODS, econom\u00eda circular, responsabilidad social e innovaci\u00f3n social.<\/strong><\/p><p><span style=\"font-weight: 300;\">En un mundo marcado por desaf\u00edos globales como el cambio clim\u00e1tico, la desigualdad, la crisis de cuidados y la transformaci\u00f3n tecnol\u00f3gica, la Silver Economy emerge como un eje de acci\u00f3n que puede contribuir de manera directa al cumplimiento de los Objetivos de Desarrollo Sostenible (ODS). No solo porque responde a una de las grandes transformaciones demogr\u00e1ficas de nuestro tiempo \u2014el envejecimiento poblacional\u2014, sino porque lo hace desde una l\u00f3gica integradora, participativa y orientada al impacto social y ambiental.<\/span><\/p><p><span style=\"font-weight: 300;\">La Silver Economy, cuando se concibe como un modelo de desarrollo centrado en la persona, en la equidad y en el territorio, permite activar soluciones innovadoras que mejoran la calidad de vida de las personas mayores al tiempo que generan empleo, dinamizan econom\u00edas locales y fomentan una mayor cohesi\u00f3n social. En especial en los entornos rurales y de baja densidad poblacional del espacio POCTEP, esta visi\u00f3n adquiere una relevancia estrat\u00e9gica: cuidar del envejecimiento es tambi\u00e9n cuidar del territorio, del medio ambiente y de los v\u00ednculos sociales que nos sostienen.<\/span><\/p><p><span style=\"font-weight: 300;\">La longevidad es un logro social. Convertirla en una oportunidad econ\u00f3mica y ecol\u00f3gica requiere un cambio cultural, pol\u00edtico y productivo. Requiere dejar de ver la vejez como un problema a gestionar, para empezar a verla como un potencial a activar. Supone tambi\u00e9n integrar la sostenibilidad en todos los niveles de la planificaci\u00f3n: desde el dise\u00f1o de viviendas hasta la movilidad, desde la producci\u00f3n de alimentos hasta los modelos de cuidado.<\/span><\/p><p><b>Silver Economy y ODS: una hoja de ruta compartida<\/b><\/p><p><span style=\"font-weight: 300;\">El marco de los Objetivos de Desarrollo Sostenible ofrece una referencia \u00fatil para articular las m\u00faltiples dimensiones de la Silver Economy. Pr\u00e1cticamente todos los ODS tienen implicaciones para la poblaci\u00f3n mayor, y muchos de ellos pueden fortalecerse si se aplican desde una perspectiva de envejecimiento activo e inclusivo.<\/span><\/p><p><span style=\"font-weight: 300;\">El ODS 3, sobre salud y bienestar, se vincula directamente con el impulso de modelos de atenci\u00f3n preventiva, personalizada y comunitaria. El ODS 4, sobre educaci\u00f3n de calidad, se relaciona con el derecho al aprendizaje permanente, a la alfabetizaci\u00f3n digital y a la participaci\u00f3n cultural de las personas mayores. El ODS 5, sobre igualdad de g\u00e9nero, exige abordar la feminizaci\u00f3n de los cuidados y la precarizaci\u00f3n del trabajo en este sector. Y el ODS 10, sobre reducci\u00f3n de las desigualdades, se relaciona con el acceso equitativo a servicios y oportunidades en todos los territorios.<\/span><\/p><p><span style=\"font-weight: 300;\">La Silver Economy tambi\u00e9n incide sobre el ODS 8 (trabajo decente y crecimiento econ\u00f3mico), al generar empleo en sectores de proximidad, econom\u00eda social y servicios personalizados; sobre el ODS 11 (ciudades y comunidades sostenibles), al promover entornos amigables, accesibles y habitables para todas las edades; y sobre el ODS 13 (acci\u00f3n por el clima), cuando se dise\u00f1an servicios energ\u00e9ticamente eficientes, sistemas de movilidad sostenible o infraestructuras de cuidados con bajo impacto ambiental.<\/span><\/p><p><span style=\"font-weight: 300;\">Incorporar la perspectiva s\u00e9nior en la estrategia de desarrollo sostenible permite corregir desequilibrios estructurales. Muchas pol\u00edticas de sostenibilidad tienden a invisibilizar a las personas mayores, a tratarlas como receptoras pasivas o a considerarlas fuera de los marcos productivos. Sin embargo, son precisamente las personas mayores quienes m\u00e1s pueden aportar a la resiliencia comunitaria, al consumo responsable, a la transmisi\u00f3n de saberes ecol\u00f3gicos y a la gobernanza territorial.<\/span><\/p><p><span style=\"font-weight: 300;\">La participaci\u00f3n s\u00e9nior en los procesos de desarrollo sostenible no debe limitarse a la consulta. Debe ser activa, representativa y vinculante. Las personas mayores deben estar presentes en los espacios de planificaci\u00f3n urbana, en las mesas de di\u00e1logo social, en los foros de innovaci\u00f3n y en las <\/span><span style=\"font-weight: 300;\">estrategias clim\u00e1ticas locales. Su experiencia y su compromiso son imprescindibles para construir modelos duraderos.<\/span><\/p><p><span style=\"font-weight: 300;\">Las empresas y organizaciones que operan en el \u00e1mbito de la Silver Economy tambi\u00e9n pueden alinear su actividad con los ODS, desarrollando modelos de negocio inclusivos, medici\u00f3n de impacto social, pol\u00edticas laborales justas, innovaci\u00f3n abierta y alianzas con actores comunitarios. La sostenibilidad no es solo una cuesti\u00f3n ambiental: es tambi\u00e9n una forma de trabajar, de relacionarse y de redistribuir valor.<\/span><\/p><p><br \/><br \/><\/p><p><b>Innovaci\u00f3n social, circularidad y medici\u00f3n de impacto<\/b><\/p><p><span style=\"font-weight: 300;\">Uno de los ejes transformadores de la Silver Economy es su capacidad para generar innovaci\u00f3n social: nuevas respuestas a necesidades sociales, creadas desde la colaboraci\u00f3n entre sectores, disciplinas y generaciones. Esta innovaci\u00f3n no se basa en la tecnolog\u00eda por s\u00ed sola, sino en la inteligencia colectiva, en la escucha activa y en la cocreaci\u00f3n con las personas mayores.<\/span><\/p><p><span style=\"font-weight: 300;\">La Silver Economy permite experimentar con formas de habitar m\u00e1s inclusivas, como el cohousing s\u00e9nior, con modelos de atenci\u00f3n centrados en la persona, como las unidades de convivencia, o con redes de cuidados comunitarios que combinan lo formal y lo informal. Tambi\u00e9n permite activar cadenas de valor sostenibles en torno a la econom\u00eda circular, por ejemplo, mediante el aprovechamiento de alimentos, la reutilizaci\u00f3n de materiales o el ecodise\u00f1o de productos adaptados.<\/span><\/p><p><span style=\"font-weight: 300;\">La circularidad no es solo una estrategia ambiental: es tambi\u00e9n una forma de cuidar. Cuidar los recursos, cuidar el entorno, cuidar el tiempo de las personas, cuidar los v\u00ednculos. En este sentido, la Silver Economy puede liderar pr\u00e1cticas empresariales regenerativas, desarrollar empleos verdes orientados a la atenci\u00f3n y promover estilos de vida m\u00e1s saludables y sostenibles.<\/span><\/p><p><span style=\"font-weight: 300;\">La medici\u00f3n del impacto social y ambiental es otro aspecto fundamental. Si queremos consolidar la Silver Economy como una pol\u00edtica p\u00fablica y empresarial relevante, necesitamos indicadores claros, comparables y \u00fatiles. No basta con medir cu\u00e1ntos servicios se ofrecen: hay que medir cu\u00e1nto bienestar generan, cu\u00e1nta autonom\u00eda sostienen, cu\u00e1nta cohesi\u00f3n territorial impulsan.<\/span><\/p><p><span style=\"font-weight: 300;\">Esto implica desarrollar marcos de evaluaci\u00f3n participativos, que integren la voz de las personas mayores, y sistemas de seguimiento que permitan mejorar la calidad, la eficiencia y la pertinencia de las intervenciones. Tambi\u00e9n requiere articular la evaluaci\u00f3n con la toma de decisiones pol\u00edticas y con la financiaci\u00f3n p\u00fablica y privada.<\/span><\/p><p><span style=\"font-weight: 300;\">La cooperaci\u00f3n POCTEP puede ser un espacio ejemplar para avanzar en estos procesos. La diversidad territorial, la experiencia compartida y la proximidad institucional entre Espa\u00f1a y Portugal permiten desarrollar sistemas de medici\u00f3n conjuntos, laboratorios de innovaci\u00f3n social y est\u00e1ndares de sostenibilidad aplicables a contextos rurales y transfronterizos.<\/span><\/p><p><span style=\"font-weight: 300;\">La Silver Economy como motor de cambio no es un eslogan. Es una posibilidad real si se orienta hacia el impacto, si se ancla en el territorio y si se dise\u00f1a con las personas mayores como centro y como aliadas. En un tiempo que exige velocidad e inteligencia, la longevidad puede ser nuestra ventaja competitiva m\u00e1s humana y m\u00e1s transformadora.<\/span><\/p><\/div>\n\t\t\t\t<\/div>\n\t\t\t\t\t\t\t<div class=\"elementor-accordion-item\">\n\t\t\t\t\t<div id=\"elementor-tab-title-13212\" class=\"elementor-tab-title\" data-tab=\"12\" role=\"button\" aria-controls=\"elementor-tab-content-13212\" aria-expanded=\"false\">\n\t\t\t\t\t\t\t\t\t\t\t\t\t<span class=\"elementor-accordion-icon elementor-accordion-icon-left\" aria-hidden=\"true\">\n\t\t\t\t\t\t\t\t\t\t\t\t\t\t\t<span class=\"elementor-accordion-icon-closed\"><svg class=\"e-font-icon-svg e-fas-chevron-down\" viewBox=\"0 0 448 512\" xmlns=\"http:\/\/www.w3.org\/2000\/svg\"><path d=\"M207.029 381.476L12.686 187.132c-9.373-9.373-9.373-24.569 0-33.941l22.667-22.667c9.357-9.357 24.522-9.375 33.901-.04L224 284.505l154.745-154.021c9.379-9.335 24.544-9.317 33.901.04l22.667 22.667c9.373 9.373 9.373 24.569 0 33.941L240.971 381.476c-9.373 9.372-24.569 9.372-33.942 0z\"><\/path><\/svg><\/span>\n\t\t\t\t\t\t\t\t<span class=\"elementor-accordion-icon-opened\"><svg class=\"e-font-icon-svg e-fas-minus\" viewBox=\"0 0 448 512\" xmlns=\"http:\/\/www.w3.org\/2000\/svg\"><path d=\"M416 208H32c-17.67 0-32 14.33-32 32v32c0 17.67 14.33 32 32 32h384c17.67 0 32-14.33 32-32v-32c0-17.67-14.33-32-32-32z\"><\/path><\/svg><\/span>\n\t\t\t\t\t\t\t\t\t\t\t\t\t\t<\/span>\n\t\t\t\t\t\t\t\t\t\t\t\t<a class=\"elementor-accordion-title\" tabindex=\"0\">Gobernanza, Alianzas y Modelos de Financiaci\u00f3n<\/a>\n\t\t\t\t\t<\/div>\n\t\t\t\t\t<div id=\"elementor-tab-content-13212\" class=\"elementor-tab-content elementor-clearfix\" data-tab=\"12\" role=\"region\" aria-labelledby=\"elementor-tab-title-13212\"><p><strong>Pol\u00edticas p\u00fablicas, colaboraci\u00f3n p\u00fablico-privada, participaci\u00f3n ciudadana, cl\u00fasteres y mecanismos financieros para escalar soluciones en la Silver Economy.<\/strong><\/p><p><span style=\"font-weight: 300;\">La consolidaci\u00f3n de la Silver Economy como motor estrat\u00e9gico de transformaci\u00f3n social, territorial y econ\u00f3mica requiere mucho m\u00e1s que ideas inspiradoras o proyectos puntuales. Exige estructuras de gobernanza estables, alianzas transversales y modelos de financiaci\u00f3n que permitan escalar soluciones eficaces, sostenibles y adaptadas al contexto. Hablamos de transformar una tendencia demogr\u00e1fica en una pol\u00edtica p\u00fablica; de convertir una necesidad social en un ecosistema productivo; de pasar de las buenas pr\u00e1cticas a un sistema de acci\u00f3n estructural con impacto medible.<\/span><\/p><p><span style=\"font-weight: 300;\">La longevidad, entendida como una realidad transversal que afecta a todos los sectores y niveles de la sociedad, necesita tambi\u00e9n un enfoque de gobernanza que supere la compartimentaci\u00f3n tradicional de las pol\u00edticas. No se trata solo de asignar presupuestos a servicios para mayores, sino de reorganizar las formas en que planificamos, financiamos, implementamos y evaluamos nuestras estrategias de desarrollo. Gobernar la Silver Economy significa, por tanto, activar un modelo de corresponsabilidad entre actores p\u00fablicos, privados, sociales y comunitarios, con mecanismos de coordinaci\u00f3n multinivel, transparencia y participaci\u00f3n efectiva.<\/span><\/p><p><span style=\"font-weight: 300;\">En los territorios del espacio de cooperaci\u00f3n POCTEP, donde la fragmentaci\u00f3n administrativa, la dispersi\u00f3n geogr\u00e1fica y las desigualdades de acceso son retos cotidianos, la construcci\u00f3n de una gobernanza adaptativa, innovadora y colaborativa es m\u00e1s que un objetivo: es una necesidad. Sin estructuras s\u00f3lidas de gobernanza, las oportunidades que ofrece la Silver Economy seguir\u00e1n dependiendo de iniciativas aisladas, perdiendo impacto, escalabilidad y sostenibilidad en el tiempo.<\/span><\/p><p>\u00a0<\/p><p><b>Arquitecturas de gobernanza y alianzas p\u00fablico-sociales<\/b><\/p><p><span style=\"font-weight: 300;\">La primera condici\u00f3n para una gobernanza eficaz de la Silver Economy es el reconocimiento institucional de su valor estrat\u00e9gico. Esto implica que los gobiernos, en sus distintos niveles (local, regional, nacional y transfronterizo), incorporen la longevidad como un eje transversal en sus planes de desarrollo, en sus presupuestos y en su estructura organizativa. La creaci\u00f3n de delegaciones, comisiones interdepartamentales o unidades espec\u00edficas de Silver Economy puede ser un primer paso para institucionalizar la visi\u00f3n.<\/span><\/p><p><span style=\"font-weight: 300;\">La gobernanza de la Silver Economy no debe recaer en un solo departamento, como el de servicios sociales o salud. Requiere la coordinaci\u00f3n activa entre m\u00faltiples sectores: urbanismo, movilidad, innovaci\u00f3n, empleo, vivienda, educaci\u00f3n, medio ambiente o cultura. Esto exige mecanismos estables de colaboraci\u00f3n intersectorial, agendas compartidas, sistemas de informaci\u00f3n interoperables y liderazgo pol\u00edtico comprometido con la acci\u00f3n transversal.<\/span><\/p><p><span style=\"font-weight: 300;\">Los municipios, por su cercan\u00eda a la ciudadan\u00eda y su capacidad de articulaci\u00f3n local, juegan un papel clave en este proceso. La creaci\u00f3n de planes municipales o comarcales de Silver Economy, elaborados de forma participativa, permite adaptar las estrategias globales a la realidad concreta de cada territorio. Estos planes pueden integrar diagn\u00f3sticos, objetivos, l\u00edneas de acci\u00f3n, presupuestos y mecanismos de seguimiento, articulando la acci\u00f3n de m\u00faltiples actores.<\/span><\/p><p><span style=\"font-weight: 300;\">La gobernanza eficaz tambi\u00e9n requiere un ecosistema de alianzas que incluya a la ciudadan\u00eda, al sector privado, al tercer sector y a los centros de conocimiento. La Silver Economy no puede construirse de arriba abajo: necesita de la colaboraci\u00f3n horizontal, del di\u00e1logo social y de estructuras que favorezcan la cocreaci\u00f3n. Plataformas territoriales multiactor, consejos consultivos s\u00e9nior, foros de innovaci\u00f3n social o laboratorios ciudadanos pueden ser instrumentos \u00fatiles para esta articulaci\u00f3n.<\/span><\/p><p><span style=\"font-weight: 300;\">Los cl\u00fasteres de Silver Economy representan una f\u00f3rmula especialmente eficaz para organizar esta colaboraci\u00f3n. Re\u00fanen empresas, administraciones, centros de investigaci\u00f3n y entidades sociales en torno a una visi\u00f3n com\u00fan de desarrollo, innovaci\u00f3n y competitividad. Permiten articular cadenas de valor, compartir recursos, escalar soluciones y atraer financiaci\u00f3n. En el espacio POCTEP, el impulso de cl\u00fasteres transfronterizos puede fortalecer la integraci\u00f3n econ\u00f3mica, promover sinergias y posicionar la regi\u00f3n como un referente europeo en innovaci\u00f3n vinculada al envejecimiento.<\/span><\/p><p><span style=\"font-weight: 300;\">La participaci\u00f3n ciudadana es otro pilar fundamental. Las personas mayores deben tener voz en las decisiones que les afectan, tanto en el dise\u00f1o de servicios como en la planificaci\u00f3n estrat\u00e9gica. Mecanismos como presupuestos participativos, auditor\u00edas ciudadanas, encuestas deliberativas o mesas de trabajo s\u00e9nior pueden contribuir a democratizar la gobernanza y aumentar la legitimidad de las pol\u00edticas p\u00fablicas. M\u00e1s a\u00fan, la participaci\u00f3n no debe limitarse a opinar: debe incluir tambi\u00e9n la capacidad de proponer, de codise\u00f1ar y de evaluar.<\/span><\/p><p><span style=\"font-weight: 300;\">La gobernanza inteligente debe basarse en datos. Los observatorios de Silver Economy, los sistemas de informaci\u00f3n sociodemogr\u00e1fica y sanitaria, y los cuadros de mando territoriales permiten tomar decisiones basadas en evidencia, ajustar las pol\u00edticas a la evoluci\u00f3n del contexto y priorizar los recursos. En este sentido, la digitalizaci\u00f3n y la interoperabilidad de los sistemas son claves para mejorar la calidad de la gobernanza.<\/span><\/p><p><span style=\"font-weight: 300;\">El marco transfronterizo POCTEP ofrece una oportunidad estrat\u00e9gica para desarrollar estructuras de gobernanza compartidas. La creaci\u00f3n de comit\u00e9s conjuntos, la armonizaci\u00f3n de normativas, la cooperaci\u00f3n entre municipios fronterizos y el intercambio de buenas pr\u00e1cticas pueden contribuir a una gobernanza m\u00e1s eficaz, equitativa y adaptada a las singularidades del territorio. La longevidad no entiende de fronteras administrativas: su gobernanza tampoco deber\u00eda.<\/span><\/p><p>\u00a0<\/p><p><b>Mecanismos de financiaci\u00f3n e instrumentos para escalar soluciones<\/b><\/p><p><span style=\"font-weight: 300;\">La financiaci\u00f3n es un factor cr\u00edtico para transformar la Silver Economy en una palanca estructural de desarrollo. Sin recursos estables, diversificados y bien orientados, las estrategias pierden continuidad, los proyectos no escalan y las innovaciones no se consolidan. La buena noticia es que existen m\u00faltiples fuentes y f\u00f3rmulas de financiaci\u00f3n que pueden movilizarse si se construye una arquitectura financiera coherente y transparente.<\/span><\/p><p><span style=\"font-weight: 300;\">En primer lugar, es necesario reforzar la financiaci\u00f3n p\u00fablica estructural para las pol\u00edticas vinculadas al envejecimiento. Esto implica no solo aumentar el volumen de recursos, sino orientarlos hacia modelos de atenci\u00f3n centrados en la persona, hacia la prevenci\u00f3n, la autonom\u00eda y la participaci\u00f3n comunitaria. <\/span><\/p><p><span style=\"font-weight: 300;\">La financiaci\u00f3n p\u00fablica debe premiar la calidad, la innovaci\u00f3n y el impacto social, m\u00e1s all\u00e1 del n\u00famero de plazas o servicios ofertados.<\/span><\/p><p><span style=\"font-weight: 300;\">Los fondos europeos representan una herramienta estrat\u00e9gica para financiar la Silver Economy, especialmente en territorios transfronterizos como los del espacio POCTEP. Programas como FEDER, FSE+, Interreg, Erasmus+, LIFE o Horizonte Europa ofrecen l\u00edneas de financiaci\u00f3n espec\u00edficas para proyectos vinculados al envejecimiento activo, la salud, la innovaci\u00f3n social, la inclusi\u00f3n digital, la formaci\u00f3n o la cooperaci\u00f3n territorial. Para aprovecharlos, se requiere capacidad t\u00e9cnica, alianzas s\u00f3lidas y planificaci\u00f3n anticipada.<\/span><\/p><p><span style=\"font-weight: 300;\">La financiaci\u00f3n combinada es otra v\u00eda clave. La articulaci\u00f3n de recursos p\u00fablicos, inversi\u00f3n privada, mecenazgo, fondos de impacto y financiaci\u00f3n comunitaria permite construir proyectos con mayor escala y sostenibilidad. Modelos como los fondos rotatorios, los bonos de impacto social, los fondos de inversi\u00f3n socialmente responsable o las plataformas de crowdfunding pueden movilizar capital hacia iniciativas con retorno social y econ\u00f3mico.<\/span><\/p><p><span style=\"font-weight: 300;\">Es fundamental que las administraciones p\u00fablicas act\u00faen tambi\u00e9n como facilitadoras de financiaci\u00f3n. Esto incluye crear convocatorias espec\u00edficas para proyectos Silver, simplificar los procedimientos administrativos, ofrecer servicios de asesoramiento, generar garant\u00edas p\u00fablicas y premiar las alianzas multiactor. La financiaci\u00f3n p\u00fablica puede servir como catalizador de inversi\u00f3n privada si se dise\u00f1a estrat\u00e9gicamente.<\/span><\/p><p><span style=\"font-weight: 300;\">La compra p\u00fablica innovadora es una herramienta especialmente potente. Permite a las administraciones adquirir soluciones nuevas que respondan a desaf\u00edos sociales espec\u00edficos, estimulando as\u00ed la innovaci\u00f3n y la creaci\u00f3n de mercado. Aplicada a la Silver Economy, puede impulsar el desarrollo de tecnolog\u00edas asistenciales, servicios personalizados o modelos habitacionales adaptados.<\/span><\/p><p><span style=\"font-weight: 300;\">Las alianzas con entidades financieras y aseguradoras pueden abrir nuevas v\u00edas de financiaci\u00f3n para la econom\u00eda del envejecimiento. Productos financieros adaptados, seguros de dependencia, hipotecas inversas \u00e9ticas, microcr\u00e9ditos o cuentas ahorro Silver son ejemplos de instrumentos que <\/span><span style=\"font-weight: 300;\">pueden fomentar el acceso de las personas mayores a soluciones de vida digna, a la vez que movilizan capital privado con criterios sociales.<\/span><\/p><p><span style=\"font-weight: 300;\">No menos importante es la financiaci\u00f3n orientada al fortalecimiento de capacidades. La formaci\u00f3n de profesionales, la creaci\u00f3n de redes, el acompa\u00f1amiento a emprendedores s\u00e9nior y el apoyo a la transformaci\u00f3n digital de las entidades son inversiones clave para consolidar el ecosistema de la Silver Economy. Sin personas formadas, sin estructuras de apoyo, sin intercambio de conocimiento, no hay innovaci\u00f3n sostenible.<\/span><\/p><p><span style=\"font-weight: 300;\">La cooperaci\u00f3n POCTEP puede ser pionera en la creaci\u00f3n de instrumentos financieros conjuntos para el desarrollo de la Silver Economy transfronteriza. Fondos de inversi\u00f3n compartidos, laboratorios de financiaci\u00f3n, mecanismos de cofinanciaci\u00f3n institucional o sistemas de microfinanciaci\u00f3n comunitaria pueden ayudar a escalar soluciones exitosas, evitar duplicidades y generar modelos replicables en otras regiones europeas.<\/span><\/p><p><span style=\"font-weight: 300;\">En definitiva, gobernar e invertir en la Silver Economy no es un gasto, sino una estrategia de futuro. Es una forma de anticipar los desaf\u00edos demogr\u00e1ficos, de promover el bienestar colectivo y de activar el potencial econ\u00f3mico y social de una sociedad m\u00e1s longeva. Si se construyen las estructuras adecuadas, si se movilizan los recursos con visi\u00f3n de impacto y si se tejen alianzas duraderas, la Silver Economy puede dejar de ser una promesa para convertirse en pol\u00edtica transformadora.<\/span><\/p><\/div>\n\t\t\t\t<\/div>\n\t\t\t\t\t\t\t\t<\/div>\n\t\t\t\t<\/div>\n\t\t\t\t<\/div>\n\t\t\t\t\t<\/div>\n\t\t\t\t<\/div>\n\t\t<div class=\"elementor-element elementor-element-3fa355b e-flex e-con-boxed e-con e-parent\" data-id=\"3fa355b\" data-element_type=\"container\" data-settings=\"{&quot;content_width&quot;:&quot;boxed&quot;}\" data-core-v316-plus=\"true\">\n\t\t\t\t\t<div class=\"e-con-inner\">\n\t\t\t\t<div class=\"elementor-element elementor-element-72089e2 elementor-widget elementor-widget-html\" data-id=\"72089e2\" data-element_type=\"widget\" data-widget_type=\"html.default\">\n\t\t\t\t<div class=\"elementor-widget-container\">\n\t\t\t<script>\ndocument.addEventListener('DOMContentLoaded', function() {\n  setTimeout(function() {\n    const items = document.querySelectorAll('.elementor-accordion .elementor-accordion-item');\n    items.forEach(function(item) {\n      const title = item.querySelector('.elementor-tab-title');\n      const content = item.querySelector('.elementor-tab-content');\n      if (!title || !content) return;\n      title.classList.remove('elementor-active');\n      title.setAttribute('aria-expanded', 'false');\n      content.style.display = 'none';\n      content.setAttribute('aria-hidden', 'true');\n    });\n  }, 300);\n});\n<\/script>\t\t<\/div>\n\t\t\t\t<\/div>\n\t\t\t\t<div class=\"elementor-element elementor-element-55d0ad1 elementor-widget elementor-widget-text-editor\" data-id=\"55d0ad1\" data-element_type=\"widget\" data-widget_type=\"text-editor.default\">\n\t\t\t\t<div class=\"elementor-widget-container\">\n\t\t\t<style>\/*! elementor - v3.18.0 - 20-12-2023 *\/\n.elementor-widget-text-editor.elementor-drop-cap-view-stacked .elementor-drop-cap{background-color:#69727d;color:#fff}.elementor-widget-text-editor.elementor-drop-cap-view-framed .elementor-drop-cap{color:#69727d;border:3px solid;background-color:transparent}.elementor-widget-text-editor:not(.elementor-drop-cap-view-default) .elementor-drop-cap{margin-top:8px}.elementor-widget-text-editor:not(.elementor-drop-cap-view-default) .elementor-drop-cap-letter{width:1em;height:1em}.elementor-widget-text-editor .elementor-drop-cap{float:left;text-align:center;line-height:1;font-size:50px}.elementor-widget-text-editor .elementor-drop-cap-letter{display:inline-block}<\/style>\t\t\t\t<p><b>AVISO LEGAL.<\/b><\/p><p><b>(i)<\/b><span style=\"font-weight: 300;\"> Este documento recoge opiniones y valoraciones que son responsabilidad exclusiva de las personas que las expresan. Dichas opiniones no reflejan necesariamente la postura oficial del proyecto, de sus entidades socias ni, por supuesto, del programa Interreg POCTEP.<\/span><\/p><p><b>(ii) <\/b><span style=\"font-weight: 300;\">Los logotipos incluidos en este documento son propiedad de sus respectivos titulares. Su utilizaci\u00f3n se realiza exclusivamente con fines informativos, sin implicar en ning\u00fan caso una finalidad comercial ni un intento de apropiaci\u00f3n por parte del proyecto.<\/span><\/p>\t\t\t\t\t\t<\/div>\n\t\t\t\t<\/div>\n\t\t\t\t\t<\/div>\n\t\t\t\t<\/div>\n\t\t\t\t<section class=\"elementor-section elementor-top-section elementor-element elementor-element-db45950 elementor-section-content-middle elementor-section-boxed elementor-section-height-default elementor-section-height-default\" data-id=\"db45950\" data-element_type=\"section\">\n\t\t\t\t\t\t<div class=\"elementor-container elementor-column-gap-default\">\n\t\t\t\t\t<div class=\"elementor-column elementor-col-25 elementor-top-column elementor-element elementor-element-e79bde1\" data-id=\"e79bde1\" data-element_type=\"column\">\n\t\t\t<div class=\"elementor-widget-wrap elementor-element-populated\">\n\t\t\t\t\t\t\t\t<div class=\"elementor-element elementor-element-3a9f640 elementor-widget__width-initial elementor-widget elementor-widget-image\" data-id=\"3a9f640\" data-element_type=\"widget\" data-widget_type=\"image.default\">\n\t\t\t\t<div class=\"elementor-widget-container\">\n\t\t\t<style>\/*! elementor - v3.18.0 - 20-12-2023 *\/\n.elementor-widget-image{text-align:center}.elementor-widget-image a{display:inline-block}.elementor-widget-image a img[src$=\".svg\"]{width:48px}.elementor-widget-image img{vertical-align:middle;display:inline-block}<\/style>\t\t\t\t\t\t\t\t\t\t\t\t\t<a href=\"#\" target=\"_blank\">\n\t\t\t\t\t\t\t<img fetchpriority=\"high\" decoding=\"async\" width=\"1536\" height=\"463\" src=\"https:\/\/dihse.es\/wp-content\/uploads\/2024\/11\/Interreg-Logo-Espana-Portugal-CMYK-Color-03-1536x463.jpg\" class=\"attachment-1536x1536 size-1536x1536 wp-image-3637\" alt=\"\" srcset=\"https:\/\/dihse.es\/wp-content\/uploads\/2024\/11\/Interreg-Logo-Espana-Portugal-CMYK-Color-03-1536x463.jpg 1536w, https:\/\/dihse.es\/wp-content\/uploads\/2024\/11\/Interreg-Logo-Espana-Portugal-CMYK-Color-03-300x90.jpg 300w, https:\/\/dihse.es\/wp-content\/uploads\/2024\/11\/Interreg-Logo-Espana-Portugal-CMYK-Color-03-1024x309.jpg 1024w, https:\/\/dihse.es\/wp-content\/uploads\/2024\/11\/Interreg-Logo-Espana-Portugal-CMYK-Color-03-768x232.jpg 768w, https:\/\/dihse.es\/wp-content\/uploads\/2024\/11\/Interreg-Logo-Espana-Portugal-CMYK-Color-03.jpg 1903w\" sizes=\"(max-width: 1536px) 100vw, 1536px\" \/>\t\t\t\t\t\t\t\t<\/a>\n\t\t\t\t\t\t\t\t\t\t\t\t\t\t\t<\/div>\n\t\t\t\t<\/div>\n\t\t\t\t\t<\/div>\n\t\t<\/div>\n\t\t\t\t<div class=\"elementor-column elementor-col-25 elementor-top-column elementor-element elementor-element-19d1c58\" data-id=\"19d1c58\" data-element_type=\"column\">\n\t\t\t<div class=\"elementor-widget-wrap elementor-element-populated\">\n\t\t\t\t\t\t\t\t<div class=\"elementor-element elementor-element-c4c421c elementor-widget__width-initial elementor-widget elementor-widget-image\" data-id=\"c4c421c\" data-element_type=\"widget\" data-widget_type=\"image.default\">\n\t\t\t\t<div class=\"elementor-widget-container\">\n\t\t\t\t\t\t\t\t\t\t\t\t\t\t\t<img decoding=\"async\" width=\"300\" height=\"136\" src=\"https:\/\/dihse.es\/wp-content\/uploads\/2025\/11\/Diputacion-Zamora-Logo-2020-2H-color-1-300x136-1.png\" class=\"attachment-1536x1536 size-1536x1536 wp-image-11570\" alt=\"\" \/>\t\t\t\t\t\t\t\t\t\t\t\t\t\t\t<\/div>\n\t\t\t\t<\/div>\n\t\t\t\t\t<\/div>\n\t\t<\/div>\n\t\t\t\t<div class=\"elementor-column elementor-col-25 elementor-top-column elementor-element elementor-element-6a0af16\" data-id=\"6a0af16\" data-element_type=\"column\">\n\t\t\t<div class=\"elementor-widget-wrap elementor-element-populated\">\n\t\t\t\t\t\t\t\t<div class=\"elementor-element elementor-element-f73a84b elementor-widget elementor-widget-image\" data-id=\"f73a84b\" data-element_type=\"widget\" data-widget_type=\"image.default\">\n\t\t\t\t<div class=\"elementor-widget-container\">\n\t\t\t\t\t\t\t\t\t\t\t\t\t\t\t<img decoding=\"async\" width=\"190\" height=\"67\" src=\"https:\/\/dihse.es\/wp-content\/uploads\/2025\/11\/logo.png\" class=\"attachment-1536x1536 size-1536x1536 wp-image-11576\" alt=\"\" \/>\t\t\t\t\t\t\t\t\t\t\t\t\t\t\t<\/div>\n\t\t\t\t<\/div>\n\t\t\t\t\t<\/div>\n\t\t<\/div>\n\t\t\t\t<div class=\"elementor-column elementor-col-25 elementor-top-column elementor-element elementor-element-148a4d1\" data-id=\"148a4d1\" data-element_type=\"column\">\n\t\t\t<div class=\"elementor-widget-wrap elementor-element-populated\">\n\t\t\t\t\t\t\t\t<div class=\"elementor-element elementor-element-3207dba elementor-widget elementor-widget-image\" data-id=\"3207dba\" data-element_type=\"widget\" data-widget_type=\"image.default\">\n\t\t\t\t<div class=\"elementor-widget-container\">\n\t\t\t\t\t\t\t\t\t\t\t\t\t\t\t<img loading=\"lazy\" decoding=\"async\" width=\"300\" height=\"123\" src=\"https:\/\/dihse.es\/wp-content\/uploads\/2025\/11\/Marca_Bragan_a_Assinatura_Complementar-300x123-1.jpg\" class=\"attachment-large size-large wp-image-11582\" alt=\"\" \/>\t\t\t\t\t\t\t\t\t\t\t\t\t\t\t<\/div>\n\t\t\t\t<\/div>\n\t\t\t\t\t<\/div>\n\t\t<\/div>\n\t\t\t\t\t\t\t<\/div>\n\t\t<\/section>\n\t\t\t\t<section class=\"elementor-section elementor-top-section elementor-element elementor-element-69960d7 elementor-section-content-middle elementor-section-boxed elementor-section-height-default elementor-section-height-default\" data-id=\"69960d7\" data-element_type=\"section\">\n\t\t\t\t\t\t<div class=\"elementor-container elementor-column-gap-default\">\n\t\t\t\t\t<div class=\"elementor-column elementor-col-25 elementor-top-column elementor-element elementor-element-13e0c4b\" data-id=\"13e0c4b\" data-element_type=\"column\">\n\t\t\t<div class=\"elementor-widget-wrap elementor-element-populated\">\n\t\t\t\t\t\t\t\t<div class=\"elementor-element elementor-element-a7a38fb elementor-widget elementor-widget-image\" data-id=\"a7a38fb\" data-element_type=\"widget\" data-widget_type=\"image.default\">\n\t\t\t\t<div class=\"elementor-widget-container\">\n\t\t\t\t\t\t\t\t\t\t\t\t\t\t\t\t<a href=\"#\" target=\"_blank\">\n\t\t\t\t\t\t\t<img loading=\"lazy\" decoding=\"async\" width=\"150\" height=\"150\" src=\"https:\/\/dihse.es\/wp-content\/uploads\/2025\/11\/Logo-CIM-5-05-1-1-300x292-1-150x150.png\" class=\"attachment-thumbnail size-thumbnail wp-image-11588\" alt=\"\" \/>\t\t\t\t\t\t\t\t<\/a>\n\t\t\t\t\t\t\t\t\t\t\t\t\t\t\t<\/div>\n\t\t\t\t<\/div>\n\t\t\t\t\t<\/div>\n\t\t<\/div>\n\t\t\t\t<div class=\"elementor-column elementor-col-25 elementor-top-column elementor-element elementor-element-e0658ca\" data-id=\"e0658ca\" data-element_type=\"column\">\n\t\t\t<div class=\"elementor-widget-wrap elementor-element-populated\">\n\t\t\t\t\t\t\t\t<div class=\"elementor-element elementor-element-8068458 elementor-widget elementor-widget-image\" data-id=\"8068458\" data-element_type=\"widget\" data-widget_type=\"image.default\">\n\t\t\t\t<div class=\"elementor-widget-container\">\n\t\t\t\t\t\t\t\t\t\t\t\t\t\t\t\t<a href=\"#\" target=\"_blank\">\n\t\t\t\t\t\t\t<img loading=\"lazy\" decoding=\"async\" width=\"630\" height=\"320\" src=\"https:\/\/dihse.es\/wp-content\/uploads\/2025\/11\/logo-vector-caja-rural-de-zamora-1.jpg\" class=\"attachment-1536x1536 size-1536x1536 wp-image-11594\" alt=\"\" srcset=\"https:\/\/dihse.es\/wp-content\/uploads\/2025\/11\/logo-vector-caja-rural-de-zamora-1.jpg 630w, https:\/\/dihse.es\/wp-content\/uploads\/2025\/11\/logo-vector-caja-rural-de-zamora-1-300x152.jpg 300w\" sizes=\"(max-width: 630px) 100vw, 630px\" \/>\t\t\t\t\t\t\t\t<\/a>\n\t\t\t\t\t\t\t\t\t\t\t\t\t\t\t<\/div>\n\t\t\t\t<\/div>\n\t\t\t\t\t<\/div>\n\t\t<\/div>\n\t\t\t\t<div class=\"elementor-column elementor-col-25 elementor-top-column elementor-element elementor-element-f00bc92\" data-id=\"f00bc92\" data-element_type=\"column\">\n\t\t\t<div class=\"elementor-widget-wrap elementor-element-populated\">\n\t\t\t\t\t\t\t\t<div class=\"elementor-element elementor-element-5102f04 elementor-widget elementor-widget-image\" data-id=\"5102f04\" data-element_type=\"widget\" data-widget_type=\"image.default\">\n\t\t\t\t<div class=\"elementor-widget-container\">\n\t\t\t\t\t\t\t\t\t\t\t\t\t\t\t<img loading=\"lazy\" decoding=\"async\" width=\"1024\" height=\"322\" src=\"https:\/\/dihse.es\/wp-content\/uploads\/2024\/11\/logo-Fundacio\u0301n-UBU-1024x322-1-1.jpg\" class=\"attachment-1536x1536 size-1536x1536 wp-image-3691\" alt=\"\" srcset=\"https:\/\/dihse.es\/wp-content\/uploads\/2024\/11\/logo-Fundacio\u0301n-UBU-1024x322-1-1.jpg 1024w, https:\/\/dihse.es\/wp-content\/uploads\/2024\/11\/logo-Fundacio\u0301n-UBU-1024x322-1-1-300x94.jpg 300w, https:\/\/dihse.es\/wp-content\/uploads\/2024\/11\/logo-Fundacio\u0301n-UBU-1024x322-1-1-768x242.jpg 768w\" sizes=\"(max-width: 1024px) 100vw, 1024px\" \/>\t\t\t\t\t\t\t\t\t\t\t\t\t\t\t<\/div>\n\t\t\t\t<\/div>\n\t\t\t\t\t<\/div>\n\t\t<\/div>\n\t\t\t\t<div class=\"elementor-column elementor-col-25 elementor-top-column elementor-element elementor-element-7bb57fb\" data-id=\"7bb57fb\" data-element_type=\"column\">\n\t\t\t<div class=\"elementor-widget-wrap elementor-element-populated\">\n\t\t\t\t\t\t\t\t<div class=\"elementor-element elementor-element-887d0b4 elementor-widget elementor-widget-image\" data-id=\"887d0b4\" data-element_type=\"widget\" data-widget_type=\"image.default\">\n\t\t\t\t<div class=\"elementor-widget-container\">\n\t\t\t\t\t\t\t\t\t\t\t\t\t\t\t\t<a href=\"#\" target=\"_blank\">\n\t\t\t\t\t\t\t<img loading=\"lazy\" decoding=\"async\" width=\"150\" height=\"150\" src=\"https:\/\/dihse.es\/wp-content\/uploads\/2024\/11\/logo-territory-silver-economy-1-150x150.jpg\" class=\"attachment-thumbnail size-thumbnail wp-image-3700\" alt=\"\" \/>\t\t\t\t\t\t\t\t<\/a>\n\t\t\t\t\t\t\t\t\t\t\t\t\t\t\t<\/div>\n\t\t\t\t<\/div>\n\t\t\t\t\t<\/div>\n\t\t<\/div>\n\t\t\t\t\t\t\t<\/div>\n\t\t<\/section>\n\t\t\t\t\t\t\t<\/div>\n\t\t","protected":false},"excerpt":{"rendered":"<p>Previous Next Envejecimiento y Nueva Demograf\u00eda: Un Cambio de Paradigma An\u00e1lisis del impacto del envejecimiento en las estructuras econ\u00f3micas, sociales [&hellip;]<\/p>\n","protected":false},"author":7,"featured_media":0,"parent":0,"menu_order":0,"comment_status":"closed","ping_status":"closed","template":"","meta":{"footnotes":""},"class_list":["post-9761","page","type-page","status-publish","hentry"],"_links":{"self":[{"href":"https:\/\/dihse.es\/es\/wp-json\/wp\/v2\/pages\/9761","targetHints":{"allow":["GET"]}}],"collection":[{"href":"https:\/\/dihse.es\/es\/wp-json\/wp\/v2\/pages"}],"about":[{"href":"https:\/\/dihse.es\/es\/wp-json\/wp\/v2\/types\/page"}],"author":[{"embeddable":true,"href":"https:\/\/dihse.es\/es\/wp-json\/wp\/v2\/users\/7"}],"replies":[{"embeddable":true,"href":"https:\/\/dihse.es\/es\/wp-json\/wp\/v2\/comments?post=9761"}],"version-history":[{"count":57,"href":"https:\/\/dihse.es\/es\/wp-json\/wp\/v2\/pages\/9761\/revisions"}],"predecessor-version":[{"id":14576,"href":"https:\/\/dihse.es\/es\/wp-json\/wp\/v2\/pages\/9761\/revisions\/14576"}],"wp:attachment":[{"href":"https:\/\/dihse.es\/es\/wp-json\/wp\/v2\/media?parent=9761"}],"curies":[{"name":"wp","href":"https:\/\/api.w.org\/{rel}","templated":true}]}}